{"id":755169,"date":"2025-08-28T06:32:23","date_gmt":"2025-08-28T03:32:23","guid":{"rendered":"https:\/\/roveyayinevi.com.tr\/index.php\/urun\/dunyada-ve-turkiyede-jandarma-teskilatlarinda-donusum\/"},"modified":"2026-04-16T03:08:22","modified_gmt":"2026-04-16T00:08:22","slug":"dunyada-ve-turkiyede-jandarma-teskilatlarinda-donusum","status":"publish","type":"product","link":"https:\/\/roveyayinevi.com.tr\/index.php\/urun\/dunyada-ve-turkiyede-jandarma-teskilatlarinda-donusum\/","title":{"rendered":"D\u00fcnyada ve T\u00fcrkiyede Jandarma Te\u015fkilatlar\u0131nda D\u00f6n\u00fc\u015f\u00fcm"},"content":{"rendered":"<p>Genelde d\u00fcnya jandarma te\u015fkilatlar\u0131ndaki de\u011fi\u015fimi ele alan bu \u00e7al\u0131\u015fma, \u00f6zel olarak T\u00fcrk ve Frans\u0131z Jandarmalar\u0131nda ger\u00e7ekle\u015ftirilen yap\u0131sal reformlar ve sonras\u0131nda meydana gelen d\u00f6n\u00fc\u015f\u00fcmler kar\u015f\u0131l\u0131kl\u0131 olarak irdelemektedir. Zira, T\u00fcrk ve Frans\u0131z Jandarma te\u015fkilatlar\u0131 gerek tarihi ge\u00e7mi\u015fleri, imk\u00e2n ve kabiliyetleri ile profesyonel personel say\u0131lar\u0131 a\u00e7\u0131s\u0131ndan di\u011fer jandarma te\u015fkilatlar\u0131na \u00f6rneklik te\u015fkil eden ve birbirine olduk\u00e7a benzeyen iki k\u00f6kl\u00fc jandarma te\u015fkilat\u0131 \u00f6zelli\u011fi g\u00f6stermektedir. Bu kar\u015f\u0131l\u0131kl\u0131 \u00e7al\u0131\u015fmada Frans\u0131z Jandarmas\u0131n\u0131n 2009 y\u0131l\u0131nda ve devam\u0131nda yap\u0131lan yasal d\u00fczenlemelerle savunma bakanl\u0131\u011f\u0131ndan kopar\u0131larak \u0130\u00e7i\u015fleri Bakanl\u0131\u011f\u0131na ba\u011fland\u0131\u011f\u0131, bununla birlikte, bilindi\u011finin aksine, jandarman\u0131n kurulu\u015fundan itibaren var olan askeri stat\u00fcs\u00fcn\u00fcn yasal olarak g\u00fcvence alt\u0131na al\u0131nd\u0131\u011f\u0131, jandarman\u0131n ba\u015fta e\u011fitim ve disiplin olmak \u00fczere bir\u00e7ok a\u00e7\u0131dan savunma bakanl\u0131\u011f\u0131na ba\u011fl\u0131l\u0131\u011f\u0131n\u0131n korundu\u011fu g\u00f6r\u00fclmektedir. B\u00f6ylelikle, Frans\u0131zca yak\u0131nla\u015fma (rapprochement) olarak ifade edilen jandarma reformunda jandarman\u0131n bir yandan asker di\u011fer yandan kolluk te\u015fkilat\u0131 olarak geleneksel yap\u0131s\u0131n\u0131n muhafaza edilmeye \u00e7al\u0131\u015f\u0131ld\u0131\u011f\u0131 s\u00f6ylenilebilir. Buna kar\u015f\u0131l\u0131k, T\u00fcrkiye\u2019de yo\u011fun olarak 25 Temmuz 2016 ve devam\u0131nda ger\u00e7ekle\u015ftirilen T\u00fcrk Jandarma reformunda ise, Jandarma Te\u015fkilat\u0131 t\u00fcm y\u00f6nleriyle \u0130\u00e7i\u015fleri Bakanl\u0131\u011f\u0131na ba\u011flanm\u0131\u015f, askeri stat\u00fcs\u00fc kald\u0131r\u0131larak, te\u015fkilatlanma, kulland\u0131\u011f\u0131 standartlar, ara\u00e7 gere\u00e7, e\u011fitim, disiplin ve denetimi a\u00e7\u0131s\u0131ndan T\u00fcrk Polis Te\u015fkilat\u0131 ile adeta e\u015fitlenmi\u015ftir.  B\u00f6ylelikle, Fransa\u2019da g\u00f6r\u00fcld\u00fc\u011f\u00fcn\u00fcn aksine T\u00fcrk Jandarma reformunda jandarman\u0131n bir yandan asker di\u011fer yandan genel kolluk olma durumuna son verilmi\u015f: Jandarman\u0131n bir yandan Genelkurmay Ba\u015fkanl\u0131\u011f\u0131na ba\u011fl\u0131 iken di\u011fer yandan \u0130\u00e7i\u015fleri Bakanl\u0131\u011f\u0131na ba\u011fl\u0131 oldu\u011fu nevi \u015fahs\u0131na m\u00fcnhas\u0131r karma\u015f\u0131k ba\u011fl\u0131l\u0131k yap\u0131s\u0131 kald\u0131r\u0131lm\u0131\u015f, genel kolluk olarak sevk ve idaresi kuvvetlendirilmi\u015ftir.<\/p>\n","protected":false},"excerpt":{"rendered":"<p>Genelde d\u00fcnya jandarma te\u015fkilatlar\u0131ndaki de\u011fi\u015fimi ele alan bu \u00e7al\u0131\u015fma, \u00f6zel olarak T\u00fcrk ve Frans\u0131z Jandarmalar\u0131nda ger\u00e7ekle\u015ftirilen yap\u0131sal reformlar ve sonras\u0131nda meydana gelen d\u00f6n\u00fc\u015f\u00fcmler kar\u015f\u0131l\u0131kl\u0131 olarak irdelemektedir.<span class=\"excerpt-hellip\"> [\u2026]<\/span><\/p>\n","protected":false},"featured_media":0,"template":"","meta":{"_monsterinsights_skip_tracking":false,"_monsterinsights_sitenote_active":false,"_monsterinsights_sitenote_note":"","_monsterinsights_sitenote_category":0},"product_brand":[],"product_cat":[12312,12304],"product_tag":[],"class_list":{"0":"post-755169","1":"product","2":"type-product","3":"status-publish","5":"product_cat-diger","6":"product_cat-tarih","7":"pa_cilt-ciltsiz","8":"pa_tur-kitap","9":"pa_yayinevi-tiav","10":"pa_yazar-olgun-altundas","12":"first","13":"instock","14":"sale","15":"shipping-taxable","16":"purchasable","17":"product-type-simple"},"_links":{"self":[{"href":"https:\/\/roveyayinevi.com.tr\/index.php\/wp-json\/wp\/v2\/product\/755169","targetHints":{"allow":["GET"]}}],"collection":[{"href":"https:\/\/roveyayinevi.com.tr\/index.php\/wp-json\/wp\/v2\/product"}],"about":[{"href":"https:\/\/roveyayinevi.com.tr\/index.php\/wp-json\/wp\/v2\/types\/product"}],"wp:attachment":[{"href":"https:\/\/roveyayinevi.com.tr\/index.php\/wp-json\/wp\/v2\/media?parent=755169"}],"wp:term":[{"taxonomy":"product_brand","embeddable":true,"href":"https:\/\/roveyayinevi.com.tr\/index.php\/wp-json\/wp\/v2\/product_brand?post=755169"},{"taxonomy":"product_cat","embeddable":true,"href":"https:\/\/roveyayinevi.com.tr\/index.php\/wp-json\/wp\/v2\/product_cat?post=755169"},{"taxonomy":"product_tag","embeddable":true,"href":"https:\/\/roveyayinevi.com.tr\/index.php\/wp-json\/wp\/v2\/product_tag?post=755169"}],"curies":[{"name":"wp","href":"https:\/\/api.w.org\/{rel}","templated":true}]}}