{"id":755165,"date":"2025-08-28T06:32:19","date_gmt":"2025-08-28T03:32:19","guid":{"rendered":"https:\/\/roveyayinevi.com.tr\/index.php\/urun\/osmanlida-ermeni-ve-rum-mallarinin-turklestirilmesi-1914-1919\/"},"modified":"2025-11-21T09:45:18","modified_gmt":"2025-11-21T06:45:18","slug":"osmanlida-ermeni-ve-rum-mallarinin-turklestirilmesi-1914-1919","status":"publish","type":"product","link":"https:\/\/roveyayinevi.com.tr\/index.php\/urun\/osmanlida-ermeni-ve-rum-mallarinin-turklestirilmesi-1914-1919\/","title":{"rendered":"Osmanl\u0131\u2019da Ermeni ve Rum Mallar\u0131n\u0131n T\u00fcrkle\u015ftirilmesi (1914-1919)"},"content":{"rendered":"<p>Nevzat Onaran, T\u00fcrk devletini temellendiren \u0130ttihat ve Terakki&#8217;nin \u2018merkeziyet\u00e7i ve T\u00fcrk\u00e7\u00fc\u2019 ekonomi politi\u011fini ara\u015ft\u0131rd\u0131. Abd\u00fclhamid&#8217;in istibdat rejimini ala\u015fa\u011f\u0131 eden 1908 Devrimi, krizi \u00e7\u00f6z\u00fcmleyecek y\u00f6nde derinle\u015femedi. \u0130ttihat ve Terakki h\u00fck\u00fcmeti, 1913 Ocak darbesi sonras\u0131nda adem-i merkeziyet\u00e7ili\u011fe kar\u015f\u0131 \u2018merkeziyet\u00e7i\u2019 ve \u00e7oklu kimli\u011fe kar\u015f\u0131 \u2018T\u00fcrk\u00e7\u00fc\u2019 politikas\u0131n\u0131, milleten T\u00fcrk ve dinen S\u00fcnni \u0130slam olmayan\u0131n imhas\u0131 ve tasfiyesi temelinde olu\u015fturdu. Osmanl\u0131 ordusunu Alman generaline ve maliyesini Alman mark\u0131na teslim eden \u0130ttihat ve Terakki h\u00fck\u00fcmeti, emperyalist payla\u015f\u0131m sava\u015f\u0131nda Osmanl\u0131 tabiiyetindeki H\u0131ristiyanlara uygulad\u0131\u011f\u0131 s\u00fcrg\u00fcn ve ya\u011fma politikas\u0131yla \u2018d\u00e2hili sava\u015f\u0131n\u2019 da taraf\u0131yd\u0131. <\/p>\n","protected":false},"excerpt":{"rendered":"<p>Nevzat Onaran, T\u00fcrk devletini temellendiren \u0130ttihat ve Terakki&#8217;nin \u2018merkeziyet\u00e7i ve T\u00fcrk\u00e7\u00fc\u2019 ekonomi politi\u011fini ara\u015ft\u0131rd\u0131. Abd\u00fclhamid&#8217;in istibdat rejimini ala\u015fa\u011f\u0131 eden 1908 Devrimi, krizi \u00e7\u00f6z\u00fcmleyecek y\u00f6nde derinle\u015femedi. \u0130ttihat<span class=\"excerpt-hellip\"> [\u2026]<\/span><\/p>\n","protected":false},"featured_media":0,"template":"","meta":{"_monsterinsights_skip_tracking":false,"_monsterinsights_sitenote_active":false,"_monsterinsights_sitenote_note":"","_monsterinsights_sitenote_category":0},"product_brand":[],"product_cat":[13517,12304],"product_tag":[],"class_list":{"0":"post-755165","1":"product","2":"type-product","3":"status-publish","5":"product_cat-osmanli-tarihi","6":"product_cat-tarih","7":"pa_cilt-ciltsiz","8":"pa_tur-kitap","9":"pa_yayinevi-kor-kitap","10":"pa_yazar-nevzat-onaran","12":"first","13":"instock","14":"sale","15":"shipping-taxable","16":"purchasable","17":"product-type-simple"},"_links":{"self":[{"href":"https:\/\/roveyayinevi.com.tr\/index.php\/wp-json\/wp\/v2\/product\/755165","targetHints":{"allow":["GET"]}}],"collection":[{"href":"https:\/\/roveyayinevi.com.tr\/index.php\/wp-json\/wp\/v2\/product"}],"about":[{"href":"https:\/\/roveyayinevi.com.tr\/index.php\/wp-json\/wp\/v2\/types\/product"}],"wp:attachment":[{"href":"https:\/\/roveyayinevi.com.tr\/index.php\/wp-json\/wp\/v2\/media?parent=755165"}],"wp:term":[{"taxonomy":"product_brand","embeddable":true,"href":"https:\/\/roveyayinevi.com.tr\/index.php\/wp-json\/wp\/v2\/product_brand?post=755165"},{"taxonomy":"product_cat","embeddable":true,"href":"https:\/\/roveyayinevi.com.tr\/index.php\/wp-json\/wp\/v2\/product_cat?post=755165"},{"taxonomy":"product_tag","embeddable":true,"href":"https:\/\/roveyayinevi.com.tr\/index.php\/wp-json\/wp\/v2\/product_tag?post=755165"}],"curies":[{"name":"wp","href":"https:\/\/api.w.org\/{rel}","templated":true}]}}