{"id":754930,"date":"2025-08-28T06:25:42","date_gmt":"2025-08-28T03:25:42","guid":{"rendered":"https:\/\/roveyayinevi.com.tr\/index.php\/urun\/yesil-papaganlar-nereden-geldi\/"},"modified":"2026-04-16T03:08:16","modified_gmt":"2026-04-16T00:08:16","slug":"yesil-papaganlar-nereden-geldi","status":"publish","type":"product","link":"https:\/\/roveyayinevi.com.tr\/index.php\/urun\/yesil-papaganlar-nereden-geldi\/","title":{"rendered":"Ye\u015fil Papa\u011fanlar Nereden Geldi?"},"content":{"rendered":"<p>Bu sabah, parktaki ku\u015flar\u0131n merak etti\u011fi bir \u015fey var:\u015eehrin her yerini saran ye\u015fil papa\u011fanlar nereden geldi? Kendilerinden olduk\u00e7a farkl\u0131 g\u00f6r\u00fcnen bu ku\u015flarla parklar\u0131n\u0131 art\u0131k payla\u015fmak istemiyorlar. Onlar\u0131 geldikleri yere geri g\u00f6ndermek i\u00e7inbir planlar\u0131 var. Acaba bu plan i\u015fe yarayabilecek mi? Daha da \u00f6nemlisi, ku\u015flar yapt\u0131klar\u0131 bu plan\u0131n ger\u00e7ekten i\u015fe yaramas\u0131n\u0131 isteyecek mi?\u201cYe\u015fil Papa\u011fanlar Nereden Geldi?\u201d renklerimiz ne olursa olsung\u00fcn\u00fcn sonunda ayn\u0131 ya\u011fmurda \u0131sland\u0131\u011f\u0131m\u0131z\u0131n \u00f6yk\u00fcs\u00fc. <\/p>\n","protected":false},"excerpt":{"rendered":"<p>Bu sabah, parktaki ku\u015flar\u0131n merak etti\u011fi bir \u015fey var:\u015eehrin her yerini saran ye\u015fil papa\u011fanlar nereden geldi? Kendilerinden olduk\u00e7a farkl\u0131 g\u00f6r\u00fcnen bu ku\u015flarla parklar\u0131n\u0131 art\u0131k payla\u015fmak istemiyorlar.<span class=\"excerpt-hellip\"> [\u2026]<\/span><\/p>\n","protected":false},"featured_media":0,"template":"","meta":{"_monsterinsights_skip_tracking":false,"_monsterinsights_sitenote_active":false,"_monsterinsights_sitenote_note":"","_monsterinsights_sitenote_category":0},"product_brand":[],"product_cat":[12274,12518],"product_tag":[],"class_list":{"0":"post-754930","1":"product","2":"type-product","3":"status-publish","5":"product_cat-cocuk-ve-genclik-kitaplari","6":"product_cat-okul-oncesi-kitaplar","7":"pa_cilt-ciltsiz","8":"pa_tur-kitap","9":"pa_yayinevi-fom-kitap","10":"pa_yazar-betul-ilter","12":"first","13":"instock","14":"sale","15":"shipping-taxable","16":"purchasable","17":"product-type-simple"},"_links":{"self":[{"href":"https:\/\/roveyayinevi.com.tr\/index.php\/wp-json\/wp\/v2\/product\/754930","targetHints":{"allow":["GET"]}}],"collection":[{"href":"https:\/\/roveyayinevi.com.tr\/index.php\/wp-json\/wp\/v2\/product"}],"about":[{"href":"https:\/\/roveyayinevi.com.tr\/index.php\/wp-json\/wp\/v2\/types\/product"}],"wp:attachment":[{"href":"https:\/\/roveyayinevi.com.tr\/index.php\/wp-json\/wp\/v2\/media?parent=754930"}],"wp:term":[{"taxonomy":"product_brand","embeddable":true,"href":"https:\/\/roveyayinevi.com.tr\/index.php\/wp-json\/wp\/v2\/product_brand?post=754930"},{"taxonomy":"product_cat","embeddable":true,"href":"https:\/\/roveyayinevi.com.tr\/index.php\/wp-json\/wp\/v2\/product_cat?post=754930"},{"taxonomy":"product_tag","embeddable":true,"href":"https:\/\/roveyayinevi.com.tr\/index.php\/wp-json\/wp\/v2\/product_tag?post=754930"}],"curies":[{"name":"wp","href":"https:\/\/api.w.org\/{rel}","templated":true}]}}