{"id":754748,"date":"2025-08-28T06:19:48","date_gmt":"2025-08-28T03:19:48","guid":{"rendered":"https:\/\/roveyayinevi.com.tr\/index.php\/urun\/mardin-ilinin-iktisadi-ve-sosyal-acidan-gelisimi-1950-2000\/"},"modified":"2026-04-16T03:07:57","modified_gmt":"2026-04-16T00:07:57","slug":"mardin-ilinin-iktisadi-ve-sosyal-acidan-gelisimi-1950-2000","status":"publish","type":"product","link":"https:\/\/roveyayinevi.com.tr\/index.php\/urun\/mardin-ilinin-iktisadi-ve-sosyal-acidan-gelisimi-1950-2000\/","title":{"rendered":"Mardin \u0130linin \u0130ktisadi ve Sosyal A\u00e7\u0131dan Geli\u015fimi (1950-2000)"},"content":{"rendered":"<p>Geli\u015fme, iktisadi ve sosyal a\u00e7\u0131dan bir b\u00fct\u00fcn oldu\u011funa g\u00f6re, toplumun ve iktisad\u0131n zaman ve mekan i\u00e7erisinde devaml\u0131l\u0131\u011f\u0131\/s\u00fcreklili\u011fi bulunmaktad\u0131r.   Bundan dolay\u0131 ge\u00e7mi\u015f d\u00f6nemlerin iktisadi ve sosyal yap\u0131lar\u0131, g\u00fcn\u00fcm\u00fczdeki yap\u0131lar\u0131 belirlemede b\u00fcy\u00fck bir etken olmaktad\u0131r. Bu gerek\u00e7elerden yola \u00e7\u0131k\u0131larak, bu \u00e7al\u0131\u015fmada; ba\u015flang\u0131\u00e7tan Cumhuriyet T\u00fcrkiye\u2019sine kadar Mardin\u2019in iktisadi ve sosyal geli\u015fimi ana hatlar\u0131 ile \u00f6zetlenmeye \u00e7al\u0131\u015f\u0131lm\u0131\u015ft\u0131r. Ele al\u0131nan d\u00f6nem (1950-2000) \u00fczerinde de yo\u011funla\u015fm\u0131\u015ft\u0131r.   Ama\u00e7 Mardin ilinin ge\u00e7mi\u015f d\u00f6nemleri aras\u0131nda mukayese yapmak olmay\u0131p, ele al\u0131nan d\u00f6nemin ge\u00e7mi\u015fteki k\u0131r\u0131lma noktalar\u0131n\u0131n g\u00fcn\u00fcm\u00fcz sosyo-ekonomik hayat\u0131na yans\u0131malar\u0131n\u0131 objektif bir \u015fekilde ortaya koymakt\u0131r..   Bu bak\u0131mdan her ne kadar \u00e7al\u0131\u015fmam\u0131zda zaman, mekan ve kapsam a\u00e7\u0131s\u0131ndan s\u0131n\u0131r getirilmi\u015f olsa da Mardin ve y\u00f6resinin Merkez konumundan alt merkez konumuna d\u00fc\u015f\u00fcren; I. D\u00fcnya sava\u015f\u0131 \u00f6ncesindeki konumuna de\u011finilmeden sadece ele al\u0131nan d\u00f6nem \u00fczerinde yo\u011funla\u015fmak, ekonomik ve sosyal yap\u0131y\u0131 de\u011ferlendirmede eksik kalaca\u011f\u0131 kanaatine var\u0131lm\u0131\u015ft\u0131r..   Ele al\u0131nan d\u00f6nemde Mardin ilinde sosyo-ekonomik a\u00e7\u0131dan olumlu geli\u015fmeler olmu\u015ftur. Ancak bu geli\u015fme s\u00fcreci tamamlanamad\u0131\u011f\u0131ndan \u00fclke ortalamas\u0131 ile k\u0131yasland\u0131\u011f\u0131nda ortalaman\u0131n olduk\u00e7a gerilerinde kalmakta oldu\u011fu g\u00f6zlenmi\u015ftir.   Mardin\u2019in geli\u015fme s\u00fcrecini tamamlayabilmesi i\u00e7in b\u00fcnyesinde bar\u0131nd\u0131rd\u0131\u011f\u0131 tar\u0131m, hayvanc\u0131l\u0131k, sanayi, madencilik turizm, ticaret, ula\u015ft\u0131rma- haberle\u015fme alanlar\u0131nda y\u00fcksek potansiyele sahip oldu\u011fu ve bu potansiyelin hayata ge\u00e7irildi\u011fi taktirde milli ekonomiye de katk\u0131 sa\u011flayaca\u011f\u0131 d\u00fc\u015f\u00fcn\u00fclmektedir. Bu potansiyel alanlar ve \u00f6nerilerimiz, \u201c\u00d6neriler\u201d ba\u015fl\u0131\u011f\u0131 alt\u0131nda s\u0131ralanm\u0131\u015ft\u0131r.<\/p>\n","protected":false},"excerpt":{"rendered":"<p>Geli\u015fme, iktisadi ve sosyal a\u00e7\u0131dan bir b\u00fct\u00fcn oldu\u011funa g\u00f6re, toplumun ve iktisad\u0131n zaman ve mekan i\u00e7erisinde devaml\u0131l\u0131\u011f\u0131\/s\u00fcreklili\u011fi bulunmaktad\u0131r. Bundan dolay\u0131 ge\u00e7mi\u015f d\u00f6nemlerin iktisadi ve sosyal yap\u0131lar\u0131,<span class=\"excerpt-hellip\"> [\u2026]<\/span><\/p>\n","protected":false},"featured_media":0,"template":"","meta":{"_monsterinsights_skip_tracking":false,"_monsterinsights_sitenote_active":false,"_monsterinsights_sitenote_note":"","_monsterinsights_sitenote_category":0},"product_brand":[],"product_cat":[12573,12566],"product_tag":[],"class_list":{"0":"post-754748","1":"product","2":"type-product","3":"status-publish","5":"product_cat-akademik-kitaplar","6":"product_cat-egitim","7":"pa_cilt-ciltsiz","8":"pa_tur-kitap","9":"pa_yayinevi-platanus-publishing","10":"pa_yazar-abdurrauf-aydin","12":"first","13":"instock","14":"sale","15":"shipping-taxable","16":"purchasable","17":"product-type-simple"},"_links":{"self":[{"href":"https:\/\/roveyayinevi.com.tr\/index.php\/wp-json\/wp\/v2\/product\/754748","targetHints":{"allow":["GET"]}}],"collection":[{"href":"https:\/\/roveyayinevi.com.tr\/index.php\/wp-json\/wp\/v2\/product"}],"about":[{"href":"https:\/\/roveyayinevi.com.tr\/index.php\/wp-json\/wp\/v2\/types\/product"}],"wp:attachment":[{"href":"https:\/\/roveyayinevi.com.tr\/index.php\/wp-json\/wp\/v2\/media?parent=754748"}],"wp:term":[{"taxonomy":"product_brand","embeddable":true,"href":"https:\/\/roveyayinevi.com.tr\/index.php\/wp-json\/wp\/v2\/product_brand?post=754748"},{"taxonomy":"product_cat","embeddable":true,"href":"https:\/\/roveyayinevi.com.tr\/index.php\/wp-json\/wp\/v2\/product_cat?post=754748"},{"taxonomy":"product_tag","embeddable":true,"href":"https:\/\/roveyayinevi.com.tr\/index.php\/wp-json\/wp\/v2\/product_tag?post=754748"}],"curies":[{"name":"wp","href":"https:\/\/api.w.org\/{rel}","templated":true}]}}