{"id":754445,"date":"2025-08-28T06:11:20","date_gmt":"2025-08-28T03:11:20","guid":{"rendered":"https:\/\/roveyayinevi.com.tr\/index.php\/urun\/jon-turkluk-ve-kemalizm-kiskacinda-ittihadcilik\/"},"modified":"2026-04-16T03:07:50","modified_gmt":"2026-04-16T00:07:50","slug":"jon-turkluk-ve-kemalizm-kiskacinda-ittihadcilik","status":"publish","type":"product","link":"https:\/\/roveyayinevi.com.tr\/index.php\/urun\/jon-turkluk-ve-kemalizm-kiskacinda-ittihadcilik\/","title":{"rendered":"J\u00f6n T\u00fcrkl\u00fck ve Kemalizm K\u0131skac\u0131nda \u0130ttihad\u00e7\u0131l\u0131k"},"content":{"rendered":"<p>Tarihteki baz\u0131 cemiyet, \u015fah\u0131s, hareket ve hadiselerin tarihte kalmama, tesirlerini bug\u00fcn ve yar\u0131nda da hissettirme gibi bir \u00f6zellikleri vard\u0131r. Bug\u00fcnk\u00fc tesirlerinden hareket edersek, \u0130ttihad ve Terakki Cemiyeti (\u0130TC) ve \u0130ttihad\u00e7\u0131lar\u0131n gelecek as\u0131rlarda da siyasi g\u00fcndemin en \u00f6nemli belirleyicilerinden biri olaca\u011f\u0131 s\u00f6ylenebilir. J\u00f6n T\u00fcrkl\u00fck ve Kemalizm K\u0131skac\u0131nda \u0130ttihad\u00e7\u0131l\u0131k kitab\u0131n\u0131n en \u00f6nemli tezi, \u00fczerinde ya\u015fad\u0131\u011f\u0131m\u0131z vatan topraklar\u0131n\u0131n, hatta T\u00fcrk Milleti\u2019nin bekas\u0131n\u0131n \u0130ttihad\u00e7\u0131lar taraf\u0131ndan temin edildi\u011fidir. Bu ger\u00e7e\u011fin her t\u00fcrl\u00fc \u00f6nyarg\u0131ya ve bilgi kirlili\u011fine ra\u011fmen ge\u00e7 de olsa tespit ve teslim edilmeye ba\u015flanmas\u0131, \u0130ttihad\u00e7\u0131lar hakk\u0131ndaki objektif ve hakkaniyetli de\u011ferlendirmelerin g\u00fcn ge\u00e7tik\u00e7e daha da artaca\u011f\u0131n\u0131n bir i\u015fareti olarak g\u00f6r\u00fclmelidir. \u0130ttihad\u00e7\u0131lar hakk\u0131nda bug\u00fcne kadar sorgulanmadan tekrarlanan \u201cdin d\u00fc\u015fman\u0131, Siyonist u\u015fa\u011f\u0131, Mason, darbeci ve komitac\u0131, imparatorlu\u011fu bat\u0131rmak i\u00e7in Abd\u00fclhamid\u2019i tahttan indiren, bununla yetinmeyip Almanya\u2019n\u0131n kuyru\u011fu olarak devleti I. D\u00fcnya Harbi\u2019ne sokarak milyonlarca vatan evlad\u0131n\u0131n hayat\u0131n\u0131 kaybetmesine, \u00fcstelik Anadolu\u2019nun dahi i\u015fgaline sebebiyet veren u\u011fursuz, hay\u0131rs\u0131z, zalim ve hainler\u201d gibi tavsif ve ithamlar\u0131n ger\u00e7ekle ni\u00e7in \u00f6rt\u00fc\u015fmedi\u011fini ortaya koyan \u0130smail K\u00fc\u00e7\u00fckk\u0131l\u0131n\u00e7, art\u0131k \u201c\u00f6nyarg\u0131\u201d seviyesine y\u00fckselen bu gibi d\u00fc\u015f\u00fcnceleri b\u00fcy\u00fck bir sab\u0131r ve titizlikle tek tek cevapl\u0131yor. Olduk\u00e7a geni\u015f bir literat\u00fcr \u00e7al\u0131\u015fmas\u0131yla bu \u00f6nyarg\u0131lar\u0131n k\u00f6kenine inerek iddialar\u0131 \u201c\u00e7\u00fcr\u00fcten\u201d \u0130smail K\u00fc\u00e7\u00fckk\u0131l\u0131n\u00e7, \u0130ttihad ve Terakki Cemiyeti\u2019nin siyasi faaliyetlerini ve \u0130ttihad\u00e7\u0131lar\u0131n kendi aralar\u0131ndaki ili\u015fkileri geni\u015f bir \u201csiyasi uzla\u015fma k\u00fclt\u00fcr\u00fc\u201d perspektifinden okuyarak bug\u00fcnk\u00fc g\u00fcncel meselelere de \u0131\u015f\u0131k tutacak tahliller yap\u0131yor.<\/p>\n","protected":false},"excerpt":{"rendered":"<p>Tarihteki baz\u0131 cemiyet, \u015fah\u0131s, hareket ve hadiselerin tarihte kalmama, tesirlerini bug\u00fcn ve yar\u0131nda da hissettirme gibi bir \u00f6zellikleri vard\u0131r. Bug\u00fcnk\u00fc tesirlerinden hareket edersek, \u0130ttihad ve Terakki<span class=\"excerpt-hellip\"> [\u2026]<\/span><\/p>\n","protected":false},"featured_media":0,"template":"","meta":{"_monsterinsights_skip_tracking":false,"_monsterinsights_sitenote_active":false,"_monsterinsights_sitenote_note":"","_monsterinsights_sitenote_category":0},"product_brand":[],"product_cat":[12304,13493],"product_tag":[],"class_list":{"0":"post-754445","1":"product","2":"type-product","3":"status-publish","5":"product_cat-tarih","6":"product_cat-turkiye-ve-cumhuriyet-tarihi","7":"pa_cilt-ciltsiz","8":"pa_tur-kitap","9":"pa_yayinevi-divan-kitap","10":"pa_yazar-ismail-kucukkilinc","12":"first","13":"instock","14":"sale","15":"shipping-taxable","16":"purchasable","17":"product-type-simple"},"_links":{"self":[{"href":"https:\/\/roveyayinevi.com.tr\/index.php\/wp-json\/wp\/v2\/product\/754445","targetHints":{"allow":["GET"]}}],"collection":[{"href":"https:\/\/roveyayinevi.com.tr\/index.php\/wp-json\/wp\/v2\/product"}],"about":[{"href":"https:\/\/roveyayinevi.com.tr\/index.php\/wp-json\/wp\/v2\/types\/product"}],"wp:attachment":[{"href":"https:\/\/roveyayinevi.com.tr\/index.php\/wp-json\/wp\/v2\/media?parent=754445"}],"wp:term":[{"taxonomy":"product_brand","embeddable":true,"href":"https:\/\/roveyayinevi.com.tr\/index.php\/wp-json\/wp\/v2\/product_brand?post=754445"},{"taxonomy":"product_cat","embeddable":true,"href":"https:\/\/roveyayinevi.com.tr\/index.php\/wp-json\/wp\/v2\/product_cat?post=754445"},{"taxonomy":"product_tag","embeddable":true,"href":"https:\/\/roveyayinevi.com.tr\/index.php\/wp-json\/wp\/v2\/product_tag?post=754445"}],"curies":[{"name":"wp","href":"https:\/\/api.w.org\/{rel}","templated":true}]}}