{"id":754418,"date":"2025-08-28T06:09:58","date_gmt":"2025-08-28T03:09:58","guid":{"rendered":"https:\/\/roveyayinevi.com.tr\/index.php\/urun\/yillik-1923-ciltli\/"},"modified":"2026-04-16T03:07:49","modified_gmt":"2026-04-16T00:07:49","slug":"yillik-1923-ciltli","status":"publish","type":"product","link":"https:\/\/roveyayinevi.com.tr\/index.php\/urun\/yillik-1923-ciltli\/","title":{"rendered":"Y\u0131ll\u0131k 1923 (Ciltli)"},"content":{"rendered":"<p>\u00dclkemizin 100. Y\u0131l\u0131na \u00f6zel yap\u0131lan \u00e7al\u0131\u015fmalara Anadolu Ajans\u0131 olarak bir dizi \u00e7al\u0131\u015fmalar\u0131 ile katk\u0131 sa\u011flamaktay\u0131z. Bu kitap \u00e7al\u0131\u015fmalar\u0131ndan bir tanesi ise \u201cYILLIK 1923\u201d adl\u0131 eserdir. Kitab\u0131n amac\u0131 1923 y\u0131l\u0131nda hem T\u00fcrkiye\u2019de hem de D\u00fcnya\u2019da ya\u015fanan geli\u015fmeleri kronolojik olarak ele alarak g\u00fcn\u00fcm\u00fcze aktarmakt\u0131r. Kitapta sosyal, ekonomik, politik ve k\u00fclt\u00fcrel alanlarda meydana gelen geli\u015fmeler birincil kaynaklar \u00fczerinden \u00e7al\u0131\u015f\u0131lmaktad\u0131r. Bu ba\u011flamda \u00f6nemli \u015fahsiyetler ve d\u00f6nemde \u00f6ne \u00e7\u0131kan Lozan Anla\u015fmas\u0131, 1923 Se\u00e7imleri, Cumhuriyetin ilan\u0131 ve \u0130zmir \u0130ktisat Kongresi gibi baz\u0131 konular geni\u015f i\u015flenmektedir. <\/p>\n","protected":false},"excerpt":{"rendered":"<p>\u00dclkemizin 100. Y\u0131l\u0131na \u00f6zel yap\u0131lan \u00e7al\u0131\u015fmalara Anadolu Ajans\u0131 olarak bir dizi \u00e7al\u0131\u015fmalar\u0131 ile katk\u0131 sa\u011flamaktay\u0131z. Bu kitap \u00e7al\u0131\u015fmalar\u0131ndan bir tanesi ise \u201cYILLIK 1923\u201d adl\u0131 eserdir. Kitab\u0131n<span class=\"excerpt-hellip\"> [\u2026]<\/span><\/p>\n","protected":false},"featured_media":0,"template":"","meta":{"_monsterinsights_skip_tracking":false,"_monsterinsights_sitenote_active":false,"_monsterinsights_sitenote_note":"","_monsterinsights_sitenote_category":0},"product_brand":[],"product_cat":[12304,13493],"product_tag":[],"class_list":{"0":"post-754418","1":"product","2":"type-product","3":"status-publish","5":"product_cat-tarih","6":"product_cat-turkiye-ve-cumhuriyet-tarihi","7":"pa_cilt-ciltli","8":"pa_tur-kitap","9":"pa_yayinevi-anadolu-ajansi-yayinevi","10":"pa_yazar-kolektif","12":"first","13":"instock","14":"sale","15":"shipping-taxable","16":"purchasable","17":"product-type-simple"},"_links":{"self":[{"href":"https:\/\/roveyayinevi.com.tr\/index.php\/wp-json\/wp\/v2\/product\/754418","targetHints":{"allow":["GET"]}}],"collection":[{"href":"https:\/\/roveyayinevi.com.tr\/index.php\/wp-json\/wp\/v2\/product"}],"about":[{"href":"https:\/\/roveyayinevi.com.tr\/index.php\/wp-json\/wp\/v2\/types\/product"}],"wp:attachment":[{"href":"https:\/\/roveyayinevi.com.tr\/index.php\/wp-json\/wp\/v2\/media?parent=754418"}],"wp:term":[{"taxonomy":"product_brand","embeddable":true,"href":"https:\/\/roveyayinevi.com.tr\/index.php\/wp-json\/wp\/v2\/product_brand?post=754418"},{"taxonomy":"product_cat","embeddable":true,"href":"https:\/\/roveyayinevi.com.tr\/index.php\/wp-json\/wp\/v2\/product_cat?post=754418"},{"taxonomy":"product_tag","embeddable":true,"href":"https:\/\/roveyayinevi.com.tr\/index.php\/wp-json\/wp\/v2\/product_tag?post=754418"}],"curies":[{"name":"wp","href":"https:\/\/api.w.org\/{rel}","templated":true}]}}