{"id":754350,"date":"2025-08-28T06:08:21","date_gmt":"2025-08-28T03:08:21","guid":{"rendered":"https:\/\/roveyayinevi.com.tr\/index.php\/urun\/ittihat-ve-terakkinin-fikri-dogusu\/"},"modified":"2026-04-16T03:07:47","modified_gmt":"2026-04-16T00:07:47","slug":"ittihat-ve-terakkinin-fikri-dogusu","status":"publish","type":"product","link":"https:\/\/roveyayinevi.com.tr\/index.php\/urun\/ittihat-ve-terakkinin-fikri-dogusu\/","title":{"rendered":"\u0130ttihat ve Terakki\u2019nin Fikri Do\u011fu\u015fu"},"content":{"rendered":"<p>\u0130mparatorlu\u011fun en uzun y\u00fczy\u0131l\u0131 yerini ulus devletler \u00e7a\u011f\u0131na b\u0131rak\u0131rken \u201cOsmanl\u0131 \u0130mparatorlu\u011fu nas\u0131l kurtulur?\u201d sorusu t\u00fcm ayd\u0131nlar\u0131n zihnen ve bedenen Bat\u0131\u2019ya gidi\u015f bileti oldu. \u0130mparatorlu\u011fun t\u00fcm unsurlar\u0131n\u0131 bir arada tutma d\u00fc\u015f\u00fcncesi, J\u00f6n T\u00fcrk kongrelerinden \u0130ttihat ve Terakki\u2019ye ve bug\u00fcnk\u00fc ulus devlete gidi\u015fin yollar\u0131n\u0131 belirledi. Abd\u00fclhamid istibdad\u0131ndan ka\u00e7an ayd\u0131nlar\u0131n Bat\u0131l\u0131 fikirlerle temaslar\u0131 ve bu fikirlerden bir Osmanl\u0131l\u0131k \u00fcst kimli\u011fi yaratma gayreti ideolojik farkl\u0131l\u0131klar\u0131n s\u0131n\u0131rlar\u0131n\u0131 belirledi. Kongreler \u00f6ncesi d\u00f6nemde muhaliflere g\u00f6z a\u00e7t\u0131rmayan Abd\u00fclhamid bask\u0131s\u0131ndan ka\u00e7an ayd\u0131nlar\u0131n daha \u00f6zg\u00fcr bir imparatorluk in\u015fa etme ideali, kongreler s\u0131ras\u0131nda farkl\u0131 yollara saparken \u00e7o\u011fulculuk imk\u00e2n\u0131 yerini hiziplere b\u0131rakt\u0131. Stefano Taglia, o d\u00f6nemin panoramas\u0131n\u0131 g\u00f6zler \u00f6n\u00fcne sererek farkl\u0131 ideolojilerin \u00f6nc\u00fc isimleri ve fikirlerini irdelerken bug\u00fcn\u00fcn siyasetinin tarihsel ge\u00e7mi\u015fini, k\u00f6kenlerini ve izlerini s\u00fcr\u00fcyor.<\/p>\n","protected":false},"excerpt":{"rendered":"<p>\u0130mparatorlu\u011fun en uzun y\u00fczy\u0131l\u0131 yerini ulus devletler \u00e7a\u011f\u0131na b\u0131rak\u0131rken \u201cOsmanl\u0131 \u0130mparatorlu\u011fu nas\u0131l kurtulur?\u201d sorusu t\u00fcm ayd\u0131nlar\u0131n zihnen ve bedenen Bat\u0131\u2019ya gidi\u015f bileti oldu. \u0130mparatorlu\u011fun t\u00fcm unsurlar\u0131n\u0131<span class=\"excerpt-hellip\"> [\u2026]<\/span><\/p>\n","protected":false},"featured_media":0,"template":"","meta":{"_monsterinsights_skip_tracking":false,"_monsterinsights_sitenote_active":false,"_monsterinsights_sitenote_note":"","_monsterinsights_sitenote_category":0},"product_brand":[],"product_cat":[13517,12304],"product_tag":[],"class_list":{"0":"post-754350","1":"product","2":"type-product","3":"status-publish","5":"product_cat-osmanli-tarihi","6":"product_cat-tarih","7":"pa_cilt-ciltsiz","8":"pa_tur-kitap","9":"pa_yayinevi-fol-kitap","10":"pa_yazar-stefano-taglia","12":"first","13":"instock","14":"sale","15":"shipping-taxable","16":"purchasable","17":"product-type-simple"},"_links":{"self":[{"href":"https:\/\/roveyayinevi.com.tr\/index.php\/wp-json\/wp\/v2\/product\/754350","targetHints":{"allow":["GET"]}}],"collection":[{"href":"https:\/\/roveyayinevi.com.tr\/index.php\/wp-json\/wp\/v2\/product"}],"about":[{"href":"https:\/\/roveyayinevi.com.tr\/index.php\/wp-json\/wp\/v2\/types\/product"}],"wp:attachment":[{"href":"https:\/\/roveyayinevi.com.tr\/index.php\/wp-json\/wp\/v2\/media?parent=754350"}],"wp:term":[{"taxonomy":"product_brand","embeddable":true,"href":"https:\/\/roveyayinevi.com.tr\/index.php\/wp-json\/wp\/v2\/product_brand?post=754350"},{"taxonomy":"product_cat","embeddable":true,"href":"https:\/\/roveyayinevi.com.tr\/index.php\/wp-json\/wp\/v2\/product_cat?post=754350"},{"taxonomy":"product_tag","embeddable":true,"href":"https:\/\/roveyayinevi.com.tr\/index.php\/wp-json\/wp\/v2\/product_tag?post=754350"}],"curies":[{"name":"wp","href":"https:\/\/api.w.org\/{rel}","templated":true}]}}