{"id":754336,"date":"2025-08-28T06:08:03","date_gmt":"2025-08-28T03:08:03","guid":{"rendered":"https:\/\/roveyayinevi.com.tr\/index.php\/urun\/kavramlar-fikirler-partiler\/"},"modified":"2026-04-16T03:07:47","modified_gmt":"2026-04-16T00:07:47","slug":"kavramlar-fikirler-partiler","status":"publish","type":"product","link":"https:\/\/roveyayinevi.com.tr\/index.php\/urun\/kavramlar-fikirler-partiler\/","title":{"rendered":"Kavramlar Fikirler Partiler"},"content":{"rendered":"<p>Ayd\u0131nlanma \u00c7a\u011f\u0131\u2019nda d\u00fcnya sahnesine \u00e7\u0131kan, 19. ve 20. y\u00fczy\u0131l\u0131n siyasi d\u00fc\u015f\u00fcn\u00fc\u015f\u00fcnde mihenk ta\u015f\u0131 olan, 21. Y\u00fczy\u0131lda ise sonunun geldi\u011fi tart\u0131\u015fmalar\u0131 ile yine siyasetin merkezinde yer alan siyasal ideolojiler taraftarlar\u0131n\u0131n eylemleri, teorileri ve eyleme bi\u00e7imleri ile siyasetin do\u011fas\u0131n\u0131 a\u00e7\u0131klama iddias\u0131ndalar. Leon P. Baradat\u2019\u0131n ifadesiyle, \u201cinsanl\u0131k tarihinin en b\u00fcy\u00fck kazan\u0131mlar\u0131na ve trajedilerine yol a\u00e7an icatlar\u201d olan ideolojilerin T\u00fcrkiye co\u011frafyas\u0131ndaki serencam\u0131, Bat\u0131\u2019daki geli\u015fiminden belli \u00e7izgilerde farkl\u0131la\u015fmakta. Elinizdeki eserde, erken Cumhuriyet tarihinden g\u00fcn\u00fcm\u00fcze uzanan uzun tarihsel s\u00fcre\u00e7 i\u00e7erisinde ideolojilerin fikirsel dayanaklar\u0131, onlar\u0131 temsil etme iddias\u0131nda olan siyasal partiler ve eylem pratikleri ele al\u0131nmaktad\u0131r. Cemil Meri\u00e7, \u201cizm\u2019ler idrakimize giydirilmi\u015f deli g\u00f6mlekleridir\u201d der. Bu eserde, T\u00fcrkiye\u2019de izm\u2019lerin siyasi d\u00fc\u015f\u00fcnce, eylem ve parti politikalar\u0131 ekseninde izi s\u00fcr\u00fclmekte, okuyucuya bu deli g\u00f6mleklerinin ya da zihin d\u00fcnyam\u0131z\u0131 ayd\u0131nlatan eylem ve fikir me\u015falelerinin uzun tarihsel ser\u00fcveni aktar\u0131larak, 21. y\u00fczy\u0131ldaki gelece\u011fine d\u00f6n\u00fck bir tart\u0131\u015fman\u0131n da ipu\u00e7lar\u0131 verilmektedir. Bu bak\u0131mdan, ideolojiler konusuna ilgi duyan her okura oldu\u011fu gibi lisans, y\u00fcksek lisans ve doktora \u00f6\u011frencilerine, alandaki ara\u015ft\u0131rmac\u0131lara da katk\u0131 sa\u011flayan bir kaynak niteli\u011findedir.   T\u00fcrkiye\u2019de Modernle\u015fme ve Ak\u0131mlar  Bayram Koca \u2022 \u00dctopyaya Tutunu\u015ftan \u0130ktidara Tutunu\u015fa T\u00fcrkiye\u2019de \u0130sl\u00e2mc\u0131l\u0131k Veysel Erg\u00fc\u00e7 \u2022 T\u00fcrkiye\u2019de Muhafazak\u00e2rl\u0131k: \u0130deoloji ve Siyasi Temsil  Abd\u00fcl Samet \u00c7elik\u00e7i \u2022 K\u00f6kenleri, Toplumsal Taban\u0131 ve D\u00fcnya G\u00f6r\u00fc\u015f\u00fcyle T\u00fcrkiye\u2019de \u00dclk\u00fcc\u00fcl\u00fck\/\u00dclk\u00fcc\u00fc Milliyet\u00e7ilik Ekin Kadir Sel\u00e7uk \u2022 T\u00fcrkiye Solunda Partiler ve Fikirler: Bir Giri\u015f Denemesi Ali A\u00e7\u0131kg\u00f6z \u2022 T\u00fcrkiye\u2019de Sosyal Demokrasi: Hegemonya ve Siyasi M\u00fccadelede Aray\u0131\u015flar Funda Kemahl\u0131 Garipo\u011flu \u2022 T\u00fcrkiye\u2019de Liberalizm: D\u00fc\u015f\u00fcnce ve Siyaset Nurettin Kalkan \u2022 T\u00fcrkiye\u2019de Yasal K\u00fcrt Siyasal Hareketinin S\u00f6yleminin D\u00f6n\u00fc\u015f\u00fcm\u00fc Kadriye Okudan Dernek \u2022 T\u00fcrkiye\u2019de Feminizm: B\u00fcy\u00fck Bir Ba\u015fkald\u0131r\u0131n\u0131n K\u0131sa Tarih\u00e7esi G\u00fcl\u00e7in \u00d6zge Tan \u2022 Tarihsel, \u0130deolojik ve Politik Ba\u011flam\u0131yla T\u00fcrkiye\u2019de \u00c7evrecilik Duygu Y\u0131ld\u0131z Karako\u00e7 \u2022 Sonu\u00e7 Yerine: T\u00fcrkiye\u2019nin Akp\u2019li Y\u0131llar\u0131 ve \u201cYeni T\u00fcrkiye\u201d, \u0130deolojilerin Sonu mu? Ay\u015fem Sezer \u015eanl\u0131 <\/p>\n","protected":false},"excerpt":{"rendered":"<p>Ayd\u0131nlanma \u00c7a\u011f\u0131\u2019nda d\u00fcnya sahnesine \u00e7\u0131kan, 19. ve 20. y\u00fczy\u0131l\u0131n siyasi d\u00fc\u015f\u00fcn\u00fc\u015f\u00fcnde mihenk ta\u015f\u0131 olan, 21. Y\u00fczy\u0131lda ise sonunun geldi\u011fi tart\u0131\u015fmalar\u0131 ile yine siyasetin merkezinde yer alan<span class=\"excerpt-hellip\"> [\u2026]<\/span><\/p>\n","protected":false},"featured_media":0,"template":"","meta":{"_monsterinsights_skip_tracking":false,"_monsterinsights_sitenote_active":false,"_monsterinsights_sitenote_note":"","_monsterinsights_sitenote_category":0},"product_brand":[],"product_cat":[12337,14528],"product_tag":[],"class_list":{"0":"post-754336","1":"product","2":"type-product","3":"status-publish","5":"product_cat-politika-siyaset","6":"product_cat-siyaset-tarihi","7":"pa_cilt-ciltsiz","8":"pa_tur-kitap","9":"pa_yayinevi-nika-yayinevi","10":"pa_yazar-kolektif","12":"first","13":"instock","14":"sale","15":"shipping-taxable","16":"purchasable","17":"product-type-simple"},"_links":{"self":[{"href":"https:\/\/roveyayinevi.com.tr\/index.php\/wp-json\/wp\/v2\/product\/754336","targetHints":{"allow":["GET"]}}],"collection":[{"href":"https:\/\/roveyayinevi.com.tr\/index.php\/wp-json\/wp\/v2\/product"}],"about":[{"href":"https:\/\/roveyayinevi.com.tr\/index.php\/wp-json\/wp\/v2\/types\/product"}],"wp:attachment":[{"href":"https:\/\/roveyayinevi.com.tr\/index.php\/wp-json\/wp\/v2\/media?parent=754336"}],"wp:term":[{"taxonomy":"product_brand","embeddable":true,"href":"https:\/\/roveyayinevi.com.tr\/index.php\/wp-json\/wp\/v2\/product_brand?post=754336"},{"taxonomy":"product_cat","embeddable":true,"href":"https:\/\/roveyayinevi.com.tr\/index.php\/wp-json\/wp\/v2\/product_cat?post=754336"},{"taxonomy":"product_tag","embeddable":true,"href":"https:\/\/roveyayinevi.com.tr\/index.php\/wp-json\/wp\/v2\/product_tag?post=754336"}],"curies":[{"name":"wp","href":"https:\/\/api.w.org\/{rel}","templated":true}]}}