{"id":754265,"date":"2025-08-28T06:06:15","date_gmt":"2025-08-28T03:06:15","guid":{"rendered":"https:\/\/roveyayinevi.com.tr\/index.php\/urun\/kizil-savasci-kadinlar\/"},"modified":"2026-04-16T03:07:45","modified_gmt":"2026-04-16T00:07:45","slug":"kizil-savasci-kadinlar","status":"publish","type":"product","link":"https:\/\/roveyayinevi.com.tr\/index.php\/urun\/kizil-savasci-kadinlar\/","title":{"rendered":"K\u0131z\u0131l Sava\u015f\u00e7\u0131 Kad\u0131nlar"},"content":{"rendered":"<p>\u201cBe\u015f Devrimci Kad\u0131ndan Dersler\u201d alt ba\u015fl\u0131\u011f\u0131yla yay\u0131mlad\u0131\u011f\u0131m\u0131z K\u0131z\u0131l Sava\u015f\u00e7\u0131 Kad\u0131nlar, sosyalist kad\u0131n haklar\u0131 aktivizminin tarihini bu tarihin \u00f6nde gelen be\u015f fig\u00fcr\u00fc \u00fczerinden anlat\u0131yor: Sovyetler\u2019in kad\u0131nlara y\u00f6nelik politikalar\u0131na \u015fekil veren teorisyen, siyaset\u00e7i ve diplomat Aleksandra Kollontay; kendini halk e\u011fitimine adam\u0131\u015f Nadejda Krupskaya; Kom\u00fcnist Parti Kad\u0131n Birimi Jenotdel\u2019in kurucular\u0131ndan \u0130nessa Armand; efsanevi keskin ni\u015fanc\u0131 L\u00fcdmila Pavli\u00e7enko ve Bulgar Kad\u0131n Hareketi Komitesi\u2019nin 22 y\u0131l boyunca ba\u015fkan\u0131 olan Elena Lagadinova. Bu be\u015f kad\u0131n\u0131n ya\u015fam \u00f6yk\u00fclerinden yola \u00e7\u0131kan Kristen R. Ghodsee, sosyalist kad\u0131nlar\u0131n m\u00fccadelelerini, ba\u015far\u0131lar\u0131n\u0131 ve \u00f6nlerine \u00e7\u0131kan engelleri anlat\u0131rken ge\u00e7ti\u011fimiz y\u00fczy\u0131l\u0131n kad\u0131n haklar\u0131 m\u00fccadelesini ya\u015fad\u0131\u011f\u0131m\u0131z \u00e7a\u011fa ba\u011fl\u0131yor. \u0130\u00e7 \u00e7at\u0131\u015fmalarla, \u00e7eli\u015fkilerle, birlikte \u00e7\u0131k\u0131lan veya ayr\u0131lan yollarla ama ayn\u0131 zamanda da b\u00fcy\u00fck bir azimle, yarat\u0131c\u0131l\u0131kla ve ba\u015far\u0131larla dolu be\u015f ya\u015fam \u00f6yk\u00fcs\u00fc. Hayatlar\u0131 boyunca ince bir \u00e7izginin \u00fczerinde y\u00fcr\u00fcmek zorunda kalan k\u0131z\u0131l sava\u015f\u00e7\u0131 kad\u0131nlar kad\u0131n m\u00fccadelesine b\u00fcy\u00fck bir sadakatle ba\u011fl\u0131 kald\u0131lar; yeni \u00e7\u00f6z\u00fcmler \u00fcrettiler, siyasi projeler geli\u015ftirdiler ve bizlere bug\u00fcne dair yeni s\u00f6zler ederken mutlaka dikkate al\u0131nmas\u0131 gereken bir deneyim b\u0131rakt\u0131lar.  20. y\u00fczy\u0131l kad\u0131n hareketine Do\u011fu Avrupa\u2019n\u0131n ve Sovyetler\u2019in devrimci politikalar\u0131ndan yola \u00e7\u0131karak bakan K\u0131z\u0131l Sava\u015f\u00e7\u0131 Kad\u0131nlar, kad\u0131n hareketinin, Bat\u0131 tarih\u00e7ili\u011finin ilgisiz kald\u0131\u011f\u0131 sosyalist y\u00f6n\u00fcne \u0131\u015f\u0131k tutuyor ve bu hareketin radikal ge\u00e7mi\u015fiyle yeniden ba\u011flant\u0131 kurmay\u0131 ama\u00e7l\u0131yor. Toplumu ve de\u011fi\u015fmez san\u0131lan kurallar\u0131 de\u011fi\u015ftirmek ve daha adil bir d\u00fcnya kurabilmek i\u00e7in erkek yolda\u015flar\u0131yla omuz omuza \u00e7arp\u0131\u015fan bu kad\u0131nlar\u0131n hem uluslararas\u0131 etkileri hem de ba\u015far\u0131lar\u0131 belki g\u00f6zden ka\u00e7\u0131r\u0131ld\u0131, ama kesinlikle unutulmad\u0131. Kad\u0131n hareketi \u00fczerinde \u00f6yle bir etki b\u0131rakt\u0131lar ki asl\u0131nda ya\u015fad\u0131klar\u0131 ba\u015far\u0131s\u0131zl\u0131klar bile ne kadar devrimci olduklar\u0131n\u0131n bir kan\u0131t\u0131 say\u0131lmal\u0131. K\u0131z\u0131l Sava\u015f\u00e7\u0131 Kad\u0131nlar, sadece 20. y\u00fczy\u0131l kad\u0131n hareketine dair yaz\u0131lan hik\u00e2yenin de\u011fil, ayn\u0131 zamanda Sovyetler ve Do\u011fu Avrupa tarihinin de eksik kalan sayfalar\u0131n\u0131 tamaml\u0131yor.  <\/p>\n","protected":false},"excerpt":{"rendered":"<p>\u201cBe\u015f Devrimci Kad\u0131ndan Dersler\u201d alt ba\u015fl\u0131\u011f\u0131yla yay\u0131mlad\u0131\u011f\u0131m\u0131z K\u0131z\u0131l Sava\u015f\u00e7\u0131 Kad\u0131nlar, sosyalist kad\u0131n haklar\u0131 aktivizminin tarihini bu tarihin \u00f6nde gelen be\u015f fig\u00fcr\u00fc \u00fczerinden anlat\u0131yor: Sovyetler\u2019in kad\u0131nlara y\u00f6nelik<span class=\"excerpt-hellip\"> [\u2026]<\/span><\/p>\n","protected":false},"featured_media":0,"template":"","meta":{"_monsterinsights_skip_tracking":false,"_monsterinsights_sitenote_active":false,"_monsterinsights_sitenote_note":"","_monsterinsights_sitenote_category":0},"product_brand":[],"product_cat":[13059,12337],"product_tag":[],"class_list":{"0":"post-754265","1":"product","2":"type-product","3":"status-publish","5":"product_cat-diger-politika-siyaset","6":"product_cat-politika-siyaset","7":"pa_cilt-ciltsiz","8":"pa_tur-kitap","9":"pa_yayinevi-yordam-kitap","10":"pa_yazar-kristen-r-ghodsee","12":"first","13":"instock","14":"sale","15":"shipping-taxable","16":"purchasable","17":"product-type-simple"},"_links":{"self":[{"href":"https:\/\/roveyayinevi.com.tr\/index.php\/wp-json\/wp\/v2\/product\/754265","targetHints":{"allow":["GET"]}}],"collection":[{"href":"https:\/\/roveyayinevi.com.tr\/index.php\/wp-json\/wp\/v2\/product"}],"about":[{"href":"https:\/\/roveyayinevi.com.tr\/index.php\/wp-json\/wp\/v2\/types\/product"}],"wp:attachment":[{"href":"https:\/\/roveyayinevi.com.tr\/index.php\/wp-json\/wp\/v2\/media?parent=754265"}],"wp:term":[{"taxonomy":"product_brand","embeddable":true,"href":"https:\/\/roveyayinevi.com.tr\/index.php\/wp-json\/wp\/v2\/product_brand?post=754265"},{"taxonomy":"product_cat","embeddable":true,"href":"https:\/\/roveyayinevi.com.tr\/index.php\/wp-json\/wp\/v2\/product_cat?post=754265"},{"taxonomy":"product_tag","embeddable":true,"href":"https:\/\/roveyayinevi.com.tr\/index.php\/wp-json\/wp\/v2\/product_tag?post=754265"}],"curies":[{"name":"wp","href":"https:\/\/api.w.org\/{rel}","templated":true}]}}