{"id":754255,"date":"2025-08-28T06:06:01","date_gmt":"2025-08-28T03:06:01","guid":{"rendered":"https:\/\/roveyayinevi.com.tr\/index.php\/urun\/ataturkle-uc-ay-ve-1930dan-sonra-turkiye\/"},"modified":"2026-04-16T03:07:45","modified_gmt":"2026-04-16T00:07:45","slug":"ataturkle-uc-ay-ve-1930dan-sonra-turkiye","status":"publish","type":"product","link":"https:\/\/roveyayinevi.com.tr\/index.php\/urun\/ataturkle-uc-ay-ve-1930dan-sonra-turkiye\/","title":{"rendered":"Atat\u00fcrk\u2019le \u00dc\u00e7 Ay ve 1930\u2019dan Sonra T\u00fcrkiye"},"content":{"rendered":"<p>Efil Yay\u0131nevi, Ahmet Hamdi Ba\u015far\u2019\u0131n Atat\u00fcrk\u2019le \u00dc\u00e7 Ay ve 1930\u2019dan Sonra T\u00fcrkiye kitab\u0131n\u0131 Cumhuriyetimizin y\u00fcz\u00fcnc\u00fc y\u0131l\u0131nda yeniden okuyucuyla bulu\u015fturuyor. Ahmet Hamdi Ba\u015far, yeni Cumhuriyet\u2019in neden Osmanl\u0131c\u0131l\u0131ktan ayr\u0131l\u0131p devrimlere y\u00f6neldi\u011fini anlat\u0131yor. Kitap, bug\u00fcn de g\u00fcncelli\u011fini korumaya devam ediyor. Bir medeniyete kar\u0131\u015fman\u0131n iki \u015fart\u0131 vard\u0131r: 1) Medeniyeti yaln\u0131z m\u00fcesseseleriyle de\u011fil, daha \u00f6nce h\u00e2kim fikriyle almak;2) Zaman\u0131nda kar\u0131\u015fmak. Tanzimat Avrupa medeniyetine kat\u0131lma hareketimizdir. Fakat o zamanlar medeniyetin h\u00e2kim fikrini alma\u011fa cesaret edemedik; sadece m\u00fcesseselerini alma\u011fa \u00e7al\u0131\u015ft\u0131k. Garp medeniyetinin h\u00e2kim fikri h\u00fcrriyet ve demokrasi idi; bu, saltanat\u0131, dini idareyi, devletin ba\u015f\u0131nda olan ve istihsal hayat\u0131n\u0131n d\u0131\u015f\u0131nda ya\u015fayan kap\u0131kulu s\u0131n\u0131f\u0131n\u0131 y\u0131kmak demekti. Tanzimat b\u00f6yle bir \u015fey yapamazd\u0131. O, Avrupa\u2019n\u0131n adetlerine, ilmine ve sanat\u0131na kar\u015f\u0131 bir hayranl\u0131k ifadesi oldu\u011fu kadar, Osmanl\u0131 saltanat\u0131n\u0131 ya\u015fatmak \u00fczere mecburen ba\u015fvurulmu\u015f bir idarei maslahat tedbirinden ibaret kald\u0131. E\u011fer bundan bir bu\u00e7uk as\u0131r evvel, Avrupa\u2019da do\u011farak \u00e7i\u00e7eklerini vermi\u015f olan, h\u00fcrriyet rejimine o zaman kar\u0131\u015fsayd\u0131k ve daha o zaman Osmanl\u0131 \u0130mparatorlu\u011fu\u2019ndan ayr\u0131larak milli bir devlet kursayd\u0131k, Garb\u0131 h\u00e2kim ve \u00fcst\u00fcn fikriyle alm\u0131\u015f ve zaman\u0131nda medeniyete kar\u0131\u015farak biz de bug\u00fcn o medeniyetin i\u00e7inde ya\u015fayan bir millet olmu\u015f olurduk. <\/p>\n","protected":false},"excerpt":{"rendered":"<p>Efil Yay\u0131nevi, Ahmet Hamdi Ba\u015far\u2019\u0131n Atat\u00fcrk\u2019le \u00dc\u00e7 Ay ve 1930\u2019dan Sonra T\u00fcrkiye kitab\u0131n\u0131 Cumhuriyetimizin y\u00fcz\u00fcnc\u00fc y\u0131l\u0131nda yeniden okuyucuyla bulu\u015fturuyor. Ahmet Hamdi Ba\u015far, yeni Cumhuriyet\u2019in neden Osmanl\u0131c\u0131l\u0131ktan<span class=\"excerpt-hellip\"> [\u2026]<\/span><\/p>\n","protected":false},"featured_media":0,"template":"","meta":{"_monsterinsights_skip_tracking":false,"_monsterinsights_sitenote_active":false,"_monsterinsights_sitenote_note":"","_monsterinsights_sitenote_category":0},"product_brand":[],"product_cat":[12304],"product_tag":[],"class_list":{"0":"post-754255","1":"product","2":"type-product","3":"status-publish","5":"product_cat-tarih","6":"pa_cilt-ciltsiz","7":"pa_tur-kitap","8":"pa_yayinevi-efil-yayinevi","9":"pa_yazar-ahmet-hamdi-basar","11":"first","12":"instock","13":"sale","14":"shipping-taxable","15":"purchasable","16":"product-type-simple"},"_links":{"self":[{"href":"https:\/\/roveyayinevi.com.tr\/index.php\/wp-json\/wp\/v2\/product\/754255","targetHints":{"allow":["GET"]}}],"collection":[{"href":"https:\/\/roveyayinevi.com.tr\/index.php\/wp-json\/wp\/v2\/product"}],"about":[{"href":"https:\/\/roveyayinevi.com.tr\/index.php\/wp-json\/wp\/v2\/types\/product"}],"wp:attachment":[{"href":"https:\/\/roveyayinevi.com.tr\/index.php\/wp-json\/wp\/v2\/media?parent=754255"}],"wp:term":[{"taxonomy":"product_brand","embeddable":true,"href":"https:\/\/roveyayinevi.com.tr\/index.php\/wp-json\/wp\/v2\/product_brand?post=754255"},{"taxonomy":"product_cat","embeddable":true,"href":"https:\/\/roveyayinevi.com.tr\/index.php\/wp-json\/wp\/v2\/product_cat?post=754255"},{"taxonomy":"product_tag","embeddable":true,"href":"https:\/\/roveyayinevi.com.tr\/index.php\/wp-json\/wp\/v2\/product_tag?post=754255"}],"curies":[{"name":"wp","href":"https:\/\/api.w.org\/{rel}","templated":true}]}}