{"id":754235,"date":"2025-08-28T06:05:30","date_gmt":"2025-08-28T03:05:30","guid":{"rendered":"https:\/\/roveyayinevi.com.tr\/index.php\/urun\/gorup-isittiklerim\/"},"modified":"2026-04-16T03:07:44","modified_gmt":"2026-04-16T00:07:44","slug":"gorup-isittiklerim","status":"publish","type":"product","link":"https:\/\/roveyayinevi.com.tr\/index.php\/urun\/gorup-isittiklerim\/","title":{"rendered":"G\u00f6r\u00fcp \u0130\u015fittiklerim"},"content":{"rendered":"<p>Ali Fuad T\u00fcrkgeldi (1867-1935), Osmanl\u0131 Devleti\u2019nin son d\u00f6nemlerinde saray \u00e7evresinde olan bitenlere yak\u0131ndan \u015fahitlik etmi\u015f ve ya\u015fananlar hakk\u0131nda \u00f6nemli bilgiler b\u0131rakm\u0131\u015f olan bir tarih\u00e7i ve devlet adam\u0131d\u0131r. Elinizdeki eserde T\u00fcrkgeldi\u2019nin Me\u015frutiyet\u2019ten iki ay sonra Sadaret Mektup\u00e7ulu\u011fu\u2019na tayin edilmesinden, M\u00e2beyn Ba\u015fk\u00e2tipli\u011fi g\u00f6revinden ayr\u0131l\u0131ncaya kadar tan\u0131k oldu\u011fu \u00f6nemli olaylar\u0131 bulacaks\u0131n\u0131z. Bab-\u0131 \u00c2li bask\u0131n\u0131ndan Balkan sava\u015flar\u0131na, \u0130zmir\u2019in i\u015fgalinden Sultan Vahideddin ve Re\u015fad hakk\u0131ndaki g\u00f6zlemlere uzanan bu hat\u0131rat, tarih\u00e7iler ve tarih severler i\u00e7in kaynak bir eser mahiyetinde\u2026 <\/p>\n","protected":false},"excerpt":{"rendered":"<p>Ali Fuad T\u00fcrkgeldi (1867-1935), Osmanl\u0131 Devleti\u2019nin son d\u00f6nemlerinde saray \u00e7evresinde olan bitenlere yak\u0131ndan \u015fahitlik etmi\u015f ve ya\u015fananlar hakk\u0131nda \u00f6nemli bilgiler b\u0131rakm\u0131\u015f olan bir tarih\u00e7i ve devlet<span class=\"excerpt-hellip\"> [\u2026]<\/span><\/p>\n","protected":false},"featured_media":0,"template":"","meta":{"_monsterinsights_skip_tracking":false,"_monsterinsights_sitenote_active":false,"_monsterinsights_sitenote_note":"","_monsterinsights_sitenote_category":0},"product_brand":[],"product_cat":[13946,12304],"product_tag":[],"class_list":{"0":"post-754235","1":"product","2":"type-product","3":"status-publish","5":"product_cat-biyografi-otobiyografi","6":"product_cat-tarih","7":"pa_cilt-ciltsiz","8":"pa_tur-kitap","9":"pa_yayinevi-kapi-yayinlari","10":"pa_yazar-ali-fuad-turkgeldi","12":"first","13":"instock","14":"sale","15":"shipping-taxable","16":"purchasable","17":"product-type-simple"},"_links":{"self":[{"href":"https:\/\/roveyayinevi.com.tr\/index.php\/wp-json\/wp\/v2\/product\/754235","targetHints":{"allow":["GET"]}}],"collection":[{"href":"https:\/\/roveyayinevi.com.tr\/index.php\/wp-json\/wp\/v2\/product"}],"about":[{"href":"https:\/\/roveyayinevi.com.tr\/index.php\/wp-json\/wp\/v2\/types\/product"}],"wp:attachment":[{"href":"https:\/\/roveyayinevi.com.tr\/index.php\/wp-json\/wp\/v2\/media?parent=754235"}],"wp:term":[{"taxonomy":"product_brand","embeddable":true,"href":"https:\/\/roveyayinevi.com.tr\/index.php\/wp-json\/wp\/v2\/product_brand?post=754235"},{"taxonomy":"product_cat","embeddable":true,"href":"https:\/\/roveyayinevi.com.tr\/index.php\/wp-json\/wp\/v2\/product_cat?post=754235"},{"taxonomy":"product_tag","embeddable":true,"href":"https:\/\/roveyayinevi.com.tr\/index.php\/wp-json\/wp\/v2\/product_tag?post=754235"}],"curies":[{"name":"wp","href":"https:\/\/api.w.org\/{rel}","templated":true}]}}