{"id":754198,"date":"2025-08-28T06:04:24","date_gmt":"2025-08-28T03:04:24","guid":{"rendered":"https:\/\/roveyayinevi.com.tr\/index.php\/urun\/mulkiyet-ve-musterekler\/"},"modified":"2026-04-16T03:07:43","modified_gmt":"2026-04-16T00:07:43","slug":"mulkiyet-ve-musterekler","status":"publish","type":"product","link":"https:\/\/roveyayinevi.com.tr\/index.php\/urun\/mulkiyet-ve-musterekler\/","title":{"rendered":"M\u00fclkiyet ve M\u00fc\u015fterekler"},"content":{"rendered":"<p>\u201cBug\u00fcn hayatlar\u0131m\u0131za y\u00f6n veren can al\u0131c\u0131 meseleler, ilk bak\u0131\u015fta g\u00f6r\u00fcnd\u00fc\u011f\u00fcnden \u00e7ok daha dolays\u0131z bi\u00e7imde m\u00fclkiyet kavram\u0131yla ili\u015fkili. Derinle\u015fen e\u015fitsizlikler, insanl\u0131\u011f\u0131n kolektif birikiminin ve do\u011fan\u0131n metala\u015fmas\u0131, konvansiyonel demokratik kurumlar\u0131n i\u015flevsizle\u015fmesi ve nihayetinde toplumsal alana rengini veren kesif belirsizlik durumu, m\u00fclkiyet etraf\u0131nda a\u00e7\u0131\u011fa \u00e7\u0131kan \u00e7at\u0131\u015fma ve \u00e7eli\u015fkiler dikkate al\u0131nmaks\u0131z\u0131n lay\u0131k\u0131yla anla\u015f\u0131lamaz. Son y\u0131llarda ortaya \u00e7\u0131kan kriz ve isyanlar\u0131n da \u00f6n\u00fcm\u00fcze koydu\u011fu gibi, bir kurum, mefhum ve ideal olarak m\u00fclkiyet, hayatlar\u0131m\u0131z \u00fczerinde h\u00fckm\u00fcn\u00fc s\u00fcrmeye devam ediyor. \u201cM\u00fclkiyet ve M\u00fc\u015fterekler, antropolojiden iktisat tarihine farkl\u0131 disiplinlerin kavramsal ve ampirik birikimini m\u00fclkiyet meselesi etraf\u0131nda bir araya getiren bir \u00e7al\u0131\u015fma. Kitapta bir araya getirdi\u011fimiz incelemeler devlet, s\u0131n\u0131f, kimlik ya da \u015fiddet gibi sosyal bilimlerin kadim temalar\u0131n\u0131 m\u00fclkiyeti oda\u011fa alarak sorunsalla\u015ft\u0131r\u0131yor. Bunlar\u0131 birbirine teyelleyen temel soru ise \u015fu: \u00d6zel m\u00fclkiyeti m\u00fcmk\u00fcn k\u0131lan nedir? Bu sorudan hareketle ba\u015fka t\u00fcrden m\u00fclkiyet bi\u00e7imlerinden ve iddialar\u0131ndan farkl\u0131 olarak \u00f6zel m\u00fclkiyeti ortaya \u00e7\u0131kartan, \u015fekillendiren ve yeniden tan\u0131mlayan politik ve iktisadi ko\u015fullar\u0131, k\u00fclt\u00fcrel anlam d\u00fcnyalar\u0131n\u0131, duygu yap\u0131lar\u0131n\u0131, pratik ve temsilleri kavramay\u0131 hedefliyoruz. \u00d6zel m\u00fclkiyetin hangi bi\u00e7imlerde in\u015fa, icra ve ihlal edildi\u011fini anlayabilmek i\u00e7in tarihsel ve g\u00fcncel boyutlar\u0131yla T\u00fcrkiye ba\u011flam\u0131na odaklan\u0131yoruz.\u201d \u2014 Beg\u00fcm \u00d6zden F\u0131rat ve F\u0131rat Gen\u00e7 HAZIRLAYANLAR HAKKINDA: Beg\u00fcm \u00d6zden F\u0131rat, Mimar Sinan G\u00fczel Sanatlar \u00dcniversitesi Sosyoloji B\u00f6l\u00fcm\u00fc\u2019nde \u00f6\u011fretim \u00fcyesidir. Lisans e\u011fitimini Ankara Siyasal Bilgiler Fak\u00fcltesi\u2019nde, y\u00fcksek lisans\u0131n\u0131 ODT\u00dc Sosyoloji B\u00f6l\u00fcm\u00fc\u2019nde tamamlad\u0131, doktora derecesini Amsterdam \u00dcniversitesi, Amsterdam School for Cultural Analysis program\u0131ndan ald\u0131. Kent ve k\u00fclt\u00fcr sosyolojisi, g\u00f6rsel k\u00fclt\u00fcr \u00e7al\u0131\u015fmalar\u0131 ve toplumsal hareketler alanlar\u0131nda \u00e7al\u0131\u015fmaktad\u0131r. Commitment and Complicity in Cultural Theory and Practice (Palgrave\/Macmillan, 2009), Cultural Activism: Practices, Dilemmas, Possibilities (Rodopi, 2011) ve K\u00fcresel Ayaklanma \u00c7a\u011f\u0131nda Direni\u015f ve Estetik (\u0130leti\u015fim, 2015) kitaplar\u0131n\u0131n edit\u00f6rlerindendir. Encounters with the Ottoman Miniature: Contemporary Readings of an Imperial Art adl\u0131 kitab\u0131 2015\u2019te I. B. Tauris taraf\u0131ndan yay\u0131mlanm\u0131\u015ft\u0131r. Ho\u015fgeldin Lenin (2016) ve Bo\u015fluk (2020) adl\u0131 belgesellerin y\u00f6netmenlerindendir. F\u0131rat Gen\u00e7, \u0130stanbul Bilgi \u00dcniversitesi Sosyoloji B\u00f6l\u00fcm\u00fc\u2019nde \u00f6\u011fretim \u00fcyesi. Doktora derecesini Bo\u011fazi\u00e7i \u00dcniversitesi Modern T\u00fcrkiye Tarihi B\u00f6l\u00fcm\u00fc\u2019nden ald\u0131. 2016 y\u0131l\u0131nda Bo\u011fazi\u00e7i \u00dcniversitesi Sosyoloji B\u00f6l\u00fcm\u00fc\u2019nde doktora-sonras\u0131 ara\u015ft\u0131rmac\u0131 olarak akademik \u00e7al\u0131\u015fmalar\u0131na devam etti, ayn\u0131 b\u00f6l\u00fcmde ders verdi. Kentlerin T\u00fcrkiyesi: \u0130mk\u00e2nlar, S\u0131n\u0131rlar ve \u00c7at\u0131\u015fmalar (\u0130leti\u015fim, 2021) ve \u201cMilletin B\u00f6l\u00fcnmez B\u00fct\u00fcnl\u00fc\u011f\u00fc\u201d: Demokratikle\u015fme S\u00fcrecinde Par\u00e7alayan Milliyet\u00e7ilikler (TESEV, 2007) ba\u015fl\u0131kl\u0131 kitaplar\u0131n e\u015fyazarlar\u0131ndan biri. Kent \u00e7al\u0131\u015fmalar\u0131, mek\u00e2n politikas\u0131, toplumsal hareketler, K\u00fcrt sorunu ve uluslararas\u0131 g\u00f6\u00e7 \u00fczerine yaz\u0131lar\u0131 \u00e7e\u015fitli dergilerde ve derleme kitaplarda yay\u0131mland\u0131. <\/p>\n","protected":false},"excerpt":{"rendered":"<p>\u201cBug\u00fcn hayatlar\u0131m\u0131za y\u00f6n veren can al\u0131c\u0131 meseleler, ilk bak\u0131\u015fta g\u00f6r\u00fcnd\u00fc\u011f\u00fcnden \u00e7ok daha dolays\u0131z bi\u00e7imde m\u00fclkiyet kavram\u0131yla ili\u015fkili. Derinle\u015fen e\u015fitsizlikler, insanl\u0131\u011f\u0131n kolektif birikiminin ve do\u011fan\u0131n metala\u015fmas\u0131, konvansiyonel<span class=\"excerpt-hellip\"> [\u2026]<\/span><\/p>\n","protected":false},"featured_media":0,"template":"","meta":{"_monsterinsights_skip_tracking":false,"_monsterinsights_sitenote_active":false,"_monsterinsights_sitenote_note":"","_monsterinsights_sitenote_category":0},"product_brand":[],"product_cat":[12324],"product_tag":[],"class_list":{"0":"post-754198","1":"product","2":"type-product","3":"status-publish","5":"product_cat-sosyoloji","6":"pa_cilt-ciltsiz","7":"pa_tur-kitap","8":"pa_yayinevi-metis-yayinlari","9":"pa_yazar-kolektif","11":"first","12":"instock","13":"sale","14":"shipping-taxable","15":"purchasable","16":"product-type-simple"},"_links":{"self":[{"href":"https:\/\/roveyayinevi.com.tr\/index.php\/wp-json\/wp\/v2\/product\/754198","targetHints":{"allow":["GET"]}}],"collection":[{"href":"https:\/\/roveyayinevi.com.tr\/index.php\/wp-json\/wp\/v2\/product"}],"about":[{"href":"https:\/\/roveyayinevi.com.tr\/index.php\/wp-json\/wp\/v2\/types\/product"}],"wp:attachment":[{"href":"https:\/\/roveyayinevi.com.tr\/index.php\/wp-json\/wp\/v2\/media?parent=754198"}],"wp:term":[{"taxonomy":"product_brand","embeddable":true,"href":"https:\/\/roveyayinevi.com.tr\/index.php\/wp-json\/wp\/v2\/product_brand?post=754198"},{"taxonomy":"product_cat","embeddable":true,"href":"https:\/\/roveyayinevi.com.tr\/index.php\/wp-json\/wp\/v2\/product_cat?post=754198"},{"taxonomy":"product_tag","embeddable":true,"href":"https:\/\/roveyayinevi.com.tr\/index.php\/wp-json\/wp\/v2\/product_tag?post=754198"}],"curies":[{"name":"wp","href":"https:\/\/api.w.org\/{rel}","templated":true}]}}