{"id":754176,"date":"2025-08-28T06:03:47","date_gmt":"2025-08-28T03:03:47","guid":{"rendered":"https:\/\/roveyayinevi.com.tr\/index.php\/urun\/guvenlik-ilkesi\/"},"modified":"2026-04-16T03:07:28","modified_gmt":"2026-04-16T00:07:28","slug":"guvenlik-ilkesi","status":"publish","type":"product","link":"https:\/\/roveyayinevi.com.tr\/index.php\/urun\/guvenlik-ilkesi\/","title":{"rendered":"G\u00fcvenlik \u0130lkesi"},"content":{"rendered":"<p>G\u00fcvenlik, politikada ve medyada g\u00fcn\u00fcm\u00fcz\u00fcn en \u00f6nemli bahis konular\u0131ndan birini olu\u015fturur. Kamusal tart\u0131\u015fmalarda sorumlu siyaset\u00e7ilerin dilinden hi\u00e7 d\u00fc\u015fmez: G\u00fcvensizlik duygusunun artmas\u0131ndan yak\u0131n\u0131l\u0131r, g\u00fcvenli\u011fin g\u00fcya \u00f6zg\u00fcrl\u00fcklerin ilki oldu\u011fu ilan edilir, i\u015fsizlik ve ekolojiyle birlikte halk\u0131n en \u00f6nemli sorunlar\u0131ndan biri oldu\u011fu saptan\u0131r, \u00e7ocu\u011fun geli\u015fiminin ve yeti\u015fkinin mutlulu\u011funun vazge\u00e7ilmez ko\u015fulu haline getirilir.   \u00d6te yandan birka\u00e7 y\u0131ldan beri \u201cg\u0131da g\u00fcvenli\u011fi\u201d, \u201cenerji g\u00fcvenli\u011fi\u201d, \u201cinsan g\u00fcvenli\u011fi\u201d vs gibi yeni terimler ortaya \u00e7\u0131km\u0131\u015ft\u0131r. Son olarak, g\u00fcvenliklerle ilgili ekonomik sekt\u00f6r\u00fcn her bi\u00e7imi (enformatik, ev otomasyonu, g\u00f6zetim) b\u00fcy\u00fck bir geli\u015fme i\u00e7erisindedir.   Ama bu g\u00fcvenlik denen \u015fey nedir? Bir duygu mu, siyasi bir program m\u0131, maddi g\u00fc\u00e7ler mi, bir sis bulutu mu, bir umut mu, patolojik bir tak\u0131nt\u0131 m\u0131, bir me\u015fruiyet kayna\u011f\u0131 m\u0131, pazarlanan bir mal m\u0131, bir kamu hizmeti mi?   Frans\u0131z filozof Fr\u00e9d\u00e9ric Gros, bu eserinde g\u00fcvenlik kavram\u0131na tarihsel bir yakla\u015f\u0131m getirerek Stoac\u0131lardan sosyal a\u011flara kadar ge\u00e7irdi\u011fi evrimi inceliyor. Gros&#8217;nun bu k\u0131\u015fk\u0131rt\u0131c\u0131 incelemesi, g\u00fcvenli\u011fin hem ge\u00e7mi\u015fteki anlamlar\u0131na hem de g\u00fcn\u00fcm\u00fczdeki kullan\u0131mlar\u0131na \u0131\u015f\u0131k tutarak, g\u00fcvenli\u011fin g\u00fcn\u00fcm\u00fczdeki suiistimallerini ve g\u00fcndelik ya\u015famdaki yayg\u0131nl\u0131\u011f\u0131n\u0131 g\u00f6zler \u00f6n\u00fcne seriyor. <\/p>\n","protected":false},"excerpt":{"rendered":"<p>G\u00fcvenlik, politikada ve medyada g\u00fcn\u00fcm\u00fcz\u00fcn en \u00f6nemli bahis konular\u0131ndan birini olu\u015fturur. Kamusal tart\u0131\u015fmalarda sorumlu siyaset\u00e7ilerin dilinden hi\u00e7 d\u00fc\u015fmez: G\u00fcvensizlik duygusunun artmas\u0131ndan yak\u0131n\u0131l\u0131r, g\u00fcvenli\u011fin g\u00fcya \u00f6zg\u00fcrl\u00fcklerin ilki<span class=\"excerpt-hellip\"> [\u2026]<\/span><\/p>\n","protected":false},"featured_media":0,"template":"","meta":{"_monsterinsights_skip_tracking":false,"_monsterinsights_sitenote_active":false,"_monsterinsights_sitenote_note":"","_monsterinsights_sitenote_category":0},"product_brand":[],"product_cat":[12388,14717],"product_tag":[],"class_list":{"0":"post-754176","1":"product","2":"type-product","3":"status-publish","5":"product_cat-felsefe","6":"product_cat-felsefe-tarihi","7":"pa_cilt-ciltsiz","8":"pa_tur-kitap","9":"pa_yayinevi-kolektif-kitap","10":"pa_yazar-frederic-gros","12":"first","13":"instock","14":"sale","15":"shipping-taxable","16":"purchasable","17":"product-type-simple"},"_links":{"self":[{"href":"https:\/\/roveyayinevi.com.tr\/index.php\/wp-json\/wp\/v2\/product\/754176","targetHints":{"allow":["GET"]}}],"collection":[{"href":"https:\/\/roveyayinevi.com.tr\/index.php\/wp-json\/wp\/v2\/product"}],"about":[{"href":"https:\/\/roveyayinevi.com.tr\/index.php\/wp-json\/wp\/v2\/types\/product"}],"wp:attachment":[{"href":"https:\/\/roveyayinevi.com.tr\/index.php\/wp-json\/wp\/v2\/media?parent=754176"}],"wp:term":[{"taxonomy":"product_brand","embeddable":true,"href":"https:\/\/roveyayinevi.com.tr\/index.php\/wp-json\/wp\/v2\/product_brand?post=754176"},{"taxonomy":"product_cat","embeddable":true,"href":"https:\/\/roveyayinevi.com.tr\/index.php\/wp-json\/wp\/v2\/product_cat?post=754176"},{"taxonomy":"product_tag","embeddable":true,"href":"https:\/\/roveyayinevi.com.tr\/index.php\/wp-json\/wp\/v2\/product_tag?post=754176"}],"curies":[{"name":"wp","href":"https:\/\/api.w.org\/{rel}","templated":true}]}}