{"id":753914,"date":"2025-08-28T05:56:11","date_gmt":"2025-08-28T02:56:11","guid":{"rendered":"https:\/\/roveyayinevi.com.tr\/index.php\/urun\/1923-2023-yuz-yilin-siyasi-hikayesi\/"},"modified":"2026-04-16T03:07:22","modified_gmt":"2026-04-16T00:07:22","slug":"1923-2023-yuz-yilin-siyasi-hikayesi","status":"publish","type":"product","link":"https:\/\/roveyayinevi.com.tr\/index.php\/urun\/1923-2023-yuz-yilin-siyasi-hikayesi\/","title":{"rendered":"1923-2023 Y\u00fcz Y\u0131l\u0131n Siyasi Hikayesi"},"content":{"rendered":"<p>Cumhuriyetin y\u00fcz\u00fcnc\u00fc y\u0131l\u0131 dolay\u0131s\u0131yla kaleme al\u0131nan bu kitap esasen bir \u201csiyasi tarih\u201d anlat\u0131m\u0131d\u0131r ve geride kalan y\u00fcz y\u0131la soldan, bir sosyalistin g\u00f6z\u00fcyle bakma \u00e7abas\u0131d\u0131r. B\u00f6yle s\u00f6yleyince \u201ctarafs\u0131z\u201d veya \u201cobjektif\u201d olunamayaca\u011f\u0131n\u0131 ileri s\u00fcrenler olabilir ama asl\u0131nda her tarih anlat\u0131m\u0131 s\u00fcbjektif ve tarafl\u0131d\u0131r. Buna yol a\u00e7an ise bak\u0131\u015f a\u00e7\u0131s\u0131d\u0131r; nereden bakt\u0131\u011f\u0131n\u0131za ba\u011fl\u0131 olarak g\u00f6rd\u00fckleriniz ve yorumlar\u0131n\u0131z farkl\u0131 olacakt\u0131r. Bu kitaptaki bak\u0131\u015f a\u00e7\u0131s\u0131 \u201cresmi tarih\u201d denilen anlay\u0131\u015ftan uzak, ona ele\u015ftirel bir yakla\u015f\u0131m i\u00e7ermektedir. Dolay\u0131s\u0131yla baz\u0131 \u00f6nyarg\u0131lara \u00e7arpabilir ama \u00f6nemli olan basit veya temelsiz bir \u00f6vg\u00fc veya s\u00f6vg\u00fcden uzak durarak olgular\u0131 anlamaya, olan biteni anlamland\u0131rmaya \u00e7al\u0131\u015fmakt\u0131r. \u0130lk b\u00f6l\u00fcmde \u201cKurucu Babalar\u201d ele al\u0131n\u0131yor. \u0130kinci b\u00f6l\u00fcmde cumhuriyetin farkl\u0131 siyasi d\u00f6nemleri ve akt\u00f6rleri de\u011ferlendiriliyor. \u00dc\u00e7\u00fcnc\u00fc b\u00f6l\u00fcmde cumhuriyetin ba\u015f\u0131ndan bug\u00fcne etkili olmu\u015f \u00fc\u00e7 siyasi-ideolojik hareket ele al\u0131n\u0131yor: Milliyet\u00e7ilik, \u0130slamc\u0131l\u0131k, Sosyalizm. D\u00f6rd\u00fcnc\u00fc b\u00f6l\u00fcmde askeri darbeler ele al\u0131n\u0131rken be\u015finci b\u00f6l\u00fcmde sosyalist hareketin 1960-80 aras\u0131ndaki \u00f6zel d\u00f6nemi tart\u0131\u015f\u0131l\u0131yor. Alt\u0131nc\u0131 b\u00f6l\u00fcmde K\u00fcrt meselesinin, yedinci b\u00f6l\u00fcmde ise AKP\u2019nin iktidarda bulundu\u011fu son 21 y\u0131l\u0131n tart\u0131\u015fmas\u0131 yap\u0131l\u0131yor. Son b\u00f6l\u00fcmde ise d\u00f6n\u00fcm noktas\u0131 niteli\u011findeki baz\u0131 siyasi cinayetler de\u011ferlendiriliyor. ABD\u2019li siyahi yazar ve aktivist James Baldwin, \u201cTarih ge\u00e7mi\u015f de\u011fildir, tarihi yan\u0131m\u0131zda ta\u015f\u0131r\u0131z\u201d demi\u015f. Asl\u0131nda tarihe y\u00fcklenen bu rol ge\u00e7mi\u015fe, tarihimize nas\u0131l bakt\u0131\u011f\u0131m\u0131za, nas\u0131l y\u00fczle\u015fti\u011fimize ba\u011fl\u0131d\u0131r. Ge\u00e7mi\u015fi yan\u0131m\u0131zda ta\u015f\u0131mamam\u0131z i\u00e7in onunla y\u00fczle\u015fmemiz gerek zira gerekti\u011finde yeni ba\u015flang\u0131\u00e7lar yapmak ve gelece\u011fi kurmak zor olur. Bu kitap ayn\u0131 zamanda b\u00f6yle bir y\u00fczle\u015fmeye ve yeni ba\u015flang\u0131\u00e7lara davettir\u2026<\/p>\n","protected":false},"excerpt":{"rendered":"<p>Cumhuriyetin y\u00fcz\u00fcnc\u00fc y\u0131l\u0131 dolay\u0131s\u0131yla kaleme al\u0131nan bu kitap esasen bir \u201csiyasi tarih\u201d anlat\u0131m\u0131d\u0131r ve geride kalan y\u00fcz y\u0131la soldan, bir sosyalistin g\u00f6z\u00fcyle bakma \u00e7abas\u0131d\u0131r. B\u00f6yle s\u00f6yleyince<span class=\"excerpt-hellip\"> [\u2026]<\/span><\/p>\n","protected":false},"featured_media":0,"template":"","meta":{"_monsterinsights_skip_tracking":false,"_monsterinsights_sitenote_active":false,"_monsterinsights_sitenote_note":"","_monsterinsights_sitenote_category":0},"product_brand":[],"product_cat":[12337,14528],"product_tag":[],"class_list":{"0":"post-753914","1":"product","2":"type-product","3":"status-publish","5":"product_cat-politika-siyaset","6":"product_cat-siyaset-tarihi","7":"pa_cilt-ciltsiz","8":"pa_tur-kitap","9":"pa_yayinevi-aykiri-yayinlari","10":"pa_yazar-seyfi-ongider","12":"first","13":"instock","14":"sale","15":"shipping-taxable","16":"purchasable","17":"product-type-simple"},"_links":{"self":[{"href":"https:\/\/roveyayinevi.com.tr\/index.php\/wp-json\/wp\/v2\/product\/753914","targetHints":{"allow":["GET"]}}],"collection":[{"href":"https:\/\/roveyayinevi.com.tr\/index.php\/wp-json\/wp\/v2\/product"}],"about":[{"href":"https:\/\/roveyayinevi.com.tr\/index.php\/wp-json\/wp\/v2\/types\/product"}],"wp:attachment":[{"href":"https:\/\/roveyayinevi.com.tr\/index.php\/wp-json\/wp\/v2\/media?parent=753914"}],"wp:term":[{"taxonomy":"product_brand","embeddable":true,"href":"https:\/\/roveyayinevi.com.tr\/index.php\/wp-json\/wp\/v2\/product_brand?post=753914"},{"taxonomy":"product_cat","embeddable":true,"href":"https:\/\/roveyayinevi.com.tr\/index.php\/wp-json\/wp\/v2\/product_cat?post=753914"},{"taxonomy":"product_tag","embeddable":true,"href":"https:\/\/roveyayinevi.com.tr\/index.php\/wp-json\/wp\/v2\/product_tag?post=753914"}],"curies":[{"name":"wp","href":"https:\/\/api.w.org\/{rel}","templated":true}]}}