{"id":753648,"date":"2025-08-28T05:49:00","date_gmt":"2025-08-28T02:49:00","guid":{"rendered":"https:\/\/roveyayinevi.com.tr\/index.php\/urun\/sapiensin-yolculugu\/"},"modified":"2026-04-16T03:07:15","modified_gmt":"2026-04-16T00:07:15","slug":"sapiensin-yolculugu","status":"publish","type":"product","link":"https:\/\/roveyayinevi.com.tr\/index.php\/urun\/sapiensin-yolculugu\/","title":{"rendered":"Sapiens\u2019in Yolculu\u011fu"},"content":{"rendered":"<p>60.000 y\u0131ldan uzun bir s\u00fcre \u00f6nce atalar\u0131m\u0131z, Afrika\u2019dan yola \u00e7\u0131karak d\u00fcnyan\u0131n d\u00f6rt bir yan\u0131na yay\u0131ld\u0131 ve b\u00f6ylece modern insana uzanan evrimsel, tarihsel ve k\u00fclt\u00fcrel bir yolculuk ba\u015flam\u0131\u015f oldu. Peki ama b\u00fct\u00fcn bunlardan \u00f6nce ne yap\u0131yorduk? Nereden geliyoruz? Biz neyiz? Nereye gidiyoruz? \u00dcnl\u00fc biyolog Llu\u00eds Quintana-Murci bu sorulara yan\u0131t verirken, genomlar\u0131m\u0131z\u0131 de\u015fifre etmek ve sadece g\u00fcn\u00fcm\u00fcz\u00fcn de\u011fil, ayn\u0131 zamanda fosil kal\u0131nt\u0131lar sayesinde d\u00fcn\u00fcn insan pop\u00fclasyonlar\u0131n\u0131n \u00e7e\u015fitliliklerini ke\u015ffetmek i\u00e7in bilimin sundu\u011fu g\u00fc\u00e7l\u00fc ara\u00e7lardan faydalan\u0131yor. Homo sapiens\u2019in Neandertaller ve Denisoval\u0131lar gibi arkaik insanlarla nas\u0131l kar\u0131\u015ft\u0131\u011f\u0131n\u0131 anlat\u0131yor. B\u00f6ylece modern \u0131rk\u00e7\u0131l\u0131\u011fa da bilimsel bir nokta koyuyor: Hepimiz meleziz. Ancak bu melezle\u015fme, patojenler ve \u00f6zellikle vir\u00fcsler kar\u015f\u0131s\u0131nda hayatta kalmam\u0131za yard\u0131mc\u0131 olsa da i\u00e7imizdeki Neandertal miras\u0131 zararl\u0131 olabiliyor, hatta Covid-19 gibi salg\u0131nlara kar\u015f\u0131 ba\u011f\u0131\u015f\u0131kl\u0131\u011f\u0131m\u0131z\u0131 zay\u0131flatabiliyor. Sapiens\u2019in Yolculu\u011fu, k\u00f6kenlerimizi ara\u015ft\u0131rmak \u00fczere bizi g\u00f6\u00e7ler, melezlik ve adaptasyonun evrimsel temellerinin izinde muhte\u015fem bir yolculu\u011fa \u00e7\u0131kar\u0131yor. <\/p>\n","protected":false},"excerpt":{"rendered":"<p>60.000 y\u0131ldan uzun bir s\u00fcre \u00f6nce atalar\u0131m\u0131z, Afrika\u2019dan yola \u00e7\u0131karak d\u00fcnyan\u0131n d\u00f6rt bir yan\u0131na yay\u0131ld\u0131 ve b\u00f6ylece modern insana uzanan evrimsel, tarihsel ve k\u00fclt\u00fcrel bir yolculuk<span class=\"excerpt-hellip\"> [\u2026]<\/span><\/p>\n","protected":false},"featured_media":0,"template":"","meta":{"_monsterinsights_skip_tracking":false,"_monsterinsights_sitenote_active":false,"_monsterinsights_sitenote_note":"","_monsterinsights_sitenote_category":0},"product_brand":[],"product_cat":[13005],"product_tag":[],"class_list":{"0":"post-753648","1":"product","2":"type-product","3":"status-publish","5":"product_cat-bilim-muhendislik","6":"pa_cilt-ciltsiz","7":"pa_tur-kitap","8":"pa_yayinevi-irene-kitap","9":"pa_yazar-lluis-quintana-murci","11":"first","12":"instock","13":"sale","14":"shipping-taxable","15":"purchasable","16":"product-type-simple"},"_links":{"self":[{"href":"https:\/\/roveyayinevi.com.tr\/index.php\/wp-json\/wp\/v2\/product\/753648","targetHints":{"allow":["GET"]}}],"collection":[{"href":"https:\/\/roveyayinevi.com.tr\/index.php\/wp-json\/wp\/v2\/product"}],"about":[{"href":"https:\/\/roveyayinevi.com.tr\/index.php\/wp-json\/wp\/v2\/types\/product"}],"wp:attachment":[{"href":"https:\/\/roveyayinevi.com.tr\/index.php\/wp-json\/wp\/v2\/media?parent=753648"}],"wp:term":[{"taxonomy":"product_brand","embeddable":true,"href":"https:\/\/roveyayinevi.com.tr\/index.php\/wp-json\/wp\/v2\/product_brand?post=753648"},{"taxonomy":"product_cat","embeddable":true,"href":"https:\/\/roveyayinevi.com.tr\/index.php\/wp-json\/wp\/v2\/product_cat?post=753648"},{"taxonomy":"product_tag","embeddable":true,"href":"https:\/\/roveyayinevi.com.tr\/index.php\/wp-json\/wp\/v2\/product_tag?post=753648"}],"curies":[{"name":"wp","href":"https:\/\/api.w.org\/{rel}","templated":true}]}}