{"id":753458,"date":"2025-08-28T05:44:12","date_gmt":"2025-08-28T02:44:12","guid":{"rendered":"https:\/\/roveyayinevi.com.tr\/index.php\/urun\/turk-idari-teskilati-tarihi\/"},"modified":"2026-04-16T03:06:48","modified_gmt":"2026-04-16T00:06:48","slug":"turk-idari-teskilati-tarihi","status":"publish","type":"product","link":"https:\/\/roveyayinevi.com.tr\/index.php\/urun\/turk-idari-teskilati-tarihi\/","title":{"rendered":"T\u00fcrk \u0130dari Te\u015fkilat\u0131 Tarihi"},"content":{"rendered":"<p>T\u00fcrk \u0130dar\u00ee Te\u015fkil\u00e2t\u0131 Tarihi Hayat\u0131n\u0131 Osmanl\u0131 tarihi \u00fczerine ara\u015ft\u0131rmalara adam\u0131\u015f, kitaplar ve makaleler yazm\u0131\u015f, T\u00fcrkiye\u2019de ve d\u00fcnyada konferanslar vermi\u015f Halil \u0130nalc\u0131k\u2019\u0131n ders notlar\u0131; pek \u00e7ok y\u00f6nden g\u00fcncelli\u011fini korumakta ve tarih severlere yeni bak\u0131\u015f a\u00e7\u0131lar\u0131 kazand\u0131rmakta, yeni ufuklar a\u00e7maktad\u0131r. \u0130nalc\u0131k, 1942 y\u0131l\u0131nda Ankara \u00dcniversitesi Dil ve Tarih-Co\u011frafya Fak\u00fcltesi\u2019nde ba\u015flad\u0131\u011f\u0131 \u00f6\u011freticili\u011fine, ba\u015fta Chicago ile Bilkent olmak \u00fczere Harvard ve Princeton gibi sayg\u0131n \u00fcniversitelerde de devam etmi\u015ftir. Lisans, Y\u00fcksek Lisans ve Doktora d\u00fczeylerindeki bu derslerde, sonradan meslekta\u015f\u0131 olacak ve Osmanl\u0131 \u00e7al\u0131\u015fmalar\u0131n\u0131 bug\u00fcnk\u00fc konumuna eri\u015ftirecek \u00f6\u011frenciler yeti\u015ftirmi\u015ftir. Kitapta, Osmanl\u0131 Devleti\u2019nin U\u00e7 Beyli\u011fi\u2019nden ba\u015flayarak Abd\u00fclhamid\u2019in D\u00fc\u015f\u00fc\u015f\u00fc\u2019ne kadar devletin nas\u0131l idare edildi\u011fi, hukukun i\u015fleyi\u015fi, kurumlar\u0131n\u0131n yap\u0131s\u0131 ve tarih\u00ee k\u00f6kenleri, siyas\u00ee hadiselerle iktisad\u00ee vaziyet aras\u0131ndaki illiyet ba\u011f\u0131, din-devlet ili\u015fkileri, eski T\u00fcrk ve \u0130slam devletlerinde g\u00f6r\u00fclen idare tarz\u0131n\u0131n Osmanl\u0131 y\u00f6netimine etkileri gibi konular\u0131n ustal\u0131kla i\u015flendi\u011fi belirgindir. Bunlar\u0131n yan\u0131 s\u0131ra kurulu\u015f meselesi, beylik devri, ahiler, zaviyeler, hilafet, saray te\u015fkil\u00e2t\u0131, kul sitemi, merkez\u00ee h\u00fck\u00fcmet, t\u0131mar sistemi ve Tanzimat gibi ba\u015fl\u0131klar da eserde \u00f6nemle \u00fczerinde durulan konular aras\u0131ndad\u0131r. M\u00fcellif, engin birikimi ve eski vesikalara derin hakimiyeti sayesinde Osmanl\u0131 tarihini bir b\u00fct\u00fcn olarak ele almay\u0131 ba\u015farm\u0131\u015f ve devletin idar\u00ee yap\u0131s\u0131n\u0131n \u00e2deta r\u00f6ntgenini \u00e7ekerek m\u00fckemmel bir \u00f6zet sunmu\u015ftur. Ayr\u0131ca Osmanl\u0131 ar\u015fiv belgelerini konu\u015fturma kabiliyetiyle yapt\u0131\u011f\u0131 tahliller ve \u00e7\u0131kar\u0131mlar ile ula\u015ft\u0131\u011f\u0131 sonu\u00e7lar hem emsalsiz hem de yeni ara\u015ft\u0131rma yapacak kimseler i\u00e7in ilham vericidir. T\u00fcrk \u0130dar\u00ee Te\u015fkil\u00e2t\u0131 Tarihi, Orta Asya T\u00fcrk gelenekleri ile \u0130sl\u00e2miyet\u2019ten etkilenerek \u015fekillenen ve \u0130mparatorluk\u2019tan Cumhuriyet\u2019e miras kalan T\u00fcrk y\u00f6netim yap\u0131s\u0131n\u0131n Halil \u0130nalc\u0131k taraf\u0131ndan titizlikle incelendi\u011fi muazzam bir kaynak eserdir. <\/p>\n","protected":false},"excerpt":{"rendered":"<p>T\u00fcrk \u0130dar\u00ee Te\u015fkil\u00e2t\u0131 Tarihi Hayat\u0131n\u0131 Osmanl\u0131 tarihi \u00fczerine ara\u015ft\u0131rmalara adam\u0131\u015f, kitaplar ve makaleler yazm\u0131\u015f, T\u00fcrkiye\u2019de ve d\u00fcnyada konferanslar vermi\u015f Halil \u0130nalc\u0131k\u2019\u0131n ders notlar\u0131; pek \u00e7ok y\u00f6nden<span class=\"excerpt-hellip\"> [\u2026]<\/span><\/p>\n","protected":false},"featured_media":0,"template":"","meta":{"_monsterinsights_skip_tracking":false,"_monsterinsights_sitenote_active":false,"_monsterinsights_sitenote_note":"","_monsterinsights_sitenote_category":0},"product_brand":[],"product_cat":[13517,12304],"product_tag":[],"class_list":{"0":"post-753458","1":"product","2":"type-product","3":"status-publish","5":"product_cat-osmanli-tarihi","6":"product_cat-tarih","7":"pa_cilt-ciltsiz","8":"pa_tur-kitap","9":"pa_yayinevi-kronik-kitap","10":"pa_yazar-halil-inalcik","12":"first","13":"instock","14":"sale","15":"shipping-taxable","16":"purchasable","17":"product-type-simple"},"_links":{"self":[{"href":"https:\/\/roveyayinevi.com.tr\/index.php\/wp-json\/wp\/v2\/product\/753458","targetHints":{"allow":["GET"]}}],"collection":[{"href":"https:\/\/roveyayinevi.com.tr\/index.php\/wp-json\/wp\/v2\/product"}],"about":[{"href":"https:\/\/roveyayinevi.com.tr\/index.php\/wp-json\/wp\/v2\/types\/product"}],"wp:attachment":[{"href":"https:\/\/roveyayinevi.com.tr\/index.php\/wp-json\/wp\/v2\/media?parent=753458"}],"wp:term":[{"taxonomy":"product_brand","embeddable":true,"href":"https:\/\/roveyayinevi.com.tr\/index.php\/wp-json\/wp\/v2\/product_brand?post=753458"},{"taxonomy":"product_cat","embeddable":true,"href":"https:\/\/roveyayinevi.com.tr\/index.php\/wp-json\/wp\/v2\/product_cat?post=753458"},{"taxonomy":"product_tag","embeddable":true,"href":"https:\/\/roveyayinevi.com.tr\/index.php\/wp-json\/wp\/v2\/product_tag?post=753458"}],"curies":[{"name":"wp","href":"https:\/\/api.w.org\/{rel}","templated":true}]}}