{"id":753401,"date":"2025-08-28T05:42:39","date_gmt":"2025-08-28T02:42:39","guid":{"rendered":"https:\/\/roveyayinevi.com.tr\/index.php\/urun\/modern-turkiyede-kultur-savaslari\/"},"modified":"2026-04-16T03:06:46","modified_gmt":"2026-04-16T00:06:46","slug":"modern-turkiyede-kultur-savaslari","status":"publish","type":"product","link":"https:\/\/roveyayinevi.com.tr\/index.php\/urun\/modern-turkiyede-kultur-savaslari\/","title":{"rendered":"Modern T\u00fcrkiye\u2019de K\u00fclt\u00fcr Sava\u015flar\u0131"},"content":{"rendered":"<p>K\u00fclt\u00fcr sath\u0131nda etkili bir ger\u00e7eklik olarak kulturkampf (k\u00fclt\u00fcr sava\u015f\u0131), farkl\u0131 ton ve derecelerde de olsa, \u00e7a\u011fda\u015f d\u00fcnyadaki kamusal tart\u0131\u015fmalara y\u00f6n vermeye devam ediyor. Bu ger\u00e7eklik, modernle\u015fme periyodunun erken evrelerinden itibaren laik ve muhafazak\u00e2r bloklar aras\u0131 rekabet\u00e7i, keskin ve \u00e7at\u0131\u015fmal\u0131 ili\u015fiklere sahne olan T\u00fcrkiye sath\u0131na geldi\u011fimizde daha keskin ve rafine temsillerle kar\u015f\u0131m\u0131za \u00e7\u0131kar. S\u00f6z konusu kampla\u015fman\u0131n geni\u015f kitleler \u00fczerindeki \u201cb\u00fcy\u00fcsel\u201d etkisi, derece farklar\u0131 g\u00f6r\u00fclse de, g\u00fcn\u00fcm\u00fcze kadar uzanabiliyor. Nitekim ideoloji, sivil toplum, e\u011fitim, kad\u0131n hareketleri, toplumsal cinsiyet, dindarl\u0131k formlar\u0131, kent siyaseti, g\u00f6\u00e7men ve yerliler aras\u0131 gerilimler gibi bir dizi yeni temsillerle akt\u00fcel mecrada istikrar\u0131n\u0131 korumakta. Bu \u00e7al\u0131\u015fma da, k\u00fclt\u00fcr merkezli \u00e7at\u0131\u015fma aks\u0131n\u0131 sosyolojik analizin merkezine oturtuyor.  K\u00dcLT\u00dcR SAVA\u015eI: B\u0130R KAVRAMIN SERANCAMIKulturkampf ve T\u00fcrevlerini Kavramsalla\u015ft\u0131rmak Ural Man\u00e7o \u2022 Postmodernle\u015fen Kulturkampf: Amerika\u2019da Culture Wars Ural Man\u00e7o \u0130DEOLOJ\u0130LER \u00c7A\u011eINDA K\u00dcLT\u00dcR SAVA\u015eISosyoloji ve Siyaset Bilimi Ekseninde K\u00fclt\u00fcr Sava\u015f\u0131 Burak Bilgehan \u00d6zpek \u2022 So\u011fuk Sava\u015f Sahnesinde K\u00fclt\u00fcr Sava\u015f\u0131 G\u00dcn Zileli \u2022 Modern T\u00fcrk Kulturkampf\u2019\u0131nda Kurucu Mit: Demokrat Parti Cereyan\u0131 ve 27 May\u0131s  \u0130rfan \u00d6zet \u2022 T\u00fcrk Sa\u011f\u0131n\u0131n K\u00fclt\u00fcr Sava\u015f\u0131 Tar\u0131k \u00c7elenk \u2022 T\u00fcrkiye\u2019de De\u011fi\u015fen K\u00fclt\u00fcr ve Modernle\u015fme Anlay\u0131\u015flar\u0131na E\u011fitim \u00dczerinden Bir Bak\u0131\u015f Elif Gen\u00e7kal Eroler \u2022 \u0130slamc\u0131l\u0131\u011f\u0131n Kampfplatz\u2019\u0131 Olarak Mek\u00e2n Necmettin Do\u011fanBEDENLER\u0130 KONTROL ETMEK: K\u00dcLT\u00dcR SAVA\u015eI FRAGMANLARIT\u00fcrkiye\u2019de Kad\u0131n Hareketi ve Politikalar\u0131 K\u00fclt\u00fcr Sava\u015f\u0131 Ekseninde Ele Al\u0131nabilir  Ay\u015fe Deniz \u00dcnan G\u00f6ktan \u2022 Kulturkampf Kavram\u0131n\u0131 Tersine \u00c7eviren Bir Kent Olarak Konya\u2019da Siyasal K\u00fclt\u00fcr Hac\u0131 \u00c7evik \u2022 Bir K\u00fclt\u00fcr Sava\u015f\u0131 Alan\u0131 Olarak Toplumsal Cinsiyet: Ba\u015fl\u0131ca Tart\u0131\u015fmalar  Aykut S\u0131\u011f\u0131n  \u2022 K\u00fclt\u00fcr M\u00fccadelesinin Sivil Toplumunda Bir Metamorfoz \u00d6rne\u011fi: Cumhuriyet Kad\u0131nlar\u0131 Derne\u011fi Bu\u015fra \u00c7elik  \u2022 2000\u2019ler \u00d6ncesi \u201cK\u00fclt\u00fcrel\u201d Dindarl\u0131k Formlar\u0131 Volkan Ertit  \u2022 G\u00fc\u00e7 \u0130li\u015fkileri Ekseninde K\u00fclt\u00fcr Sava\u015f\u0131: Suriyeli M\u00fclteciler ve Yabanc\u0131 D\u00fc\u015fmanl\u0131\u011f\u0131 Emrah YA\u011eMURLU <\/p>\n","protected":false},"excerpt":{"rendered":"<p>K\u00fclt\u00fcr sath\u0131nda etkili bir ger\u00e7eklik olarak kulturkampf (k\u00fclt\u00fcr sava\u015f\u0131), farkl\u0131 ton ve derecelerde de olsa, \u00e7a\u011fda\u015f d\u00fcnyadaki kamusal tart\u0131\u015fmalara y\u00f6n vermeye devam ediyor. Bu ger\u00e7eklik, modernle\u015fme<span class=\"excerpt-hellip\"> [\u2026]<\/span><\/p>\n","protected":false},"featured_media":0,"template":"","meta":{"_monsterinsights_skip_tracking":false,"_monsterinsights_sitenote_active":false,"_monsterinsights_sitenote_note":"","_monsterinsights_sitenote_category":0},"product_brand":[],"product_cat":[12351,12324],"product_tag":[],"class_list":{"0":"post-753401","1":"product","2":"type-product","3":"status-publish","5":"product_cat-siyaset-sosyolojisi","6":"product_cat-sosyoloji","7":"pa_cilt-ciltsiz","8":"pa_tur-kitap","9":"pa_yayinevi-nika-yayinevi","10":"pa_yazar-necmettin-dogan-irfan-ozet","12":"first","13":"instock","14":"sale","15":"shipping-taxable","16":"purchasable","17":"product-type-simple"},"_links":{"self":[{"href":"https:\/\/roveyayinevi.com.tr\/index.php\/wp-json\/wp\/v2\/product\/753401","targetHints":{"allow":["GET"]}}],"collection":[{"href":"https:\/\/roveyayinevi.com.tr\/index.php\/wp-json\/wp\/v2\/product"}],"about":[{"href":"https:\/\/roveyayinevi.com.tr\/index.php\/wp-json\/wp\/v2\/types\/product"}],"wp:attachment":[{"href":"https:\/\/roveyayinevi.com.tr\/index.php\/wp-json\/wp\/v2\/media?parent=753401"}],"wp:term":[{"taxonomy":"product_brand","embeddable":true,"href":"https:\/\/roveyayinevi.com.tr\/index.php\/wp-json\/wp\/v2\/product_brand?post=753401"},{"taxonomy":"product_cat","embeddable":true,"href":"https:\/\/roveyayinevi.com.tr\/index.php\/wp-json\/wp\/v2\/product_cat?post=753401"},{"taxonomy":"product_tag","embeddable":true,"href":"https:\/\/roveyayinevi.com.tr\/index.php\/wp-json\/wp\/v2\/product_tag?post=753401"}],"curies":[{"name":"wp","href":"https:\/\/api.w.org\/{rel}","templated":true}]}}