{"id":753273,"date":"2025-08-28T05:38:57","date_gmt":"2025-08-28T02:38:57","guid":{"rendered":"https:\/\/roveyayinevi.com.tr\/index.php\/urun\/hukmi-sahsiyet-turkiyenin-kimliksiz-sakinleri\/"},"modified":"2026-04-16T03:06:43","modified_gmt":"2026-04-16T00:06:43","slug":"hukmi-sahsiyet-turkiyenin-kimliksiz-sakinleri","status":"publish","type":"product","link":"https:\/\/roveyayinevi.com.tr\/index.php\/urun\/hukmi-sahsiyet-turkiyenin-kimliksiz-sakinleri\/","title":{"rendered":"&#8220;H\u00fckmi \u015eahsiyet&#8221; T\u00fcrkiye&#8217;nin Kimliksiz Sakinleri"},"content":{"rendered":"<p>H\u00fckm\u00fc \u015eahsiyet, bireyin hukuki varl\u0131\u011f\u0131n\u0131 a\u00e7\u0131klamaktad\u0131r. Bu ara\u015ft\u0131rma kitab\u0131, T\u00fcrkiye Cumhuriyeti vatanda\u015fl\u0131k kimli\u011fi bulunmayan di\u011fer bir ifadeyle, yasal varl\u0131\u011fa sahip olmayan bireylerin a\u00e7maz\u0131n\u0131 ara\u015ft\u0131rmaktad\u0131r. Hukuki varl\u0131\u011fa sahip olmayan bireylerin hikayelerini ele alan bu d\u00fc\u015f\u00fcnd\u00fcr\u00fcc\u00fc kitap, s\u0131n\u0131rlarla tan\u0131mlanm\u0131\u015f bir d\u00fcnyada, kimliksiz bireylerin kar\u015f\u0131la\u015ft\u0131klar\u0131 derin zorluklar\u0131, adaletsizlikleri ve karma\u015f\u0131kl\u0131klar\u0131 ortaya \u00e7\u0131karmaktad\u0131r. G\u00fc\u00e7l\u00fc anlat\u0131lar ve titiz ara\u015ft\u0131rma yoluyla, \u00e7o\u011fumuzun kan\u0131ksad\u0131\u011f\u0131 temel hak ve ayr\u0131cal\u0131klardan yoksun b\u0131rak\u0131lan, bir belirsizlik durumuna hapsolmu\u015f olanlar\u0131n sorunlar\u0131na \u0131\u015f\u0131k tutmaktad\u0131r. Bu bireyler, bir kay\u0131ts\u0131zl\u0131k ve b\u00fcrokrasi denizinin ortas\u0131nda umutsuzca, tan\u0131nma aray\u0131\u015f\u0131 i\u00e7inde zor ad\u0131mlarla ilerlemektedirler. \u201cH\u00fckm\u00fc \u015fahsiyet\u201d vatanda\u015fl\u0131k kimli\u011fine sahip olamaman\u0131n nedenlerini inceleyerek bu sorunu devam ettiren sistemik ba\u015far\u0131s\u0131zl\u0131klar\u0131, ayr\u0131mc\u0131 uygulamalar\u0131 ve yasal bo\u015fluklar\u0131 a\u00e7\u0131\u011fa \u00e7\u0131karmaktad\u0131r. Kimliksiz bireylerin sa\u011fl\u0131k, e\u011fitim, istihdam ve temel sosyal hizmetlere eri\u015fimde kar\u015f\u0131la\u015ft\u0131klar\u0131 say\u0131s\u0131z engelleri g\u00fcn y\u00fcz\u00fcne \u00e7\u0131karmaktad\u0131r. G\u00fc\u00e7l\u00fckler kar\u015f\u0131s\u0131nda dayan\u0131kl\u0131l\u0131k ve hayatta kalman\u0131n \u00e7ekici bir portresini \u00e7izmektedir. Ayn\u0131 zamanda kimli\u011fin, aidiyetin ve insan haklar\u0131n\u0131n do\u011fas\u0131 hakk\u0131nda \u00e7ok \u00f6nemli sorular\u0131 g\u00fcndeme getirmekte, okuyucular\u0131 herkes i\u00e7in daha kapsay\u0131c\u0131 ve e\u015fitlik\u00e7i bir d\u00fcnya yaratmaya \u00e7a\u011f\u0131rmaktad\u0131r. &#8220;H\u00fckm\u00fc \u015eahsiyet&#8221; bizi alg\u0131lar\u0131m\u0131z\u0131 sorgulamaya, empatinin s\u0131n\u0131rlar\u0131n\u0131 zorlamaya ve her bireyin tan\u0131nd\u0131\u011f\u0131, de\u011fer verildi\u011fi ve bah\u015fedildi\u011fi bir gelecek i\u00e7in \u00e7abalamaya \u00e7a\u011f\u0131r\u0131rken, vatans\u0131zlar\u0131n hayatlar\u0131nda ufuk a\u00e7\u0131c\u0131 bir yolculu\u011fa \u00e7\u0131karmaktad\u0131r.<\/p>\n","protected":false},"excerpt":{"rendered":"<p>H\u00fckm\u00fc \u015eahsiyet, bireyin hukuki varl\u0131\u011f\u0131n\u0131 a\u00e7\u0131klamaktad\u0131r. Bu ara\u015ft\u0131rma kitab\u0131, T\u00fcrkiye Cumhuriyeti vatanda\u015fl\u0131k kimli\u011fi bulunmayan di\u011fer bir ifadeyle, yasal varl\u0131\u011fa sahip olmayan bireylerin a\u00e7maz\u0131n\u0131 ara\u015ft\u0131rmaktad\u0131r. Hukuki varl\u0131\u011fa<span class=\"excerpt-hellip\"> [\u2026]<\/span><\/p>\n","protected":false},"featured_media":0,"template":"","meta":{"_monsterinsights_skip_tracking":false,"_monsterinsights_sitenote_active":false,"_monsterinsights_sitenote_note":"","_monsterinsights_sitenote_category":0},"product_brand":[],"product_cat":[12573,12566],"product_tag":[],"class_list":{"0":"post-753273","1":"product","2":"type-product","3":"status-publish","5":"product_cat-akademik-kitaplar","6":"product_cat-egitim","7":"pa_cilt-ciltsiz","8":"pa_tur-kitap","9":"pa_yayinevi-platanus-publishing","10":"pa_yazar-imran-uzunaslan-ayse-sezen-serpen","12":"first","13":"instock","14":"sale","15":"shipping-taxable","16":"purchasable","17":"product-type-simple"},"_links":{"self":[{"href":"https:\/\/roveyayinevi.com.tr\/index.php\/wp-json\/wp\/v2\/product\/753273","targetHints":{"allow":["GET"]}}],"collection":[{"href":"https:\/\/roveyayinevi.com.tr\/index.php\/wp-json\/wp\/v2\/product"}],"about":[{"href":"https:\/\/roveyayinevi.com.tr\/index.php\/wp-json\/wp\/v2\/types\/product"}],"wp:attachment":[{"href":"https:\/\/roveyayinevi.com.tr\/index.php\/wp-json\/wp\/v2\/media?parent=753273"}],"wp:term":[{"taxonomy":"product_brand","embeddable":true,"href":"https:\/\/roveyayinevi.com.tr\/index.php\/wp-json\/wp\/v2\/product_brand?post=753273"},{"taxonomy":"product_cat","embeddable":true,"href":"https:\/\/roveyayinevi.com.tr\/index.php\/wp-json\/wp\/v2\/product_cat?post=753273"},{"taxonomy":"product_tag","embeddable":true,"href":"https:\/\/roveyayinevi.com.tr\/index.php\/wp-json\/wp\/v2\/product_tag?post=753273"}],"curies":[{"name":"wp","href":"https:\/\/api.w.org\/{rel}","templated":true}]}}