{"id":753271,"date":"2025-08-28T05:38:55","date_gmt":"2025-08-28T02:38:55","guid":{"rendered":"https:\/\/roveyayinevi.com.tr\/index.php\/urun\/ferdengecti-cicekleri\/"},"modified":"2026-04-16T03:06:43","modified_gmt":"2026-04-16T00:06:43","slug":"ferdengecti-cicekleri","status":"publish","type":"product","link":"https:\/\/roveyayinevi.com.tr\/index.php\/urun\/ferdengecti-cicekleri\/","title":{"rendered":"Ferdenge\u00e7ti \u00c7i\u00e7ekleri"},"content":{"rendered":"<p>Aile i\u00e7i \u015fiddet konusunda ele al\u0131nabilecek pek \u00e7ok konu ba\u015fl\u0131\u011f\u0131 var. Ancak bu kitap \u00fclkemizde \u00e7ok az tart\u0131\u015f\u0131lm\u0131\u015f olan baba kavram\u0131na odaklanmay\u0131 ve baban\u0131n i\u015flevini ele almay\u0131, \u00f6te yandan baba \u015fiddetine bir perspektif sunmay\u0131 ama\u00e7l\u0131yor. K\u00fc\u00e7\u00fck ya\u015fta tan\u0131k olunan hatta hedef olunan baba \u015fiddeti, yeti\u015fkin hayatta nelere mal oluyor? Ya\u015fananlar \u00e7ocukluk y\u0131llar\u0131nda kal\u0131p, \u00fczerlerine \u00e7ekilen kal\u0131n yorganlar\u0131n alt\u0131nda g\u00f6zden \u0131rak kalarak hi\u00e7 ya\u015fanmam\u0131\u015f gibi mi kabul ediliyor? Baba \u015fiddetine u\u011frayan kad\u0131nlar\u0131n babalar\u0131 ile ilgili alg\u0131lar\u0131 nas\u0131l? Bu durum kendi evlilik ili\u015fkilerine ve kocalar\u0131na kar\u015f\u0131 nas\u0131l bir bak\u0131\u015f a\u00e7\u0131s\u0131 geli\u015ftirmelerine sebep oluyor? \u00c7ocuklar\u0131na yakla\u015f\u0131mlar\u0131n\u0131 nas\u0131l etkiliyor? Di\u011fer \u00e7ocuklar\u0131n b\u00f6yle bir babaya sahip olmad\u0131\u011f\u0131n\u0131 fark ettiklerinde neler d\u00fc\u015f\u00fcn\u00fcyorlar? O g\u00fcnlerden yeti\u015fkin d\u00f6nemlerine neler kal\u0131yor? Hangi duygusal hatta belki bedensel izleri ta\u015f\u0131yorlar? Ferdenge\u00e7ti \u00e7i\u00e7e\u011fi, bir g\u00fcn onu ke\u015ffedeceklerini ve ona bir isim vereceklerini d\u00fc\u015f\u00fcnd\u00fc. Hangi \u00e7i\u00e7e\u011fe ger\u00e7ek ismi verilmi\u015f ki?<\/p>\n","protected":false},"excerpt":{"rendered":"<p>Aile i\u00e7i \u015fiddet konusunda ele al\u0131nabilecek pek \u00e7ok konu ba\u015fl\u0131\u011f\u0131 var. Ancak bu kitap \u00fclkemizde \u00e7ok az tart\u0131\u015f\u0131lm\u0131\u015f olan baba kavram\u0131na odaklanmay\u0131 ve baban\u0131n i\u015flevini ele<span class=\"excerpt-hellip\"> [\u2026]<\/span><\/p>\n","protected":false},"featured_media":0,"template":"","meta":{"_monsterinsights_skip_tracking":false,"_monsterinsights_sitenote_active":false,"_monsterinsights_sitenote_note":"","_monsterinsights_sitenote_category":0},"product_brand":[],"product_cat":[12357],"product_tag":[],"class_list":{"0":"post-753271","1":"product","2":"type-product","3":"status-publish","5":"product_cat-psikoloji","6":"pa_cilt-ciltsiz","7":"pa_tur-kitap","8":"pa_yayinevi-pinhan-yayincilik","9":"pa_yazar-simel-parlak-nilgun-canel","11":"first","12":"instock","13":"sale","14":"shipping-taxable","15":"purchasable","16":"product-type-simple"},"_links":{"self":[{"href":"https:\/\/roveyayinevi.com.tr\/index.php\/wp-json\/wp\/v2\/product\/753271","targetHints":{"allow":["GET"]}}],"collection":[{"href":"https:\/\/roveyayinevi.com.tr\/index.php\/wp-json\/wp\/v2\/product"}],"about":[{"href":"https:\/\/roveyayinevi.com.tr\/index.php\/wp-json\/wp\/v2\/types\/product"}],"wp:attachment":[{"href":"https:\/\/roveyayinevi.com.tr\/index.php\/wp-json\/wp\/v2\/media?parent=753271"}],"wp:term":[{"taxonomy":"product_brand","embeddable":true,"href":"https:\/\/roveyayinevi.com.tr\/index.php\/wp-json\/wp\/v2\/product_brand?post=753271"},{"taxonomy":"product_cat","embeddable":true,"href":"https:\/\/roveyayinevi.com.tr\/index.php\/wp-json\/wp\/v2\/product_cat?post=753271"},{"taxonomy":"product_tag","embeddable":true,"href":"https:\/\/roveyayinevi.com.tr\/index.php\/wp-json\/wp\/v2\/product_tag?post=753271"}],"curies":[{"name":"wp","href":"https:\/\/api.w.org\/{rel}","templated":true}]}}