{"id":753177,"date":"2025-08-28T05:35:50","date_gmt":"2025-08-28T02:35:50","guid":{"rendered":"https:\/\/roveyayinevi.com.tr\/index.php\/urun\/populizm-ve-medya\/"},"modified":"2026-04-16T03:06:41","modified_gmt":"2026-04-16T00:06:41","slug":"populizm-ve-medya","status":"publish","type":"product","link":"https:\/\/roveyayinevi.com.tr\/index.php\/urun\/populizm-ve-medya\/","title":{"rendered":"Pop\u00fclizm ve Medya"},"content":{"rendered":"<p>D\u00fcnyada ve \u00fclkemizde otoriterle\u015fme konusu uzun zamand\u0131r tart\u0131\u015f\u0131lmaktad\u0131r. Otoriterle\u015fen pop\u00fclist liderler medyay\u0131 etkili bi\u00e7imde kullan\u0131rlar, halk ad\u0131na konu\u015furlar ve onlar i\u00e7in en iyisini yapt\u0131klar\u0131n\u0131 iddia ederler. Fa\u015fizm ve pop\u00fclizmin ayr\u0131\u015ft\u0131\u011f\u0131 nokta se\u00e7imlerdir. \u201cFa\u015fistlerin aksine pop\u00fclistler ekseriyetle demokrasi oyununun par\u00e7as\u0131d\u0131r, bir se\u00e7im kaybedip g\u00fcn\u00fcn birinde iktidardan \u00e7ekilirler\u201d (Finchelstein. 2021). Fa\u015fizm ve pop\u00fclizmin en \u00e7ok kesi\u015fti\u011fi nokta muhalefete alan b\u0131rakmamalar\u0131d\u0131r. Medyan\u0131n \u00f6zg\u00fcr olmad\u0131\u011f\u0131 \u00fclkelerde toplumun bilgi almak i\u00e7in \u00f6zel olarak \u00e7abalamas\u0131 gerekir ki bu e\u011fitim seviyeleri, okuldaki ve ailedeki ideolojik \u015fekillenme d\u00fc\u015f\u00fcn\u00fcld\u00fc\u011f\u00fcnde pek de olas\u0131 bir durum de\u011fildir. Bu anlamda muhaliflerin hem alternatif mecralar\u0131 kullanmalar\u0131 hem de kar\u015f\u0131-propaganda yapmalar\u0131 gerekmektedir. Bunlar\u0131 yapmaya \u00e7al\u0131\u015fanlar da \u00fclkelerin yap\u0131lar\u0131na g\u00f6re \u00e7e\u015fitli \u015fekillerde devletin adli ve zor g\u00fc\u00e7leri taraf\u0131ndan susturulmaya \u00e7al\u0131\u015f\u0131l\u0131r&#8230;  \u0130nceo\u011flu ve \u00c7oban\u2019\u0131n elinizde tuttu\u011funuz bu kapsaml\u0131 derleme eserinde, son zamanlarda g\u00fcndemimizde epeyce yer eden \u201cpop\u00fclizmin\u201d \u00e7e\u015fitli alanlardaki etkileri ve hayat\u0131m\u0131za yans\u0131malar\u0131 ele al\u0131nmaktad\u0131r. <\/p>\n","protected":false},"excerpt":{"rendered":"<p>D\u00fcnyada ve \u00fclkemizde otoriterle\u015fme konusu uzun zamand\u0131r tart\u0131\u015f\u0131lmaktad\u0131r. Otoriterle\u015fen pop\u00fclist liderler medyay\u0131 etkili bi\u00e7imde kullan\u0131rlar, halk ad\u0131na konu\u015furlar ve onlar i\u00e7in en iyisini yapt\u0131klar\u0131n\u0131 iddia ederler.<span class=\"excerpt-hellip\"> [\u2026]<\/span><\/p>\n","protected":false},"featured_media":0,"template":"","meta":{"_monsterinsights_skip_tracking":false,"_monsterinsights_sitenote_active":false,"_monsterinsights_sitenote_note":"","_monsterinsights_sitenote_category":0},"product_brand":[],"product_cat":[13488],"product_tag":[],"class_list":{"0":"post-753177","1":"product","2":"type-product","3":"status-publish","5":"product_cat-toplum-ve-insan","6":"pa_cilt-ciltsiz","7":"pa_tur-kitap","8":"pa_yayinevi-ayrinti-yayinlari","9":"pa_yazar-yasemin-giritli-inceoglu-savas-coban","11":"first","12":"instock","13":"sale","14":"shipping-taxable","15":"purchasable","16":"product-type-simple"},"_links":{"self":[{"href":"https:\/\/roveyayinevi.com.tr\/index.php\/wp-json\/wp\/v2\/product\/753177","targetHints":{"allow":["GET"]}}],"collection":[{"href":"https:\/\/roveyayinevi.com.tr\/index.php\/wp-json\/wp\/v2\/product"}],"about":[{"href":"https:\/\/roveyayinevi.com.tr\/index.php\/wp-json\/wp\/v2\/types\/product"}],"wp:attachment":[{"href":"https:\/\/roveyayinevi.com.tr\/index.php\/wp-json\/wp\/v2\/media?parent=753177"}],"wp:term":[{"taxonomy":"product_brand","embeddable":true,"href":"https:\/\/roveyayinevi.com.tr\/index.php\/wp-json\/wp\/v2\/product_brand?post=753177"},{"taxonomy":"product_cat","embeddable":true,"href":"https:\/\/roveyayinevi.com.tr\/index.php\/wp-json\/wp\/v2\/product_cat?post=753177"},{"taxonomy":"product_tag","embeddable":true,"href":"https:\/\/roveyayinevi.com.tr\/index.php\/wp-json\/wp\/v2\/product_tag?post=753177"}],"curies":[{"name":"wp","href":"https:\/\/api.w.org\/{rel}","templated":true}]}}