{"id":753175,"date":"2025-08-28T05:35:47","date_gmt":"2025-08-28T02:35:47","guid":{"rendered":"https:\/\/roveyayinevi.com.tr\/index.php\/urun\/dogal-hak-ve-tarih\/"},"modified":"2026-04-16T03:06:40","modified_gmt":"2026-04-16T00:06:40","slug":"dogal-hak-ve-tarih","status":"publish","type":"product","link":"https:\/\/roveyayinevi.com.tr\/index.php\/urun\/dogal-hak-ve-tarih\/","title":{"rendered":"Do\u011fal Hak ve Tarih"},"content":{"rendered":"<p>\u00c7a\u011fda\u015f siyaset felsefesinin k\u00f6\u015fe ta\u015flar\u0131ndan biri olan Leo Strauss\u2019un, 1949\u2019da, yani II. D\u00fcnya Sava\u015f\u0131\u2019n\u0131n bitmesinden k\u0131sa bir s\u00fcre sonra, So\u011fuk Sava\u015f kutupla\u015fmas\u0131n\u0131n \u015fekillenmeye ba\u015flad\u0131\u011f\u0131 bir d\u00f6nemde Chicago \u00dcniversitesi\u2019nde verdi\u011fi alt\u0131 dersin geni\u015fletilmi\u015f versiyonu olan Do\u011fal Hak ve Tarih h\u00e2l\u00e2 onun en etkili yap\u0131t\u0131 olarak kabul edilmektedir. Strauss bu klasik eserinde, do\u011fal hak sorununu inceleyerek, Bat\u0131\u2019n\u0131n ve Bat\u0131 d\u00fc\u015f\u00fcncesinin damgas\u0131n\u0131 yemi\u015f co\u011frafyalar\u0131n kendilerini i\u00e7inde bulduklar\u0131 entelekt\u00fcel krizin, tarihsicilik veya tarihsel yakla\u015f\u0131m yoluyla ortaya \u00e7\u0131kan de\u011fer g\u00f6recili\u011fi ile karma\u015f\u0131k bir \u015fekilde ba\u011flant\u0131l\u0131 oldu\u011funu savunur. Bu siyasi krizler, yaln\u0131zca insan\u0131n insanl\u0131\u011fa olan inanc\u0131n\u0131 de\u011fil, ayn\u0131 zamanda insanl\u0131\u011f\u0131n varl\u0131\u011f\u0131n\u0131 yok etme potansiyeli ta\u015f\u0131r ve entelekt\u00fcel, ahlaki ve manevi bir krizle tamamen ilgisiz de\u011fildir. Felsefe tarihi hakk\u0131nda ayn\u0131 zamanda felsefi bir ara\u015ft\u0131rma olmayan hi\u00e7bir ara\u015ft\u0131rma yoktur \u015fiar\u0131yla hareket eden Strauss\u2019un felsefi projesi b\u00fcy\u00fck oranda modern \u00f6ncesi felsefeyi yeniden d\u00fc\u015f\u00fcnme giri\u015fimi olsa da, bu yeniden de\u011ferlendirmenin itici g\u00fcc\u00fc ve Strauss\u2019u en \u00e7ok rahats\u0131z eden felsefi problemler kesinlikle moderndir. Antik Yunan ve Roma\u2019n\u0131n \u201cdo\u011fal hak\u201d kavramlar\u0131n\u0131 \u2013do\u011fan\u0131n rasyonel d\u00fczenine i\u00e7kin adaleti\u2013 rehabilite etmek y\u00f6n\u00fcndeki a\u00e7\u0131k motivasyonuyla, onun g\u00f6r\u00fc\u015f\u00fcne g\u00f6re, yirminci y\u00fczy\u0131l siyasi d\u00fc\u015f\u00fcncesini karakterize eden g\u00f6recilik ve tarihselcili\u011fi \u00e7\u00fcr\u00fctmek \u00fczere, i\u015fe sosyal bilim akademik disiplininin ba\u015fl\u0131ca kurucular\u0131ndan biri olan Max Weber\u2019in ve onun pozitivizminin bir analiziyle ba\u015flar. Daha sonra, ona g\u00f6re g\u00f6r\u00fc\u015fleri belirli tarihsel ba\u011flamlar\u0131n \u00f6tesinde ahlaki, politik veya bilimsel standartlar\u0131n olmad\u0131\u011f\u0131 iddias\u0131ndaki tarihselci g\u00f6recilikle sona eren Hobbes ile birlikte ba\u015f g\u00f6steren modern do\u011fal hak anlay\u0131\u015flar\u0131n\u0131 Platon ile ba\u015flayan antik kavramlarla kar\u015f\u0131la\u015ft\u0131r\u0131r ve Rousseau, Locke ve Burke hakk\u0131nda benzerine az rastlanan analizler sunar. <\/p>\n","protected":false},"excerpt":{"rendered":"<p>\u00c7a\u011fda\u015f siyaset felsefesinin k\u00f6\u015fe ta\u015flar\u0131ndan biri olan Leo Strauss\u2019un, 1949\u2019da, yani II. D\u00fcnya Sava\u015f\u0131\u2019n\u0131n bitmesinden k\u0131sa bir s\u00fcre sonra, So\u011fuk Sava\u015f kutupla\u015fmas\u0131n\u0131n \u015fekillenmeye ba\u015flad\u0131\u011f\u0131 bir d\u00f6nemde<span class=\"excerpt-hellip\"> [\u2026]<\/span><\/p>\n","protected":false},"featured_media":0,"template":"","meta":{"_monsterinsights_skip_tracking":false,"_monsterinsights_sitenote_active":false,"_monsterinsights_sitenote_note":"","_monsterinsights_sitenote_category":0},"product_brand":[],"product_cat":[12370,12304],"product_tag":[],"class_list":{"0":"post-753175","1":"product","2":"type-product","3":"status-publish","5":"product_cat-arastirma-inceleme","6":"product_cat-tarih","7":"pa_cilt-ciltsiz","8":"pa_tur-kitap","9":"pa_yayinevi-ayrinti-yayinlari","10":"pa_yazar-leo-strauss","12":"first","13":"instock","14":"sale","15":"shipping-taxable","16":"purchasable","17":"product-type-simple"},"_links":{"self":[{"href":"https:\/\/roveyayinevi.com.tr\/index.php\/wp-json\/wp\/v2\/product\/753175","targetHints":{"allow":["GET"]}}],"collection":[{"href":"https:\/\/roveyayinevi.com.tr\/index.php\/wp-json\/wp\/v2\/product"}],"about":[{"href":"https:\/\/roveyayinevi.com.tr\/index.php\/wp-json\/wp\/v2\/types\/product"}],"wp:attachment":[{"href":"https:\/\/roveyayinevi.com.tr\/index.php\/wp-json\/wp\/v2\/media?parent=753175"}],"wp:term":[{"taxonomy":"product_brand","embeddable":true,"href":"https:\/\/roveyayinevi.com.tr\/index.php\/wp-json\/wp\/v2\/product_brand?post=753175"},{"taxonomy":"product_cat","embeddable":true,"href":"https:\/\/roveyayinevi.com.tr\/index.php\/wp-json\/wp\/v2\/product_cat?post=753175"},{"taxonomy":"product_tag","embeddable":true,"href":"https:\/\/roveyayinevi.com.tr\/index.php\/wp-json\/wp\/v2\/product_tag?post=753175"}],"curies":[{"name":"wp","href":"https:\/\/api.w.org\/{rel}","templated":true}]}}