{"id":752976,"date":"2025-08-28T05:30:03","date_gmt":"2025-08-28T02:30:03","guid":{"rendered":"https:\/\/roveyayinevi.com.tr\/index.php\/urun\/cevre-ve-iklim-degisikligi-101\/"},"modified":"2026-04-16T03:06:36","modified_gmt":"2026-04-16T00:06:36","slug":"cevre-ve-iklim-degisikligi-101","status":"publish","type":"product","link":"https:\/\/roveyayinevi.com.tr\/index.php\/urun\/cevre-ve-iklim-degisikligi-101\/","title":{"rendered":"\u00c7evre ve \u0130klim De\u011fi\u015fikli\u011fi 101"},"content":{"rendered":"<p>B\u0130R \u00c7IRPIDA \u00c7EVRE VE \u0130KL\u0130M DE\u011e\u0130\u015e\u0130KL\u0130\u011e\u0130 \u00d6zellikle 20. y\u00fczy\u0131l\u0131n ortalar\u0131ndan itibaren, hava, su, toprak kirlenmesiyle ba\u015flay\u0131p, biyolojik \u00e7e\u015fitlili\u011fin azalmas\u0131na, kaynak k\u0131tl\u0131\u011f\u0131na ve iklim de\u011fi\u015fikli\u011fine kadar uzanan sorunlar, insanlarda belli bir gelecek kayg\u0131s\u0131 uyand\u0131rm\u0131\u015ft\u0131r. Bu sorunlar birdenbire ortaya \u00e7\u0131kmam\u0131\u015f, zaman i\u00e7inde birikerek, b\u00fcy\u00fcm\u00fc\u015flerdir. Do\u011fan\u0131n kendini yenileyebilme yetene\u011fi sayesinde, ba\u015flang\u0131\u00e7ta fark edilmeyen ya da \u00f6nemsenmeyen sorunlar artm\u0131\u015f ve \u00e7evre h\u0131zla bozulmaya ba\u015flam\u0131\u015ft\u0131r. Dr. Ferhan Can \u00c7evre ve \u0130klim De\u011fi\u015fikli\u011fi 101 kitab\u0131nda g\u00fcn\u00fcm\u00fcz d\u00fcnyas\u0131n\u0131n kar\u015f\u0131 kar\u015f\u0131ya oldu\u011fu \u00e7evre ve iklim sorunlar\u0131na genel bir bak\u0131\u015f getirmekle kalm\u0131yor ayn\u0131 zamanda bu sorunlar\u0131n nedenleri ve olas\u0131 \u00e7\u00f6z\u00fcmleriyle ilgili doyurucu bilgiler sunuyor. <\/p>\n","protected":false},"excerpt":{"rendered":"<p>B\u0130R \u00c7IRPIDA \u00c7EVRE VE \u0130KL\u0130M DE\u011e\u0130\u015e\u0130KL\u0130\u011e\u0130 \u00d6zellikle 20. y\u00fczy\u0131l\u0131n ortalar\u0131ndan itibaren, hava, su, toprak kirlenmesiyle ba\u015flay\u0131p, biyolojik \u00e7e\u015fitlili\u011fin azalmas\u0131na, kaynak k\u0131tl\u0131\u011f\u0131na ve iklim de\u011fi\u015fikli\u011fine kadar uzanan<span class=\"excerpt-hellip\"> [\u2026]<\/span><\/p>\n","protected":false},"featured_media":0,"template":"","meta":{"_monsterinsights_skip_tracking":false,"_monsterinsights_sitenote_active":false,"_monsterinsights_sitenote_note":"","_monsterinsights_sitenote_category":0},"product_brand":[],"product_cat":[23323,12364],"product_tag":[],"class_list":{"0":"post-752976","1":"product","2":"type-product","3":"status-publish","5":"product_cat-ekoloji","6":"product_cat-genel-konular","7":"pa_cilt-ciltsiz","8":"pa_tur-kitap","9":"pa_yayinevi-say-yayinlari","10":"pa_yazar-ferhan-can","12":"first","13":"instock","14":"sale","15":"shipping-taxable","16":"purchasable","17":"product-type-simple"},"_links":{"self":[{"href":"https:\/\/roveyayinevi.com.tr\/index.php\/wp-json\/wp\/v2\/product\/752976","targetHints":{"allow":["GET"]}}],"collection":[{"href":"https:\/\/roveyayinevi.com.tr\/index.php\/wp-json\/wp\/v2\/product"}],"about":[{"href":"https:\/\/roveyayinevi.com.tr\/index.php\/wp-json\/wp\/v2\/types\/product"}],"wp:attachment":[{"href":"https:\/\/roveyayinevi.com.tr\/index.php\/wp-json\/wp\/v2\/media?parent=752976"}],"wp:term":[{"taxonomy":"product_brand","embeddable":true,"href":"https:\/\/roveyayinevi.com.tr\/index.php\/wp-json\/wp\/v2\/product_brand?post=752976"},{"taxonomy":"product_cat","embeddable":true,"href":"https:\/\/roveyayinevi.com.tr\/index.php\/wp-json\/wp\/v2\/product_cat?post=752976"},{"taxonomy":"product_tag","embeddable":true,"href":"https:\/\/roveyayinevi.com.tr\/index.php\/wp-json\/wp\/v2\/product_tag?post=752976"}],"curies":[{"name":"wp","href":"https:\/\/api.w.org\/{rel}","templated":true}]}}