{"id":752796,"date":"2025-08-28T05:25:19","date_gmt":"2025-08-28T02:25:19","guid":{"rendered":"https:\/\/roveyayinevi.com.tr\/index.php\/urun\/cumhuriyetin-yeni-yuzyilinda-yeni-dunya-politikasi\/"},"modified":"2026-04-16T03:06:03","modified_gmt":"2026-04-16T00:06:03","slug":"cumhuriyetin-yeni-yuzyilinda-yeni-dunya-politikasi","status":"publish","type":"product","link":"https:\/\/roveyayinevi.com.tr\/index.php\/urun\/cumhuriyetin-yeni-yuzyilinda-yeni-dunya-politikasi\/","title":{"rendered":"Cumhuriyet\u2019in Yeni Y\u00fczy\u0131l\u0131nda Yeni D\u00fcnya Politikas\u0131"},"content":{"rendered":"<p>\u201cKitab\u0131n ad\u0131ndaki \u2018Kafiye \u00c7a\u011f\u0131,\u2019 Mark Twain\u2019den gelen muzip\u00e7e bir ifade ve, \u2018Tarih tekerr\u00fcrd\u00fcr,\u2019 s\u00f6z\u00fcne kar\u015f\u0131l\u0131k olarak kullan\u0131lm\u0131\u015f. Tarihi olaylar ve m\u00fcesseseler aras\u0131nda zamanlar\u0131 a\u015fan bir uyum s\u00f6z konusudur. Bu tekerr\u00fcrden \u00e7ok, uzun bir baladdaki kafiyenin uyumlu bir \u015fekilde kullan\u0131lmas\u0131d\u0131r.   \u0130nsan olarak etraf\u0131m\u0131zda neler olup bitti\u011fini anlamak i\u00e7in d\u00fcnyay\u0131 tan\u0131mam\u0131z ve bilmemiz gerekir. Ta\u015fansu T\u00fcrker de \u00e7evremizde olup bitenleri ve d\u00fcnyan\u0131n ne tarafa do\u011fru gitti\u011fini tarihsel arka planlar\u0131yla inceleyerek ba\u015far\u0131yla yorumluyor.\u201d \u2013 Prof. Dr. \u0130lber Ortayl\u0131   Tarihin olduk\u00e7a h\u0131zl\u0131 akt\u0131\u011f\u0131 bu d\u00f6nemde yaln\u0131zca uluslararas\u0131 politika de\u011fil, ayn\u0131 zamanda g\u00fcnl\u00fck hayat\u0131m\u0131z\u0131n pek \u00e7ok dinami\u011fi de s\u00fcratli \u015fekilde de\u011fi\u015fiyor. Bu de\u011fi\u015fim de hayat\u0131n her alan\u0131na yeni bilinmezlikler getiriyor ve hatta g\u00fcn\u00fcm\u00fcz\u00fc hakikat kavram\u0131n\u0131n sorguland\u0131\u011f\u0131 ve bunu derinden hissetti\u011fimiz bir d\u00f6nem haline d\u00f6n\u00fc\u015ft\u00fcr\u00fcyor. \u00d6yle ki bilinmezlik ve kayg\u0131 kelimeleri art\u0131k zihinlerimizde \u00f6nemli bir yer tutuyor.   Mekteb-i M\u00fclkiye\u2019nin Kar\u015f\u0131la\u015ft\u0131rmal\u0131 Siyaset Anabilim Dal\u0131 Ba\u015fkan\u0131 Prof. Dr. Ta\u015fansu T\u00fcrker, d\u00fcnyan\u0131n i\u00e7inden ge\u00e7ti\u011fi bu belirsizlik ve bilinmezlik \u00e7a\u011f\u0131n\u0131 d\u00fcnya politikas\u0131 perspektifi ile ekonomiden siyasete, \u00e7al\u0131\u015fma ili\u015fkilerinden k\u00fclt\u00fcre ve dillerden co\u011frafyaya dek uzanan geni\u015f bir yelpaze i\u00e7inde, tarihsel bir perspektifle sunuyor.   Cumhuriyet\u2019in Yeni Y\u00fczy\u0131l\u0131nda Yeni D\u00fcnya Politikas\u0131: Kafiye \u00c7a\u011f\u0131, sadece uluslararas\u0131 ili\u015fkiler, d\u0131\u015f politika ve siyas\u00ee tarih okumak isteyenler i\u00e7in de\u011fil, ayn\u0131 zamanda i\u00e7inde ya\u015fad\u0131\u011f\u0131m\u0131z d\u00fcnyay\u0131 genel bir perspektifle anlamak isteyen herkes i\u00e7in bir ba\u015fvuru kitab\u0131. Cumhuriyetimizin 100. y\u0131l\u0131nda yak\u0131n tarihin \u00f6nemli olaylar\u0131 \u00fczerinden bug\u00fcn\u00fc anlamam\u0131z\u0131 ve yar\u0131n\u0131 g\u00f6rmemizi kolayla\u015ft\u0131ran elinizdeki bu kitap, d\u00fcnyan\u0131n pek \u00e7ok noktas\u0131na uzanan ve esasen birbiriyle ba\u011flant\u0131l\u0131 siyasal, ekonomik, sosyal, k\u00fclt\u00fcrel ve tarihsel hadiseleri so\u011fukkanl\u0131l\u0131kla ve edebi bir \u00fcslupla aktararak hepimize b\u00fct\u00fcnl\u00fckl\u00fc bir d\u00fcnya anlay\u0131\u015f\u0131 sunuyor. <\/p>\n","protected":false},"excerpt":{"rendered":"<p>\u201cKitab\u0131n ad\u0131ndaki \u2018Kafiye \u00c7a\u011f\u0131,\u2019 Mark Twain\u2019den gelen muzip\u00e7e bir ifade ve, \u2018Tarih tekerr\u00fcrd\u00fcr,\u2019 s\u00f6z\u00fcne kar\u015f\u0131l\u0131k olarak kullan\u0131lm\u0131\u015f. Tarihi olaylar ve m\u00fcesseseler aras\u0131nda zamanlar\u0131 a\u015fan bir uyum<span class=\"excerpt-hellip\"> [\u2026]<\/span><\/p>\n","protected":false},"featured_media":0,"template":"","meta":{"_monsterinsights_skip_tracking":false,"_monsterinsights_sitenote_active":false,"_monsterinsights_sitenote_note":"","_monsterinsights_sitenote_category":0},"product_brand":[],"product_cat":[12304,13650],"product_tag":[],"class_list":{"0":"post-752796","1":"product","2":"type-product","3":"status-publish","5":"product_cat-tarih","6":"product_cat-turk-tarihi-arastirmalari","7":"pa_cilt-ciltsiz","8":"pa_tur-kitap","9":"pa_yayinevi-kronik-kitap","10":"pa_yazar-tasansu-turker","12":"first","13":"instock","14":"sale","15":"shipping-taxable","16":"purchasable","17":"product-type-simple"},"_links":{"self":[{"href":"https:\/\/roveyayinevi.com.tr\/index.php\/wp-json\/wp\/v2\/product\/752796","targetHints":{"allow":["GET"]}}],"collection":[{"href":"https:\/\/roveyayinevi.com.tr\/index.php\/wp-json\/wp\/v2\/product"}],"about":[{"href":"https:\/\/roveyayinevi.com.tr\/index.php\/wp-json\/wp\/v2\/types\/product"}],"wp:attachment":[{"href":"https:\/\/roveyayinevi.com.tr\/index.php\/wp-json\/wp\/v2\/media?parent=752796"}],"wp:term":[{"taxonomy":"product_brand","embeddable":true,"href":"https:\/\/roveyayinevi.com.tr\/index.php\/wp-json\/wp\/v2\/product_brand?post=752796"},{"taxonomy":"product_cat","embeddable":true,"href":"https:\/\/roveyayinevi.com.tr\/index.php\/wp-json\/wp\/v2\/product_cat?post=752796"},{"taxonomy":"product_tag","embeddable":true,"href":"https:\/\/roveyayinevi.com.tr\/index.php\/wp-json\/wp\/v2\/product_tag?post=752796"}],"curies":[{"name":"wp","href":"https:\/\/api.w.org\/{rel}","templated":true}]}}