{"id":752792,"date":"2025-08-28T05:25:15","date_gmt":"2025-08-28T02:25:15","guid":{"rendered":"https:\/\/roveyayinevi.com.tr\/index.php\/urun\/uzayda\/"},"modified":"2026-04-16T03:06:03","modified_gmt":"2026-04-16T00:06:03","slug":"uzayda","status":"publish","type":"product","link":"https:\/\/roveyayinevi.com.tr\/index.php\/urun\/uzayda\/","title":{"rendered":"Uzayda"},"content":{"rendered":"<p>\u201cElinizdeki kitap uzay yolculu\u011funa ve Yuri Gagarin\u2019in ola\u011fan\u00fcst\u00fc hik\u00e2yesine hayat kat\u0131yor\u2026 Muhte\u015fem ve t\u00fcm\u00fcyle yetkin bir anlat\u0131ma sahip, roman gibi okunan bir tarih.\u201d Anne Applebaum \u201cNefes nefese bir hik\u00e2ye\u2026 Gagarin ve Vostok g\u00f6revleri \u00fcst\u00fcne bu denli ustaca anlat\u0131lan ilk \u00e7al\u0131\u015fma\u2026 Y\u00fcksek \u00e7\u00f6z\u00fcn\u00fcrl\u00fckl\u00fc bir tarih: Gerilimli, heyecanl\u0131 ve \u00e7ok iyi ara\u015ft\u0131r\u0131lm\u0131\u015f.\u201d Sunday Times     12 Nisan 1961, sabah 9.07. SSCB\u2019deki \u00e7ok gizli bir roket sahas\u0131. Sovyetler Birli\u011fi\u2019nin, amac\u0131 n\u00fckleer sava\u015f ba\u015fl\u0131\u011f\u0131 ta\u015f\u0131mak olan en g\u00fc\u00e7l\u00fc k\u0131talararas\u0131 balistik f\u00fczesinin tepesindeki k\u00fc\u00e7\u00fcc\u00fck bir kaps\u00fcl\u00fcn i\u00e7inde gen\u00e7 bir Rus oturuyor. \u0130smi Yuri Gagarin ve tarih yazmak \u00fczere.   Saatte yakla\u015f\u0131k 30.000 kilometre h\u0131zla yol alan Gagarin sadece 106 dakikada d\u00fcnyan\u0131n \u00e7evresini dola\u015ft\u0131. Bu f\u0131rlatma tam bir gizlilik i\u00e7ine yap\u0131lm\u0131\u015f olsa da indikten sonraki birka\u00e7 saat i\u00e7inde d\u00fcnya \u00e7ap\u0131nda bir \u015f\u00f6hrete d\u00f6n\u00fc\u015ft\u00fc: \u00c7\u00fcnk\u00fc o, gezegenden ayr\u0131lm\u0131\u015f olan ilk insand\u0131. Uzayda, bu efsanevi u\u00e7u\u015fun ard\u0131ndaki nefes kesen hik\u00e2yeyi anlat\u0131yor. Bu olay, ABD ile SSCB\u2019yi Demir Perde\u2019nin iki taraf\u0131ndan kar\u015f\u0131 kar\u015f\u0131ya getiren So\u011fuk Sava\u015f\u2019\u0131n zirvesinde ger\u00e7ekle\u015fti. Her iki s\u00fcper g\u00fc\u00e7 de uzaya insan g\u00f6nderen ilk \u00fclke olmak i\u00e7in \u00e7ok b\u00fcy\u00fck riskler ald\u0131. Her ikisi de astronotlar\u0131n\u0131, dayan\u0131kl\u0131l\u0131\u011f\u0131n s\u0131n\u0131rlar\u0131n\u0131 zorlayacak \u015fekilde e\u011fitti. Aralar\u0131ndaki yar\u0131\u015f en son ana kadar k\u0131ran k\u0131rana s\u00fcrd\u00fc. Kapsaml\u0131 orijinal ara\u015ft\u0131rmalar ile \u00e7o\u011fu daha \u00f6nce hi\u00e7 konu\u015fmam\u0131\u015f g\u00f6rg\u00fc tan\u0131klar\u0131n\u0131n etkileyici ifadelerini bir araya getiren Stephen Walker, ony\u0131llard\u0131r saklanan s\u0131rlar\u0131 g\u00f6zler \u00f6n\u00fcne seriyor. Uzayda: Gezegenimizden Uzaya Yolculuk Eden \u0130lk \u0130nsan\u0131n \u00c7arp\u0131c\u0131 Hik\u00e2yesi, her iki taraftan bilim insanlar\u0131n\u0131n, m\u00fchendislerin, siyasi liderlerin yer ald\u0131\u011f\u0131, ama en ba\u015fta Amerikal\u0131 astronotlar ile Sovyet kozmonotlar\u0131n g\u00f6ky\u00fcz\u00fcnde \u00fcst\u00fcnl\u00fck sa\u011flama m\u00fccadelesine dair \u00e7ok heyecanl\u0131 bir hik\u00e2ye sunuyor. <\/p>\n","protected":false},"excerpt":{"rendered":"<p>\u201cElinizdeki kitap uzay yolculu\u011funa ve Yuri Gagarin\u2019in ola\u011fan\u00fcst\u00fc hik\u00e2yesine hayat kat\u0131yor\u2026 Muhte\u015fem ve t\u00fcm\u00fcyle yetkin bir anlat\u0131ma sahip, roman gibi okunan bir tarih.\u201d Anne Applebaum \u201cNefes<span class=\"excerpt-hellip\"> [\u2026]<\/span><\/p>\n","protected":false},"featured_media":0,"template":"","meta":{"_monsterinsights_skip_tracking":false,"_monsterinsights_sitenote_active":false,"_monsterinsights_sitenote_note":"","_monsterinsights_sitenote_category":0},"product_brand":[],"product_cat":[13005,13006],"product_tag":[],"class_list":{"0":"post-752792","1":"product","2":"type-product","3":"status-publish","5":"product_cat-bilim-muhendislik","6":"product_cat-populer-bilim","7":"pa_cilt-ciltsiz","8":"pa_tur-kitap","9":"pa_yayinevi-kronik-kitap","10":"pa_yazar-stephen-walker","12":"first","13":"instock","14":"sale","15":"shipping-taxable","16":"purchasable","17":"product-type-simple"},"_links":{"self":[{"href":"https:\/\/roveyayinevi.com.tr\/index.php\/wp-json\/wp\/v2\/product\/752792","targetHints":{"allow":["GET"]}}],"collection":[{"href":"https:\/\/roveyayinevi.com.tr\/index.php\/wp-json\/wp\/v2\/product"}],"about":[{"href":"https:\/\/roveyayinevi.com.tr\/index.php\/wp-json\/wp\/v2\/types\/product"}],"wp:attachment":[{"href":"https:\/\/roveyayinevi.com.tr\/index.php\/wp-json\/wp\/v2\/media?parent=752792"}],"wp:term":[{"taxonomy":"product_brand","embeddable":true,"href":"https:\/\/roveyayinevi.com.tr\/index.php\/wp-json\/wp\/v2\/product_brand?post=752792"},{"taxonomy":"product_cat","embeddable":true,"href":"https:\/\/roveyayinevi.com.tr\/index.php\/wp-json\/wp\/v2\/product_cat?post=752792"},{"taxonomy":"product_tag","embeddable":true,"href":"https:\/\/roveyayinevi.com.tr\/index.php\/wp-json\/wp\/v2\/product_tag?post=752792"}],"curies":[{"name":"wp","href":"https:\/\/api.w.org\/{rel}","templated":true}]}}