{"id":752778,"date":"2025-08-28T05:24:52","date_gmt":"2025-08-28T02:24:52","guid":{"rendered":"https:\/\/roveyayinevi.com.tr\/index.php\/urun\/ataturkun-otobiyografisi\/"},"modified":"2025-09-29T04:56:08","modified_gmt":"2025-09-29T01:56:08","slug":"ataturkun-otobiyografisi","status":"publish","type":"product","link":"https:\/\/roveyayinevi.com.tr\/index.php\/urun\/ataturkun-otobiyografisi\/","title":{"rendered":"Atat\u00fcrk&#8217;\u00fcn Otobiyografisi"},"content":{"rendered":"<p>\u201c\u00c7ocuklu\u011fuma ili\u015fkin ilk hat\u0131rlad\u0131\u011f\u0131m \u015fey, okula gitmek meselesiyle ilgilidir \u2026.\u201d c\u00fcmlesiyle ba\u015flayan bu kitapta B\u00fcy\u00fck \u00d6nder Atat\u00fcrk\u2019\u00fcn, S\u00f6ylev ve Deme\u00e7leri, B\u00fcy\u00fck Nutuk\u2019u, yazm\u0131\u015f oldu\u011fu An\u0131 Defteri, Ar\u0131burnu ve Anafartalar Muharebelerine ait raporlar\u0131, Karlsbad hat\u0131ralar\u0131 ile Atat\u00fcrk\u2019\u00fcn yak\u0131n \u00e7evresinde bulunan, Falih R\u0131fk\u0131 Atay, Afet \u0130nan ve K\u0131l\u0131\u00e7 Ali taraf\u0131ndan yaz\u0131lan konuya ili\u015fkin kitaplardaki ve g\u00fcvenilir kaynaklarda yer alan di\u011fer an\u0131lar\u0131ndaki s\u00f6zleri teyit edilerek incelenmi\u015f, ilgili k\u0131s\u0131mlar\u0131ndan yap\u0131lm\u0131\u015f ve kaynaklar\u0131 dipnotlarla g\u00f6sterilmi\u015f al\u0131nt\u0131lardan yararlan\u0131larak, tamamen ve yaln\u0131zca kendi s\u00f6zleri ile bir \u201cOtobiyografi\u201d olu\u015fturulmaya \u00e7al\u0131\u015f\u0131lm\u0131\u015ft\u0131r.               Kitab\u0131n i\u00e7eri\u011finde yer alan her kelime bizzat Atat\u00fcrk\u2019e ait olup, t\u0131rnak i\u00e7inde yaz\u0131lm\u0131\u015ft\u0131r, ayr\u0131ca dipnotlarda kayna\u011f\u0131 belirtilmeyen hi\u00e7bir s\u00f6z kullan\u0131lmam\u0131\u015ft\u0131r. Tarihsel s\u00fcrecin takip edilebilmesini teminen her b\u00f6l\u00fcm\u00fcn sonuna foto\u011frafl\u0131 bir kronoloji de eklenmi\u015ftir.            Bu kitab\u0131n maksad\u0131, tamamen kendi s\u00f6zlerinden yap\u0131lan ve kaynaklar\u0131 belirtilen al\u0131nt\u0131lardan yap\u0131lan bir derleme ile Atat\u00fcrk\u2019\u00fcn Hayat\u0131\u2019n\u0131 ve T\u00fcrkiye Cumhuriyeti\u2019nin kurulu\u015f mucizesini bizzat Atat\u00fcrk\u2019e anlatt\u0131rabilmektir.            Kitap bu niteli\u011fi ile emsalsiz olup, bir ilk s\u0131fat\u0131n\u0131 ta\u015f\u0131maktad\u0131r.            Sevin\u00e7 ve co\u015fku ile kutlad\u0131\u011f\u0131m\u0131z Cumhuriyetimizin 100. Y\u0131l\u0131\u2019nda, vizyonu, ilkeleri, fikirleri ve kurdu\u011fu Cumhuriyet ile h\u00e2l\u00e2 yolumuzu ayd\u0131nlatan B\u00fcy\u00fck \u00d6nder Atat\u00fcrk\u2019e sayg\u0131 ve \u00f6zlemle sundu\u011fumuz bu kitap ile, ba\u015fkalar\u0131n\u0131n anlat\u0131m\u0131 ile de\u011fil kendi dilinden ve kaleminden, Atat\u00fcrk\u2019\u00fcn hayat\u0131n\u0131 okumak ve bak\u0131\u015f a\u00e7\u0131s\u0131n\u0131 kavramak gibi bir amaca hizmet etme gayreti i\u00e7erisindeyiz.            Titiz bir ara\u015ft\u0131rman\u0131n \u00fcr\u00fcn\u00fc olan bu kitab\u0131n hak etti\u011fi de\u011feri bulaca\u011f\u0131na ve okuyucular i\u00e7in g\u00fcvenilir bir kaynak olaca\u011f\u0131na dair inanc\u0131m\u0131z tamd\u0131r. <\/p>\n","protected":false},"excerpt":{"rendered":"<p>\u201c\u00c7ocuklu\u011fuma ili\u015fkin ilk hat\u0131rlad\u0131\u011f\u0131m \u015fey, okula gitmek meselesiyle ilgilidir \u2026.\u201d c\u00fcmlesiyle ba\u015flayan bu kitapta B\u00fcy\u00fck \u00d6nder Atat\u00fcrk\u2019\u00fcn, S\u00f6ylev ve Deme\u00e7leri, B\u00fcy\u00fck Nutuk\u2019u, yazm\u0131\u015f oldu\u011fu An\u0131 Defteri,<span class=\"excerpt-hellip\"> [\u2026]<\/span><\/p>\n","protected":false},"featured_media":0,"template":"","meta":{"_monsterinsights_skip_tracking":false,"_monsterinsights_sitenote_active":false,"_monsterinsights_sitenote_note":"","_monsterinsights_sitenote_category":0},"product_brand":[],"product_cat":[12530,12304],"product_tag":[],"class_list":{"0":"post-752778","1":"product","2":"type-product","3":"status-publish","5":"product_cat-mustafa-kemal-ataturk","6":"product_cat-tarih","7":"pa_cilt-ciltsiz","8":"pa_tur-kitap","9":"pa_yayinevi-kaptan-kitap","10":"pa_yazar-hakan-karci","12":"first","13":"instock","14":"sale","15":"shipping-taxable","16":"purchasable","17":"product-type-simple"},"_links":{"self":[{"href":"https:\/\/roveyayinevi.com.tr\/index.php\/wp-json\/wp\/v2\/product\/752778","targetHints":{"allow":["GET"]}}],"collection":[{"href":"https:\/\/roveyayinevi.com.tr\/index.php\/wp-json\/wp\/v2\/product"}],"about":[{"href":"https:\/\/roveyayinevi.com.tr\/index.php\/wp-json\/wp\/v2\/types\/product"}],"wp:attachment":[{"href":"https:\/\/roveyayinevi.com.tr\/index.php\/wp-json\/wp\/v2\/media?parent=752778"}],"wp:term":[{"taxonomy":"product_brand","embeddable":true,"href":"https:\/\/roveyayinevi.com.tr\/index.php\/wp-json\/wp\/v2\/product_brand?post=752778"},{"taxonomy":"product_cat","embeddable":true,"href":"https:\/\/roveyayinevi.com.tr\/index.php\/wp-json\/wp\/v2\/product_cat?post=752778"},{"taxonomy":"product_tag","embeddable":true,"href":"https:\/\/roveyayinevi.com.tr\/index.php\/wp-json\/wp\/v2\/product_tag?post=752778"}],"curies":[{"name":"wp","href":"https:\/\/api.w.org\/{rel}","templated":true}]}}