{"id":752552,"date":"2025-08-28T05:18:59","date_gmt":"2025-08-28T02:18:59","guid":{"rendered":"https:\/\/roveyayinevi.com.tr\/index.php\/urun\/tayyare-babama-selam-soyle\/"},"modified":"2026-04-16T03:05:57","modified_gmt":"2026-04-16T00:05:57","slug":"tayyare-babama-selam-soyle","status":"publish","type":"product","link":"https:\/\/roveyayinevi.com.tr\/index.php\/urun\/tayyare-babama-selam-soyle\/","title":{"rendered":"Tayyare Babama Selam S\u00f6yle"},"content":{"rendered":"<p>Sadettin k\u00f6y\u00fcn \u00e7\u0131k\u0131\u015f\u0131nda bulunan k\u00f6yl\u00fcn\u00fcn Be\u015fik Tepe ad\u0131n\u0131 verdi\u011fi yol ayr\u0131m\u0131na kadar arkas\u0131na bakmad\u0131. Bir zaman sonra d\u00f6n\u00fcp arkas\u0131na bakt\u0131\u011f\u0131nda ise anas\u0131n\u0131 yere oturmu\u015f dizlerini d\u00f6verken belli belirsiz fark etti. E\u011fer a\u011flayabilseydi bir insana \u00f6m\u00fcr boyu yetecek kadar g\u00f6zya\u015f\u0131n\u0131 orac\u0131kta anas\u0131na bakarken d\u00f6kebilirdi. Ama bu insani duyguyu y\u0131llar \u00f6nce hen\u00fcz on ya\u015f\u0131nda bir \u00e7ocukken Ahmet\u2019in avlusunda ya\u015fad\u0131\u011f\u0131 o olaydan sonra kaybetmi\u015fti\u2026 <\/p>\n","protected":false},"excerpt":{"rendered":"<p>Sadettin k\u00f6y\u00fcn \u00e7\u0131k\u0131\u015f\u0131nda bulunan k\u00f6yl\u00fcn\u00fcn Be\u015fik Tepe ad\u0131n\u0131 verdi\u011fi yol ayr\u0131m\u0131na kadar arkas\u0131na bakmad\u0131. Bir zaman sonra d\u00f6n\u00fcp arkas\u0131na bakt\u0131\u011f\u0131nda ise anas\u0131n\u0131 yere oturmu\u015f dizlerini d\u00f6verken<span class=\"excerpt-hellip\"> [\u2026]<\/span><\/p>\n","protected":false},"featured_media":0,"template":"","meta":{"_monsterinsights_skip_tracking":false,"_monsterinsights_sitenote_active":false,"_monsterinsights_sitenote_note":"","_monsterinsights_sitenote_category":0},"product_brand":[],"product_cat":[14009,12291],"product_tag":[],"class_list":{"0":"post-752552","1":"product","2":"type-product","3":"status-publish","5":"product_cat-biyografi-otobiyografi-edebiyat","6":"product_cat-edebiyat","7":"pa_cilt-ciltsiz","8":"pa_tur-kitap","9":"pa_yayinevi-kirmizi-ada-yayinlari","10":"pa_yazar-aysel-kilicaslan-celebi","12":"first","13":"instock","14":"sale","15":"shipping-taxable","16":"purchasable","17":"product-type-simple"},"_links":{"self":[{"href":"https:\/\/roveyayinevi.com.tr\/index.php\/wp-json\/wp\/v2\/product\/752552","targetHints":{"allow":["GET"]}}],"collection":[{"href":"https:\/\/roveyayinevi.com.tr\/index.php\/wp-json\/wp\/v2\/product"}],"about":[{"href":"https:\/\/roveyayinevi.com.tr\/index.php\/wp-json\/wp\/v2\/types\/product"}],"wp:attachment":[{"href":"https:\/\/roveyayinevi.com.tr\/index.php\/wp-json\/wp\/v2\/media?parent=752552"}],"wp:term":[{"taxonomy":"product_brand","embeddable":true,"href":"https:\/\/roveyayinevi.com.tr\/index.php\/wp-json\/wp\/v2\/product_brand?post=752552"},{"taxonomy":"product_cat","embeddable":true,"href":"https:\/\/roveyayinevi.com.tr\/index.php\/wp-json\/wp\/v2\/product_cat?post=752552"},{"taxonomy":"product_tag","embeddable":true,"href":"https:\/\/roveyayinevi.com.tr\/index.php\/wp-json\/wp\/v2\/product_tag?post=752552"}],"curies":[{"name":"wp","href":"https:\/\/api.w.org\/{rel}","templated":true}]}}