{"id":752540,"date":"2025-08-28T05:18:44","date_gmt":"2025-08-28T02:18:44","guid":{"rendered":"https:\/\/roveyayinevi.com.tr\/index.php\/urun\/osmanlidan-cumhuriyete-ankarada-muhacir-yerlesmeleri\/"},"modified":"2026-04-16T03:05:57","modified_gmt":"2026-04-16T00:05:57","slug":"osmanlidan-cumhuriyete-ankarada-muhacir-yerlesmeleri","status":"publish","type":"product","link":"https:\/\/roveyayinevi.com.tr\/index.php\/urun\/osmanlidan-cumhuriyete-ankarada-muhacir-yerlesmeleri\/","title":{"rendered":"Osmanl\u0131&#8217;dan Cumhuriyet&#8217;e Ankara&#8217;da Muhacir Yerle\u015fmeleri"},"content":{"rendered":"<p>Osmanl\u0131 Devleti\u2019nde i\u00e7e d\u00f6n\u00fck g\u00f6\u00e7 olgusu XVIII.y\u00fczy\u0131l\u0131n son \u00e7eyre\u011finden itibaren ba\u015f g\u00f6stermi\u015f olsa da, as\u0131l yo\u011funluk K\u0131r\u0131mHarbi\u2019nin (1856) ard\u0131ndand\u0131r. Haf\u0131zalarda 93 Harbi olarak da maruf olan 1877-78Osmanl\u0131 Rus Harbi ise g\u00f6\u00e7ler konusunda meydana gelen en \u00f6nemli k\u0131r\u0131lmad\u0131r.Balkan Sava\u015flar\u0131n\u0131n (1912-1913) da meydana gelen g\u00f6\u00e7lerde \u00f6nemli bir etkisi s\u00f6zkonusudur. Bahsi ge\u00e7en sava\u015flardan sonra bask\u0131 ve zul\u00fcmlere maruz kalan veetnik k\u0131y\u0131ma tabi tutulan bir\u00e7ok farkl\u0131 muhacir grubu, kitleler halindeAnadolu\u2019ya g\u00f6\u00e7 etmek durumunda kalm\u0131\u015ft\u0131r. Ya\u015fananlar kar\u015f\u0131s\u0131nda Anadolu\u2019nundi\u011fer bir\u00e7ok vilayeti gibi Ankara sanca\u011f\u0131 da \u00f6nemli bir isk\u00e2n sahas\u0131 olmu\u015ftur.Bu kapsamda Ankara\u2019ya Rumeli, K\u0131r\u0131m ve Kafkasya\u2019dan g\u00f6\u00e7 etmek durumunda kalan\u00f6nemli say\u0131da Tatar, Nogay, \u00c7erkes, Bo\u015fnak, Rumeli muhaciri T\u00fcrk veKara\u00e7ay-Malkar isk\u00e2n edilmi\u015ftir. Ankara\u2019ya sevk edilen muhacirler kentmerkezinin yan\u0131nda yo\u011funluklu olarak g\u00fcn\u00fcm\u00fcz idari taksimat\u0131na g\u00f6re Haymana,Polatl\u0131, G\u00f6lba\u015f\u0131, Bal\u00e2, Sincan, \u00c7ubuk, K\u0131z\u0131lcahamam, \u015eerefliko\u00e7hisar,Kahramankazan, Aya\u015f, Elmada\u011f ve Akyurt il\u00e7eleri d\u00e2hilinde yerle\u015ftirilmi\u015ftir. Ankara\u2019ya muhacir isk\u00e2n\u0131n\u0131 ele alacak olan bu\u00e7al\u0131\u015fma giri\u015f ve \u00fc\u00e7 b\u00f6l\u00fcmden olu\u015fmaktad\u0131r. \u00c7al\u0131\u015fman\u0131n giri\u015f k\u0131sm\u0131nda g\u00f6\u00e7lereneden olan geli\u015fmelere k\u0131saca de\u011finildikten sonra Ankara\u2019ya muhacir isk\u00e2n\u0131n\u0131nsebepleri, sancak d\u00e2hilinde yerle\u015fime m\u00fcsait arazilerin tespit \u00e7al\u0131\u015fmalar\u0131,muhacirlerin geldikleri mahaller ve Ankara\u2019ya isk\u00e2n edilen muhacir say\u0131s\u0131 eleal\u0131nm\u0131\u015ft\u0131r. Ayr\u0131ca Ankara d\u00e2hilinde isk\u00e2n edilen muhacir gruplar\u0131na aityerle\u015fim alanlar\u0131 (k\u00f6y, mahalle vb.) ar\u015fiv kay\u0131tlar\u0131 ve saha ara\u015ft\u0131rmalar\u0131nadayal\u0131 olarak m\u00fcstakil ba\u015fl\u0131klar h\u00e2linde incelenmi\u015ftir. \u00c7al\u0131\u015fmada yer verilenbir di\u011fer husus ise muhacirlere yap\u0131lan yard\u0131mlar, isk\u00e2n\u0131n mal\u00ee boyutu, muhacirisk\u00e2n\u0131nda ortaya \u00e7\u0131kan sorunlar ile isk\u00e2n\u0131n demografik, siyasi, asker\u00ee, zirai,sosyo-k\u00fclt\u00fcrel ve mimar\u00ee alandaki yans\u0131malar\u0131 hakk\u0131ndad\u0131r.  <\/p>\n","protected":false},"excerpt":{"rendered":"<p>Osmanl\u0131 Devleti\u2019nde i\u00e7e d\u00f6n\u00fck g\u00f6\u00e7 olgusu XVIII.y\u00fczy\u0131l\u0131n son \u00e7eyre\u011finden itibaren ba\u015f g\u00f6stermi\u015f olsa da, as\u0131l yo\u011funluk K\u0131r\u0131mHarbi\u2019nin (1856) ard\u0131ndand\u0131r. Haf\u0131zalarda 93 Harbi olarak da maruf olan<span class=\"excerpt-hellip\"> [\u2026]<\/span><\/p>\n","protected":false},"featured_media":0,"template":"","meta":{"_monsterinsights_skip_tracking":false,"_monsterinsights_sitenote_active":false,"_monsterinsights_sitenote_note":"","_monsterinsights_sitenote_category":0},"product_brand":[],"product_cat":[13517,12304],"product_tag":[],"class_list":{"0":"post-752540","1":"product","2":"type-product","3":"status-publish","5":"product_cat-osmanli-tarihi","6":"product_cat-tarih","7":"pa_cilt-ciltsiz","8":"pa_tur-kitap","9":"pa_yayinevi-berikan-yayinlari","10":"pa_yazar-yunus-pustu","12":"first","13":"instock","14":"sale","15":"shipping-taxable","16":"purchasable","17":"product-type-simple"},"_links":{"self":[{"href":"https:\/\/roveyayinevi.com.tr\/index.php\/wp-json\/wp\/v2\/product\/752540","targetHints":{"allow":["GET"]}}],"collection":[{"href":"https:\/\/roveyayinevi.com.tr\/index.php\/wp-json\/wp\/v2\/product"}],"about":[{"href":"https:\/\/roveyayinevi.com.tr\/index.php\/wp-json\/wp\/v2\/types\/product"}],"wp:attachment":[{"href":"https:\/\/roveyayinevi.com.tr\/index.php\/wp-json\/wp\/v2\/media?parent=752540"}],"wp:term":[{"taxonomy":"product_brand","embeddable":true,"href":"https:\/\/roveyayinevi.com.tr\/index.php\/wp-json\/wp\/v2\/product_brand?post=752540"},{"taxonomy":"product_cat","embeddable":true,"href":"https:\/\/roveyayinevi.com.tr\/index.php\/wp-json\/wp\/v2\/product_cat?post=752540"},{"taxonomy":"product_tag","embeddable":true,"href":"https:\/\/roveyayinevi.com.tr\/index.php\/wp-json\/wp\/v2\/product_tag?post=752540"}],"curies":[{"name":"wp","href":"https:\/\/api.w.org\/{rel}","templated":true}]}}