{"id":752530,"date":"2025-08-28T05:18:30","date_gmt":"2025-08-28T02:18:30","guid":{"rendered":"https:\/\/roveyayinevi.com.tr\/index.php\/urun\/avrupa-turk-diasporasinin-turklerin-anadil-ogrenimine-akademik-basarilarina-ve-sosyo-ekonomik-yapilarina-etkisi\/"},"modified":"2026-04-16T03:05:57","modified_gmt":"2026-04-16T00:05:57","slug":"avrupa-turk-diasporasinin-turklerin-anadil-ogrenimine-akademik-basarilarina-ve-sosyo-ekonomik-yapilarina-etkisi","status":"publish","type":"product","link":"https:\/\/roveyayinevi.com.tr\/index.php\/urun\/avrupa-turk-diasporasinin-turklerin-anadil-ogrenimine-akademik-basarilarina-ve-sosyo-ekonomik-yapilarina-etkisi\/","title":{"rendered":"Avrupa T\u00fcrk Diasporas\u0131\u2019n\u0131n T\u00fcrklerin Anadil \u00d6\u011frenimine, Akademik Ba\u015far\u0131lar\u0131na ve Sosyo-Ekonomik Yap\u0131lar\u0131na Etkisi"},"content":{"rendered":"<p>Avrupa\u2019daki T\u00fcrk Diasporas\u0131\u2019n\u0131n tarihi ger\u00e7ekleri bilmesi ve de\u011ferlendirmesi son derece m\u00fchimdir. T\u00fcrklerin ve T\u00fcrk k\u00fclt\u00fcr\u00fcne sayg\u0131l\u0131 etnik gruplar\u0131n tarihte nice ba\u015far\u0131lara imza att\u0131klar\u0131 bilinmektedir. Bu ba\u015far\u0131lar, Orta Asya\u2019da, Kafkaslar\u2019da, Sel\u00e7uklu\u2019da, Osmanl\u0131\u2019da ve nihayet b\u00fcy\u00fck \u00f6nder Atat\u00fcrk\u2019\u00fcn liderli\u011finde Kurtulu\u015f Sava\u015f\u0131\u2019nda hep vard\u0131. T\u00fcm bu ba\u015far\u0131lardan g\u00fc\u00e7 al\u0131nmal\u0131 ve gurur duyulmal\u0131d\u0131r. B\u00f6ylece kendine g\u00fcvenen, \u00fcretime kat\u0131lan ve evrensel de\u011ferlere sayg\u0131 duyan nesiller yeti\u015ftirmek m\u00fcmk\u00fcn olur. <\/p>\n","protected":false},"excerpt":{"rendered":"<p>Avrupa\u2019daki T\u00fcrk Diasporas\u0131\u2019n\u0131n tarihi ger\u00e7ekleri bilmesi ve de\u011ferlendirmesi son derece m\u00fchimdir. T\u00fcrklerin ve T\u00fcrk k\u00fclt\u00fcr\u00fcne sayg\u0131l\u0131 etnik gruplar\u0131n tarihte nice ba\u015far\u0131lara imza att\u0131klar\u0131 bilinmektedir. Bu ba\u015far\u0131lar,<span class=\"excerpt-hellip\"> [\u2026]<\/span><\/p>\n","protected":false},"featured_media":0,"template":"","meta":{"_monsterinsights_skip_tracking":false,"_monsterinsights_sitenote_active":false,"_monsterinsights_sitenote_note":"","_monsterinsights_sitenote_category":0},"product_brand":[],"product_cat":[12370,12304],"product_tag":[],"class_list":{"0":"post-752530","1":"product","2":"type-product","3":"status-publish","5":"product_cat-arastirma-inceleme","6":"product_cat-tarih","7":"pa_cilt-ciltsiz","8":"pa_tur-kitap","9":"pa_yayinevi-karina-yayinevi","10":"pa_yazar-tuncay-polat","12":"first","13":"instock","14":"sale","15":"shipping-taxable","16":"purchasable","17":"product-type-simple"},"_links":{"self":[{"href":"https:\/\/roveyayinevi.com.tr\/index.php\/wp-json\/wp\/v2\/product\/752530","targetHints":{"allow":["GET"]}}],"collection":[{"href":"https:\/\/roveyayinevi.com.tr\/index.php\/wp-json\/wp\/v2\/product"}],"about":[{"href":"https:\/\/roveyayinevi.com.tr\/index.php\/wp-json\/wp\/v2\/types\/product"}],"wp:attachment":[{"href":"https:\/\/roveyayinevi.com.tr\/index.php\/wp-json\/wp\/v2\/media?parent=752530"}],"wp:term":[{"taxonomy":"product_brand","embeddable":true,"href":"https:\/\/roveyayinevi.com.tr\/index.php\/wp-json\/wp\/v2\/product_brand?post=752530"},{"taxonomy":"product_cat","embeddable":true,"href":"https:\/\/roveyayinevi.com.tr\/index.php\/wp-json\/wp\/v2\/product_cat?post=752530"},{"taxonomy":"product_tag","embeddable":true,"href":"https:\/\/roveyayinevi.com.tr\/index.php\/wp-json\/wp\/v2\/product_tag?post=752530"}],"curies":[{"name":"wp","href":"https:\/\/api.w.org\/{rel}","templated":true}]}}