{"id":752518,"date":"2025-08-28T05:18:11","date_gmt":"2025-08-28T02:18:11","guid":{"rendered":"https:\/\/roveyayinevi.com.tr\/index.php\/urun\/ege-adalari-sorunu-2\/"},"modified":"2026-04-16T03:05:56","modified_gmt":"2026-04-16T00:05:56","slug":"ege-adalari-sorunu-2","status":"publish","type":"product","link":"https:\/\/roveyayinevi.com.tr\/index.php\/urun\/ege-adalari-sorunu-2\/","title":{"rendered":"Ege Adalar\u0131 Sorunu"},"content":{"rendered":"<p>T\u00fcrkiye\u2019de kar\u015f\u0131devrimci tezlerin ba\u015fta gelenlerinden birisi, \u201cOn \u0130ki Ada\u2019y\u0131 Lozan\u2019da kaybettik\u201d sav\u0131d\u0131r. Do\u00e7. Dr. H\u00fcner Tuncer, Ege Adalar\u0131 Sorunu kitab\u0131yla \u00fclkemizle Yunanistan aras\u0131nda Atat\u00fcrk D\u00f6neminde kurulmu\u015f olan dostane ili\u015fkileri zedeleyen bu sorunu, tarihsel ve uluslararas\u0131 hukuka dayanan bir perspektif i\u00e7inde ele alarak, ileri s\u00fcr\u00fclen savlar\u0131n hangilerinin ger\u00e7e\u011fi daha \u00e7ok yans\u0131tt\u0131\u011f\u0131n\u0131 a\u00e7\u0131kl\u0131\u011fa kavu\u015fturmaya \u00e7al\u0131\u015fm\u0131\u015ft\u0131r. Ege Adalar\u0131\u2019n\u0131n tarih\u00e7esine k\u0131saca de\u011finildikten sonra, Cumhuriyet d\u00f6neminden itibaren iki \u00fclke aras\u0131ndaki ili\u015fkileri y\u0131pratan Ege Adalar\u0131\u2019na ili\u015fkin uluslar aras\u0131 yasal mevzuat ele al\u0131nm\u0131\u015f; T\u00fcrkiye ile Yunanistan aras\u0131nda Ege\u2019de anla\u015fmazl\u0131\u011fa neden olan di\u011fer sorunlar da irdelenmi\u015ftir. Ve Ege Adalar\u0131\u2019n\u0131n Yunanistan taraf\u0131ndan silahland\u0131r\u0131lmas\u0131 konusu \u00fczerinde durularak, b\u00fct\u00fcnl\u00fckl\u00fc bir tablo ortaya konmu\u015ftur. Elinizdeki kitap, Ege Adalar\u0131\u2019n\u0131n Stat\u00fclerinin ve uluslar aras\u0131 hukuk a\u00e7\u0131s\u0131ndan hangi devletlere ait olduklar\u0131 konusunun s\u0131k\u00e7a tart\u0131\u015f\u0131ld\u0131\u011f\u0131 g\u00fcn\u00fcm\u00fczde, do\u011fru bilinen yanl\u0131\u015flar\u0131 d\u00fczelten, \u201cgalat-\u0131 me\u015fhurlar\u0131\u201d \u00e7\u00fcr\u00fcten bir ba\u015fvuru kayna\u011f\u0131d\u0131r. <\/p>\n","protected":false},"excerpt":{"rendered":"<p>T\u00fcrkiye\u2019de kar\u015f\u0131devrimci tezlerin ba\u015fta gelenlerinden birisi, \u201cOn \u0130ki Ada\u2019y\u0131 Lozan\u2019da kaybettik\u201d sav\u0131d\u0131r. Do\u00e7. Dr. H\u00fcner Tuncer, Ege Adalar\u0131 Sorunu kitab\u0131yla \u00fclkemizle Yunanistan aras\u0131nda Atat\u00fcrk D\u00f6neminde kurulmu\u015f<span class=\"excerpt-hellip\"> [\u2026]<\/span><\/p>\n","protected":false},"featured_media":0,"template":"","meta":{"_monsterinsights_skip_tracking":false,"_monsterinsights_sitenote_active":false,"_monsterinsights_sitenote_note":"","_monsterinsights_sitenote_category":0},"product_brand":[],"product_cat":[12370,12304],"product_tag":[],"class_list":{"0":"post-752518","1":"product","2":"type-product","3":"status-publish","5":"product_cat-arastirma-inceleme","6":"product_cat-tarih","7":"pa_cilt-ciltsiz","8":"pa_tur-kitap","9":"pa_yayinevi-cumhuriyet-kitaplari","10":"pa_yazar-huner-tuncer","12":"first","13":"instock","14":"sale","15":"shipping-taxable","16":"purchasable","17":"product-type-simple"},"_links":{"self":[{"href":"https:\/\/roveyayinevi.com.tr\/index.php\/wp-json\/wp\/v2\/product\/752518","targetHints":{"allow":["GET"]}}],"collection":[{"href":"https:\/\/roveyayinevi.com.tr\/index.php\/wp-json\/wp\/v2\/product"}],"about":[{"href":"https:\/\/roveyayinevi.com.tr\/index.php\/wp-json\/wp\/v2\/types\/product"}],"wp:attachment":[{"href":"https:\/\/roveyayinevi.com.tr\/index.php\/wp-json\/wp\/v2\/media?parent=752518"}],"wp:term":[{"taxonomy":"product_brand","embeddable":true,"href":"https:\/\/roveyayinevi.com.tr\/index.php\/wp-json\/wp\/v2\/product_brand?post=752518"},{"taxonomy":"product_cat","embeddable":true,"href":"https:\/\/roveyayinevi.com.tr\/index.php\/wp-json\/wp\/v2\/product_cat?post=752518"},{"taxonomy":"product_tag","embeddable":true,"href":"https:\/\/roveyayinevi.com.tr\/index.php\/wp-json\/wp\/v2\/product_tag?post=752518"}],"curies":[{"name":"wp","href":"https:\/\/api.w.org\/{rel}","templated":true}]}}