{"id":752427,"date":"2025-08-28T05:15:51","date_gmt":"2025-08-28T02:15:51","guid":{"rendered":"https:\/\/roveyayinevi.com.tr\/index.php\/urun\/yeni-deniz-mecmuasi-sayi29\/"},"modified":"2026-04-16T03:05:54","modified_gmt":"2026-04-16T00:05:54","slug":"yeni-deniz-mecmuasi-sayi29","status":"publish","type":"product","link":"https:\/\/roveyayinevi.com.tr\/index.php\/urun\/yeni-deniz-mecmuasi-sayi29\/","title":{"rendered":"Yeni Deniz Mecmuas\u0131 Say\u0131:29"},"content":{"rendered":"<p>Mavi Vatan\u2019dan B\u00fcy\u00fck Atat\u00fcrk\u2019ten ald\u0131\u011f\u0131m\u0131z emirle, T\u00fcrk Milleti\u2019ne denizi i\u015faret etmek, asker ve sivil deniz g\u00fcc\u00fcm\u00fcz\u00fc art\u0131rmak, bir yar\u0131mada olan \u00fclkemizin kara ve sudan olu\u015fan muhte\u015fem co\u011frafyas\u0131n\u0131 yeniden hat\u0131rlatmak i\u00e7in \u00e7\u0131kard\u0131\u011f\u0131m\u0131z dergimiz yoluna devam ediyor. D\u00fcnyan\u0131n ve \u00fclkemizin ge\u00e7ti\u011fi jeopolitik \u00e7alkant\u0131lar\u0131n zemininde yapt\u0131\u011f\u0131m\u0131z bu seyirde \u00e7ok zor ve onurlu bir g\u00f6revi, Yeni Deniz Mecmuas\u0131 Genel Yay\u0131n Y\u00f6netmenli\u011fini Levent Akson\u2019dan devrald\u0131m. Bu g\u00f6revi bana tevdi eden Levent Akson Kaptan, Cem G\u00fcrdeniz Amiralimiz ile birlikte Yeni Deniz Mecmuas\u0131\u2019n\u0131n ruh ve \u00f6z\u00fcn\u00fc yaratm\u0131\u015f, b\u00fcy\u00fck fedak\u00e2rl\u0131klarla toplumsal ve k\u00fclt\u00fcrel yay\u0131n m\u00fccadelesini ba\u015far\u0131yla s\u00fcrd\u00fcrm\u00fc\u015flerdir. O y\u00fczden, Cumhuriyetimiz 100. y\u0131l\u0131n\u0131 kutlarken verilen bu yeni g\u00f6revin omuzlar\u0131ma y\u00fckledi\u011fi sorumluluk beni hem mutlu ediyor hem de heyecanland\u0131r\u0131yor. Ba\u015fta Panku\u015f Yay\u0131nlar\u0131 Genel Yay\u0131n Y\u00f6netmeni Erdem Atay ve al\u0131nlar\u0131nda Cumhuriyet ayd\u0131nlanmas\u0131n\u0131n \u0131\u015f\u0131\u011f\u0131n\u0131 ta\u015f\u0131yan t\u00fcm arkada\u015flar\u0131mla birlikte iyi bir i\u015f \u00e7\u0131karaca\u011f\u0131m\u0131za inan\u0131yorum.   3 Haziran 2023 d\u00fcnyaca \u00fcnl\u00fc \u015fairimiz Naz\u0131m Hikmet\u2019in 60. \u00f6l\u00fcm y\u0131ld\u00f6n\u00fcm\u00fc. Ulu \u00e7\u0131nar\u0131m\u0131z\u0131n an\u0131s\u0131na, onun unutulmaz \u201cMavi Liman\u201d (Yorgunum Kaptan) \u015fiiri ve Levent Akson\u2019un o \u015fiirin ger\u00e7ek ve dokunakl\u0131 hik\u00e2yesini anlatan nefis yaz\u0131s\u0131 ile bu say\u0131m\u0131za ba\u015fl\u0131yoruz. 29. say\u0131m\u0131z, kelimenin tam anlam\u0131yla dolu dolu. \u0130lk kez kapa\u011f\u0131m\u0131zda \u00fc\u00e7 konuya, resimli olarak yer verdik. Mavi Vatan\u2019\u0131n isim babas\u0131 ve jeopolitik uzman\u0131 Cem G\u00fcrdeniz, T\u00fcrkiye\u2019nin ilk \u00c7ok Maksatl\u0131 Amfibi H\u00fccum Gemisi TCG Anadolu\u2019nun, siyasi tart\u0131\u015fmalardan uzak olarak ger\u00e7ekte ne anlama geldi\u011fini yazd\u0131. S\u00fcrecin i\u00e7inde bir subay olarak G\u00fcrdeniz, bu geminin daha \u2018do\u011fumu\u2019 \u00f6ncesi ya\u015fanan t\u00fcm geli\u015fmeleri bilen bir isim. , 1 Temmuz Kabotaj Bayram\u0131\u2019n\u0131 yine buruk kutluyoruz. Bunun neden b\u00f6yle oldu\u011funu ise Levent Akson usta kalemiyle bize anlat\u0131yor. Kabotaj demek T\u00fcrkiye\u2019nin limanlar\u0131na sahip \u00e7\u0131kmas\u0131 demek. Gen\u00e7 ya\u015f\u0131na ra\u011fmen \u00e7ok donan\u0131ml\u0131 yazar\u0131m\u0131z Ersin Eliko\u011flu, \u00dc\u00e7 Denizde \u00dc\u00e7 B\u00fcy\u00fck Liman projesini kaleme ald\u0131. Filyos, \u00c7andarl\u0131 ve Mersin\u2019in \u00fclkemiz denizcili\u011fi ve ekonomisine olas\u0131 katk\u0131lar\u0131n\u0131 bilimsel verilerle bir bir anlatt\u0131. \u201cDeli \u0130bram Divan\u0131\u201d yazar\u0131 Ahmet B\u00fcke art\u0131k dergimizde yaz\u0131yor. B\u00fcke, \u2018\u015een Denizler Ansiklopedisi\u2019 ba\u015fl\u0131kl\u0131 k\u00f6\u015fesinde efsanevi yelken yar\u0131\u015f\u0131 Golden Globe 2022\u2019nin m\u00fcthi\u015f maceras\u0131n\u0131 ve ilk kez yar\u0131\u015f\u0131 kazanan kad\u0131n yelkenci Kirsten Neuschafer\u2019i kaleme ald\u0131. Usta kalemin anlat\u0131m\u0131ndan b\u00fcy\u00fck zevk alacaks\u0131n\u0131z. \u2018K\u00fcresel Okyanus Anla\u015fmas\u0131\u2019, 20 y\u0131ld\u0131r devam eden m\u00fczakereler sonras\u0131 200 devletin kat\u0131l\u0131m\u0131 ile imzaland\u0131. BM\u2019deki imzac\u0131 T\u00fcrk heyetinde yer alan Uzman Avukatlar Beril\u015fah Kocab\u0131y\u0131k ile Seyhan G\u00fcl Y\u0131lmaz, 240 milyon kilometre karelik deniz alan\u0131n\u0131 kapsayan anla\u015fman\u0131n ne anlama geldi\u011fini yazd\u0131. Kaptan Sedat Tenker, \u0130stanbul Bo\u011faz\u0131\u2019ndan ge\u00e7en gemilerin neden azald\u0131\u011f\u0131n\u0131 bize anlatt\u0131. E. Tu\u011famiral Hakan Ercan, kendi deneyimlerini de katarak ilgin\u00e7 bir olay\u0131, 2006\u2019da L\u00fcbnan Hizbullah\u2019\u0131 taraf\u0131ndan vurulan \u0130srail korvetinin hik\u00e2yesini kaleme ald\u0131. Do\u00e7. Dr. Murat Y\u00fcml\u00fc, tarihten bir sayfay\u0131 a\u00e7t\u0131 ve denizcili\u011fe olan tutkusuyla, \u201cSivil Amiral\u201d olarak bilinen gazeteci Abidin Daver\u2019i bizlere hat\u0131rlatt\u0131. Filozof yazar Ian Angus, bize bal\u0131k\u00e7\u0131l\u0131k devrimini ve kapitalist d\u00f6n\u00fc\u015f\u00fcm\u00fcn\u00fc anlat\u0131yor. Ona g\u00f6re kapitalizmin ilk fabrikas\u0131 say\u0131lan yel de\u011firmenlerinden \u00f6nce bal\u0131k tutan ve i\u015fleyen \u201cFabrika gemiler\u201d vard\u0131. Nezih Bilecik de denizlerimizdeki bal\u0131klar\u0131n neden sistematik olarak azald\u0131\u011f\u0131n\u0131 kaleme ald\u0131. \u00dcnl\u00fc gazeteci-yazar ve TV Programc\u0131s\u0131 Banu Avar, Deniz Kuvvetleri ile i\u015fbirli\u011finde yapt\u0131\u011f\u0131 Denizciler Belgeseli\u2019nin hik\u00e2yesini s\u00fcr\u00fckleyici kalemiyle aktard\u0131. <\/p>\n","protected":false},"excerpt":{"rendered":"<p>Mavi Vatan\u2019dan B\u00fcy\u00fck Atat\u00fcrk\u2019ten ald\u0131\u011f\u0131m\u0131z emirle, T\u00fcrk Milleti\u2019ne denizi i\u015faret etmek, asker ve sivil deniz g\u00fcc\u00fcm\u00fcz\u00fc art\u0131rmak, bir yar\u0131mada olan \u00fclkemizin kara ve sudan olu\u015fan muhte\u015fem<span class=\"excerpt-hellip\"> [\u2026]<\/span><\/p>\n","protected":false},"featured_media":0,"template":"","meta":{"_monsterinsights_skip_tracking":false,"_monsterinsights_sitenote_active":false,"_monsterinsights_sitenote_note":"","_monsterinsights_sitenote_category":0},"product_brand":[],"product_cat":[13527],"product_tag":[],"class_list":{"0":"post-752427","1":"product","2":"type-product","3":"status-publish","5":"product_cat-sureli-yayinlar","6":"pa_cilt-ciltsiz","7":"pa_tur-dergi","8":"pa_yayinevi-pankus-yayinlari","9":"pa_yazar-pankus-yayinlari-kolektif","11":"first","12":"instock","13":"sale","14":"shipping-taxable","15":"purchasable","16":"product-type-simple"},"_links":{"self":[{"href":"https:\/\/roveyayinevi.com.tr\/index.php\/wp-json\/wp\/v2\/product\/752427","targetHints":{"allow":["GET"]}}],"collection":[{"href":"https:\/\/roveyayinevi.com.tr\/index.php\/wp-json\/wp\/v2\/product"}],"about":[{"href":"https:\/\/roveyayinevi.com.tr\/index.php\/wp-json\/wp\/v2\/types\/product"}],"wp:attachment":[{"href":"https:\/\/roveyayinevi.com.tr\/index.php\/wp-json\/wp\/v2\/media?parent=752427"}],"wp:term":[{"taxonomy":"product_brand","embeddable":true,"href":"https:\/\/roveyayinevi.com.tr\/index.php\/wp-json\/wp\/v2\/product_brand?post=752427"},{"taxonomy":"product_cat","embeddable":true,"href":"https:\/\/roveyayinevi.com.tr\/index.php\/wp-json\/wp\/v2\/product_cat?post=752427"},{"taxonomy":"product_tag","embeddable":true,"href":"https:\/\/roveyayinevi.com.tr\/index.php\/wp-json\/wp\/v2\/product_tag?post=752427"}],"curies":[{"name":"wp","href":"https:\/\/api.w.org\/{rel}","templated":true}]}}