{"id":752420,"date":"2025-08-28T05:15:42","date_gmt":"2025-08-28T02:15:42","guid":{"rendered":"https:\/\/roveyayinevi.com.tr\/index.php\/urun\/genc-mustafa\/"},"modified":"2026-04-16T03:05:54","modified_gmt":"2026-04-16T00:05:54","slug":"genc-mustafa","status":"publish","type":"product","link":"https:\/\/roveyayinevi.com.tr\/index.php\/urun\/genc-mustafa\/","title":{"rendered":"Gen\u00e7 Mustafa"},"content":{"rendered":"<p>ATAT\u00dcRK\u2019\u00dcN HARB\u0130YE YILLARI Gen\u00e7 Harbiyeli Mustafa Kemal\u2019in okuyan, ara\u015ft\u0131ran ve sorgulayan zihni geli\u015fiyor. Bir yandan da eylemlerin i\u00e7inde&#8230; Yal\u0131n Alpay\u2019\u0131n kaleme ald\u0131\u011f\u0131, Bar\u0131\u015f Ke\u015fo\u011flu\u2019nun \u00e7izgileriyle hayat verdi\u011fi Gen\u00e7 Mustafa  adl\u0131 bu kitap, bir d\u00fc\u015f\u00fcnce adam\u0131n\u0131n olu\u015fumunun ve ilk ba\u015fkald\u0131r\u0131\u015f\u0131n\u0131n \u00f6yk\u00fcs\u00fc\u2026 Bir liderin d\u00fc\u015f\u00fcncelerinin ilk filizleni\u015fi, hapse ilk d\u00fc\u015f\u00fc\u015f\u00fc ve idamdan kurtulu\u015fu&#8230; \u201cElinizdeki kitap resimli bir Mustafa Kemal biyografisinin \u00e7ok daha \u00f6tesine ge\u00e7iyor. Gen\u00e7ler, yeti\u015fkinler ve \u00f6zellikle de ayd\u0131nlar i\u00e7in tasarlanm\u0131\u015f. Her \u00fc\u00e7 okuyucu tipi i\u00e7in de farkl\u0131 bilgiler, yorumlar ve ele\u015ftiriler i\u00e7eriyor. \u00dc\u00e7 okuyucuya ayn\u0131 anda hitap etmeyi ve Mustafa Kemal\u2019i bir insan olarak yeniden g\u00f6zlerimizin \u00f6n\u00fcne sermeyi ba\u015far\u0131yor. Anlat\u0131lmayan\u0131 anlatan, s\u0131ra d\u0131\u015f\u0131 bir \u00e7al\u0131\u015fma.\u201d &#8211;Yard. Do\u00e7. Dr. Yavuz Selim Karak\u0131\u015fla, Bo\u011fazi\u00e7i \u00dcniversitesi Tarih B\u00f6l\u00fcm\u00fc \u201cGen\u00e7 Mustafa , Atat\u00fcrk\u2019\u00fcn \u00e7ocuklu\u011funun anlat\u0131ld\u0131\u011f\u0131 bir kitap de\u011fil sadece. 30 y\u0131l sonra bir ulusun, co\u011frafyan\u0131n yazg\u0131s\u0131n\u0131 de\u011fi\u015ftirecek bir zek\u00e2n\u0131n do\u011fumu ve \u015fekillenmesine tan\u0131kl\u0131k ediyorsunuz Gen\u00e7 Mustafa\u2019n\u0131n sat\u0131rlar\u0131nda. O, Harp Okulu\u2019nun sakl\u0131 odalar\u0131nda arkada\u015flar\u0131n\u0131 bir \u2018fikir\u2019 etraf\u0131nda \u00f6rg\u00fctleyece\u011fi gazeteyi haz\u0131rlarken, siz kap\u0131da g\u00f6zc\u00fcl\u00fck yap\u0131yorsunuz. \u00d6rselendi\u011fi ve ba\u015f\u0131n\u0131n e\u011fildi\u011fi anlar\u0131n hemen sonras\u0131nda olu\u015fan isyan ve kararl\u0131l\u0131kla tan\u0131\u015f\u0131yorsunuz. Bu zek\u00e2n\u0131n, daha sonra en bulan\u0131k g\u00f6ky\u00fcz\u00fcn\u00fcn alt\u0131nda dahi ayd\u0131nl\u0131\u011fa att\u0131\u011f\u0131 keskin ad\u0131mlar\u0131 bilenler olarak, karakterin kayna\u011f\u0131yla bulu\u015fman\u0131n gururu kaz\u0131n\u0131yor zihninize. \u00d6yle ya, do\u011fdu\u011fu topraklarla birlikte yitirilen bir \u00e7ocuklu\u011fun, her ad\u0131m\u0131 sanki \u00f6nceden tasarlanm\u0131\u015f uzun ve \u00e7etin yolunun ba\u015f\u0131nda Gen\u00e7 Mustafa Kemal ile birliktesiniz. Tarihin takviminde \u2018az sonra\u2019 bir b\u00fcy\u00fck devrimci olaca\u011f\u0131, Mustafa Kemal olaca\u011f\u0131 yolun en ba\u015f\u0131nda. O zaman, bu uzun y\u00fcr\u00fcy\u00fc\u015fe \u00e7\u0131kmaya haz\u0131r m\u0131s\u0131n\u0131z? Yeniden&#8230;\u201d -Av. Ersan Bark\u0131n <\/p>\n","protected":false},"excerpt":{"rendered":"<p>ATAT\u00dcRK\u2019\u00dcN HARB\u0130YE YILLARI Gen\u00e7 Harbiyeli Mustafa Kemal\u2019in okuyan, ara\u015ft\u0131ran ve sorgulayan zihni geli\u015fiyor. Bir yandan da eylemlerin i\u00e7inde&#8230; Yal\u0131n Alpay\u2019\u0131n kaleme ald\u0131\u011f\u0131, Bar\u0131\u015f Ke\u015fo\u011flu\u2019nun \u00e7izgileriyle hayat<span class=\"excerpt-hellip\"> [\u2026]<\/span><\/p>\n","protected":false},"featured_media":0,"template":"","meta":{"_monsterinsights_skip_tracking":false,"_monsterinsights_sitenote_active":false,"_monsterinsights_sitenote_note":"","_monsterinsights_sitenote_category":0},"product_brand":[],"product_cat":[12408],"product_tag":[],"class_list":{"0":"post-752420","1":"product","2":"type-product","3":"status-publish","5":"product_cat-sanat","6":"pa_cilt-ciltsiz","7":"pa_tur-kitap","8":"pa_yayinevi-kara-karga-yayinlari","9":"pa_yazar-yalin-alpay","11":"first","12":"instock","13":"sale","14":"shipping-taxable","15":"purchasable","16":"product-type-simple"},"_links":{"self":[{"href":"https:\/\/roveyayinevi.com.tr\/index.php\/wp-json\/wp\/v2\/product\/752420","targetHints":{"allow":["GET"]}}],"collection":[{"href":"https:\/\/roveyayinevi.com.tr\/index.php\/wp-json\/wp\/v2\/product"}],"about":[{"href":"https:\/\/roveyayinevi.com.tr\/index.php\/wp-json\/wp\/v2\/types\/product"}],"wp:attachment":[{"href":"https:\/\/roveyayinevi.com.tr\/index.php\/wp-json\/wp\/v2\/media?parent=752420"}],"wp:term":[{"taxonomy":"product_brand","embeddable":true,"href":"https:\/\/roveyayinevi.com.tr\/index.php\/wp-json\/wp\/v2\/product_brand?post=752420"},{"taxonomy":"product_cat","embeddable":true,"href":"https:\/\/roveyayinevi.com.tr\/index.php\/wp-json\/wp\/v2\/product_cat?post=752420"},{"taxonomy":"product_tag","embeddable":true,"href":"https:\/\/roveyayinevi.com.tr\/index.php\/wp-json\/wp\/v2\/product_tag?post=752420"}],"curies":[{"name":"wp","href":"https:\/\/api.w.org\/{rel}","templated":true}]}}