{"id":752393,"date":"2025-08-28T05:15:05","date_gmt":"2025-08-28T02:15:05","guid":{"rendered":"https:\/\/roveyayinevi.com.tr\/index.php\/urun\/ataturkun-berberi\/"},"modified":"2026-02-03T03:19:41","modified_gmt":"2026-02-03T00:19:41","slug":"ataturkun-berberi","status":"publish","type":"product","link":"https:\/\/roveyayinevi.com.tr\/index.php\/urun\/ataturkun-berberi\/","title":{"rendered":"Atat\u00fcrk\u2019\u00fcn Berberi"},"content":{"rendered":"<p>\u201c\u0130Y\u0130 \u00c7OCU\u011eA BENZ\u0130YOR. LAK\u0130N GEREKL\u0130 \u0130ST\u0130HBARATI TEKRAR YAPTIRIP REFET PA\u015eA \u0130LE OLAN YAKINLI\u011eINI DA B\u0130R TETK\u0130K ED\u0130N\u0130Z.\u201d En \u00e7alkant\u0131l\u0131 g\u00fcnlerde, suikast tehditleriyle burun buruna ya\u015fan\u0131lan o y\u0131llarda dile kolay tam 13 y\u0131l (1925-1938) Atat\u00fcrk\u2019\u00fcn her g\u00fcn t\u0131ra\u015f\u0131yla ve her t\u00fcrl\u00fc s\u0131hhi bak\u0131m\u0131yla ilgilenen biri olmak, \u201cen g\u00fcvenilir insan\u201d olmay\u0131 gerektirir. Berber Mehmet Tanr\u0131kut Mete tam bir s\u0131r k\u00fcp\u00fc. Yurti\u00e7i gezilerinde ya da yurtd\u0131\u015f\u0131ndan gelen \u00fclke liderlerinin protokollerinde bile Berber Mehmet hemen her foto\u011frafta Atat\u00fcrk\u2019\u00fcn bir ad\u0131m gerisinde yer ald\u0131. Hatta foto\u011fraflar dikkatle incelendi\u011finde \u201ccansiperane\u201d bir yak\u0131n koruma ve kimi iddialara g\u00f6re dubl\u00f6r\u00fc oldu\u011fu anla\u015f\u0131labilir. Defalarca suikast giri\u015fimine maruz kalan Atat\u00fcrk, \u201cElinde ustural\u0131 bir adama ne kadar ya da nas\u0131l g\u00fcvenebilirim?\u201d sorusunu acaba kendisine ka\u00e7 kez sormu\u015ftur bilinmez ama bazen giydi\u011fi k\u0131yafetin ayn\u0131n\u0131 giymesine dahi izin verdi\u011fi, soyad\u0131n\u0131 bile kendi koydu\u011fu Mehmet Tanr\u0131kut Mete\u2019ye \u00e7ok g\u00fcvenmi\u015f olsa gerek. Belge ve foto\u011fraflarla sat\u0131r aralar\u0131nda ge\u00e7en ya\u015fanm\u0131\u015fl\u0131klar Atat\u00fcrk ile berberinin gizemli d\u00fcnyas\u0131na ve birlikte g\u00f6rd\u00fcklerine \u0131\u015f\u0131k tutacak&#8230; <\/p>\n","protected":false},"excerpt":{"rendered":"<p>\u201c\u0130Y\u0130 \u00c7OCU\u011eA BENZ\u0130YOR. LAK\u0130N GEREKL\u0130 \u0130ST\u0130HBARATI TEKRAR YAPTIRIP REFET PA\u015eA \u0130LE OLAN YAKINLI\u011eINI DA B\u0130R TETK\u0130K ED\u0130N\u0130Z.\u201d En \u00e7alkant\u0131l\u0131 g\u00fcnlerde, suikast tehditleriyle burun buruna ya\u015fan\u0131lan o<span class=\"excerpt-hellip\"> [\u2026]<\/span><\/p>\n","protected":false},"featured_media":0,"template":"","meta":{"_monsterinsights_skip_tracking":false,"_monsterinsights_sitenote_active":false,"_monsterinsights_sitenote_note":"","_monsterinsights_sitenote_category":0},"product_brand":[],"product_cat":[12370,12304],"product_tag":[],"class_list":{"0":"post-752393","1":"product","2":"type-product","3":"status-publish","5":"product_cat-arastirma-inceleme","6":"product_cat-tarih","7":"pa_cilt-ciltsiz","8":"pa_tur-kitap","9":"pa_yayinevi-destek-yayinlari","10":"pa_yazar-yasar-gursoy","12":"first","13":"instock","14":"sale","15":"shipping-taxable","16":"purchasable","17":"product-type-simple"},"_links":{"self":[{"href":"https:\/\/roveyayinevi.com.tr\/index.php\/wp-json\/wp\/v2\/product\/752393","targetHints":{"allow":["GET"]}}],"collection":[{"href":"https:\/\/roveyayinevi.com.tr\/index.php\/wp-json\/wp\/v2\/product"}],"about":[{"href":"https:\/\/roveyayinevi.com.tr\/index.php\/wp-json\/wp\/v2\/types\/product"}],"wp:attachment":[{"href":"https:\/\/roveyayinevi.com.tr\/index.php\/wp-json\/wp\/v2\/media?parent=752393"}],"wp:term":[{"taxonomy":"product_brand","embeddable":true,"href":"https:\/\/roveyayinevi.com.tr\/index.php\/wp-json\/wp\/v2\/product_brand?post=752393"},{"taxonomy":"product_cat","embeddable":true,"href":"https:\/\/roveyayinevi.com.tr\/index.php\/wp-json\/wp\/v2\/product_cat?post=752393"},{"taxonomy":"product_tag","embeddable":true,"href":"https:\/\/roveyayinevi.com.tr\/index.php\/wp-json\/wp\/v2\/product_tag?post=752393"}],"curies":[{"name":"wp","href":"https:\/\/api.w.org\/{rel}","templated":true}]}}