{"id":752176,"date":"2025-08-28T05:08:28","date_gmt":"2025-08-28T02:08:28","guid":{"rendered":"https:\/\/roveyayinevi.com.tr\/index.php\/urun\/anadolunun-gunesi-mustafa-kemal-ataturk\/"},"modified":"2026-04-16T03:05:34","modified_gmt":"2026-04-16T00:05:34","slug":"anadolunun-gunesi-mustafa-kemal-ataturk","status":"publish","type":"product","link":"https:\/\/roveyayinevi.com.tr\/index.php\/urun\/anadolunun-gunesi-mustafa-kemal-ataturk\/","title":{"rendered":"Anadolu\u2019nun G\u00fcne\u015fi Mustafa Kemal Atat\u00fcrk"},"content":{"rendered":"<p>Kerem \u00d6zakman ile e\u011fitimci \u0130clal San&#8217;\u0131n, ilk\u00f6\u011fretim \u00f6\u011frencileri i\u00e7in birlikte haz\u0131rlad\u0131klar\u0131 bu kitap, \u00e7ocuklar\u0131m\u0131z\u0131n Atat\u00fcrk&#8217;\u00fc tan\u0131malar\u0131 i\u00e7in kaleme al\u0131nm\u0131\u015f, ger\u00e7ekleri anlatan bir ya\u015fam hik\u00e2yesidir. As\u0131ls\u0131z bilgiler vermez, abart\u0131l\u0131 bir kahramanl\u0131k destan\u0131 da i\u00e7ermez. Ancak Kurtulu\u015f M\u00fccadelemiz o kadar \u015fanl\u0131d\u0131r ki bazen al\u00e7akg\u00f6n\u00fcll\u00fc kelimelere s\u0131\u011fd\u0131ramay\u0131z onu. Biz de kelimelerimizi bu ola\u011fan\u00fcst\u00fc m\u00fccadelenin ve benzersiz \u00f6nderinin r\u00fczg\u00e2r\u0131na b\u0131rakt\u0131k, onlar uygun yerlere yerle\u015ftiler. Atat\u00fcrk, T\u00fcrkl\u00fck bilincini canland\u0131ran, dirilten ve milletimizin uyan\u0131\u015f\u0131n\u0131 sa\u011flayan en parlak \u0131\u015f\u0131kt\u0131r, bir g\u00fcne\u015ftir. O&#8217;nu \u00e7ocuklar\u0131m\u0131z\u0131n \u00e7ok iyi tan\u0131mas\u0131 gerekiyor. Bu kitapla katk\u0131da bulunabildiysek ne mutlu bize.<\/p>\n","protected":false},"excerpt":{"rendered":"<p>Kerem \u00d6zakman ile e\u011fitimci \u0130clal San&#8217;\u0131n, ilk\u00f6\u011fretim \u00f6\u011frencileri i\u00e7in birlikte haz\u0131rlad\u0131klar\u0131 bu kitap, \u00e7ocuklar\u0131m\u0131z\u0131n Atat\u00fcrk&#8217;\u00fc tan\u0131malar\u0131 i\u00e7in kaleme al\u0131nm\u0131\u015f, ger\u00e7ekleri anlatan bir ya\u015fam hik\u00e2yesidir. As\u0131ls\u0131z bilgiler<span class=\"excerpt-hellip\"> [\u2026]<\/span><\/p>\n","protected":false},"featured_media":0,"template":"","meta":{"_monsterinsights_skip_tracking":false,"_monsterinsights_sitenote_active":false,"_monsterinsights_sitenote_note":"","_monsterinsights_sitenote_category":0},"product_brand":[],"product_cat":[12274,15842],"product_tag":[],"class_list":{"0":"post-752176","1":"product","2":"type-product","3":"status-publish","5":"product_cat-cocuk-ve-genclik-kitaplari","6":"product_cat-egitici-kitaplar","7":"pa_cilt-ciltsiz","8":"pa_tur-kitap","9":"pa_yayinevi-bilgi-yayinevi","10":"pa_yazar-iclal-san-kerem-ozakman","12":"first","13":"instock","14":"sale","15":"shipping-taxable","16":"purchasable","17":"product-type-simple"},"_links":{"self":[{"href":"https:\/\/roveyayinevi.com.tr\/index.php\/wp-json\/wp\/v2\/product\/752176","targetHints":{"allow":["GET"]}}],"collection":[{"href":"https:\/\/roveyayinevi.com.tr\/index.php\/wp-json\/wp\/v2\/product"}],"about":[{"href":"https:\/\/roveyayinevi.com.tr\/index.php\/wp-json\/wp\/v2\/types\/product"}],"wp:attachment":[{"href":"https:\/\/roveyayinevi.com.tr\/index.php\/wp-json\/wp\/v2\/media?parent=752176"}],"wp:term":[{"taxonomy":"product_brand","embeddable":true,"href":"https:\/\/roveyayinevi.com.tr\/index.php\/wp-json\/wp\/v2\/product_brand?post=752176"},{"taxonomy":"product_cat","embeddable":true,"href":"https:\/\/roveyayinevi.com.tr\/index.php\/wp-json\/wp\/v2\/product_cat?post=752176"},{"taxonomy":"product_tag","embeddable":true,"href":"https:\/\/roveyayinevi.com.tr\/index.php\/wp-json\/wp\/v2\/product_tag?post=752176"}],"curies":[{"name":"wp","href":"https:\/\/api.w.org\/{rel}","templated":true}]}}