{"id":752006,"date":"2025-08-28T05:04:08","date_gmt":"2025-08-28T02:04:08","guid":{"rendered":"https:\/\/roveyayinevi.com.tr\/index.php\/urun\/ikinci-dunya-savasinda-turkiye\/"},"modified":"2026-04-16T03:05:30","modified_gmt":"2026-04-16T00:05:30","slug":"ikinci-dunya-savasinda-turkiye","status":"publish","type":"product","link":"https:\/\/roveyayinevi.com.tr\/index.php\/urun\/ikinci-dunya-savasinda-turkiye\/","title":{"rendered":"\u0130kinci D\u00fcnya Sava\u015f\u0131\u2019nda T\u00fcrkiye"},"content":{"rendered":"<p>\u0130kinci D\u00fcnya Sava\u015f\u0131 insanl\u0131k tarihinin en \u00f6nemli felaketlerinden biridir. Bu b\u00fcy\u00fck trajediden \u00f6nce ve a\u011f\u0131rl\u0131kl\u0131 olarak Avrupa sonra Pasifik ve Kuzey Afrika b\u00f6lgeleri ciddi \u015fekilde etkilenmi\u015f ve milyonlarca insan hayat\u0131n\u0131 kaybetmi\u015ftir. Bunlara sava\u015f sonunda geride kalan \u00e7ok daha fazla say\u0131da sakat, hasta ve psikolojisi alt \u00fcst olmu\u015f milyonlar eklendi\u011finde s\u00f6ylenecek s\u00f6z ve teselli edecek kelime bulmak m\u00fcmk\u00fcn de\u011fildi. T\u00fcrkiye, bu b\u00fcy\u00fck dram\u0131 sava\u015fa girmeden atlatabilen nadir Avrupa \u00fclkelerindendir. D\u00f6nemin yetkilileri hassas ve ba\u015far\u0131l\u0131 diplomasiyle ve al\u0131nan \u00f6nlemlerle bu badireyi atlatmay\u0131 ba\u015far\u0131rken, sava\u015f\u0131n getirdi\u011fi sosyo-ekonomik sorunlar, baz\u0131 demografik hareketlenmeler ve sa\u011fl\u0131kla ilgili s\u0131k\u0131nt\u0131lar elbette ya\u015fanm\u0131\u015ft\u0131r. Bu kitapta T\u00fcrkiye\u2019nin \u0130kinci D\u00fcnya Sava\u015f\u0131\u2019nda uygulad\u0131\u011f\u0131 ekonomi, sa\u011fl\u0131k politikalar\u0131, g\u00f6\u00e7, m\u00fclteciler ve di\u011fer \u00fclkelerle baz\u0131 ili\u015fkileri konu edinen makaleler bir araya getirilmi\u015ftir. B\u00f6ylece, \u00e7ok s\u0131k\u0131nt\u0131l\u0131 bir d\u00f6neme T\u00fcrkiye \u00f6zelinde bir\u00e7ok a\u00e7\u0131dan bakabilmek imk\u00e2n\u0131 elde edilmi\u015ftir ve g\u00f6r\u00fcld\u00fc\u011f\u00fc gibi sadece s\u0131cak \u00e7at\u0131\u015fmaya girilmemi\u015ftir. T\u00fcrkiye, \u0130kinci D\u00fcnya Sava\u015f\u0131\u2019ndan sava\u015fmak d\u0131\u015f\u0131nda her a\u00e7\u0131dan etkilenmi\u015f, bir\u00e7ok sorunla m\u00fccadele etmek zorunda kalm\u0131\u015ft\u0131r. <\/p>\n","protected":false},"excerpt":{"rendered":"<p>\u0130kinci D\u00fcnya Sava\u015f\u0131 insanl\u0131k tarihinin en \u00f6nemli felaketlerinden biridir. Bu b\u00fcy\u00fck trajediden \u00f6nce ve a\u011f\u0131rl\u0131kl\u0131 olarak Avrupa sonra Pasifik ve Kuzey Afrika b\u00f6lgeleri ciddi \u015fekilde etkilenmi\u015f<span class=\"excerpt-hellip\"> [\u2026]<\/span><\/p>\n","protected":false},"featured_media":0,"template":"","meta":{"_monsterinsights_skip_tracking":false,"_monsterinsights_sitenote_active":false,"_monsterinsights_sitenote_note":"","_monsterinsights_sitenote_category":0},"product_brand":[],"product_cat":[12304,13650],"product_tag":[],"class_list":{"0":"post-752006","1":"product","2":"type-product","3":"status-publish","5":"product_cat-tarih","6":"product_cat-turk-tarihi-arastirmalari","7":"pa_cilt-ciltsiz","8":"pa_tur-kitap","9":"pa_yayinevi-berikan-yayinlari","10":"pa_yazar-bulent-akar","12":"first","13":"instock","14":"sale","15":"shipping-taxable","16":"purchasable","17":"product-type-simple"},"_links":{"self":[{"href":"https:\/\/roveyayinevi.com.tr\/index.php\/wp-json\/wp\/v2\/product\/752006","targetHints":{"allow":["GET"]}}],"collection":[{"href":"https:\/\/roveyayinevi.com.tr\/index.php\/wp-json\/wp\/v2\/product"}],"about":[{"href":"https:\/\/roveyayinevi.com.tr\/index.php\/wp-json\/wp\/v2\/types\/product"}],"wp:attachment":[{"href":"https:\/\/roveyayinevi.com.tr\/index.php\/wp-json\/wp\/v2\/media?parent=752006"}],"wp:term":[{"taxonomy":"product_brand","embeddable":true,"href":"https:\/\/roveyayinevi.com.tr\/index.php\/wp-json\/wp\/v2\/product_brand?post=752006"},{"taxonomy":"product_cat","embeddable":true,"href":"https:\/\/roveyayinevi.com.tr\/index.php\/wp-json\/wp\/v2\/product_cat?post=752006"},{"taxonomy":"product_tag","embeddable":true,"href":"https:\/\/roveyayinevi.com.tr\/index.php\/wp-json\/wp\/v2\/product_tag?post=752006"}],"curies":[{"name":"wp","href":"https:\/\/api.w.org\/{rel}","templated":true}]}}