{"id":751972,"date":"2025-08-28T05:03:20","date_gmt":"2025-08-28T02:03:20","guid":{"rendered":"https:\/\/roveyayinevi.com.tr\/index.php\/urun\/izmir-suikasti\/"},"modified":"2026-04-16T03:05:30","modified_gmt":"2026-04-16T00:05:30","slug":"izmir-suikasti","status":"publish","type":"product","link":"https:\/\/roveyayinevi.com.tr\/index.php\/urun\/izmir-suikasti\/","title":{"rendered":"\u0130zmir Suikast\u0131"},"content":{"rendered":"<p>-\u0130zmir Suikast\u0131 muhalefeti sindirmek i\u00e7in \u00f6nceden tertip edilmi\u015f, bir komplodur. -\u0130zmir Suikast\u0131 \u0130ttihat\u00e7\u0131lar\u0131 saf d\u0131\u015f\u0131 etmek i\u00e7in yaz\u0131lm\u0131\u015f bir senaryodur. -Mustafa Kemal Pa\u015fa, suikast planlar\u0131ndan haberdard\u0131r. -\u0130zmir Suikast\u0131 bir d\u00fczmecedir. -H\u00fck\u00fcmet, suikast giri\u015fiminden haberdar ve olay\u0131n olgunla\u015fmas\u0131n\u0131 bekliyordu. -Ankara\u2019da herkes bir suikast giri\u015fiminin varl\u0131\u011f\u0131ndan haberdard\u0131. -Reisicumhur Mustafa Kemal Pa\u015fa\u2019y\u0131 \u00f6ld\u00fcrmek amac\u0131yla \u0130zmir\u2019e giden suikast\u00e7\u0131lar\u0131n att\u0131klar\u0131 her ad\u0131m emniyet taraf\u0131ndan biliniyordu. -\u0130zmir Suikast\u0131 giri\u015fimi ba\u015far\u0131l\u0131 bir istihbarat \u00e7al\u0131\u015fmas\u0131 sonucu akamete u\u011frat\u0131lm\u0131\u015ft\u0131r. -\u0130stiklal Mahkemelerinin 1926 y\u0131l\u0131n\u0131n ortalar\u0131nda g\u00f6rev s\u00fcrelerinin uzat\u0131lmas\u0131 ve mahkemenin idam kararlar\u0131n\u0131n meclis onay\u0131na ihtiya\u00e7 olmadan uygulamas\u0131n\u0131n karar alt\u0131na al\u0131nmas\u0131, k\u0131sa bir s\u00fcre sonra al\u0131nacak idam kararlar\u0131n\u0131n zeminini haz\u0131rlamak i\u00e7indir. -Mustafa Kemal Pa\u015fa daha Bal\u0131kesir\u2019de iken \u0130zmir\u2019de bir suikast ekibinin oldu\u011funu biliyordu. -Mustafa Kemal Pa\u015fa, \u0130zmir\u2019de yap\u0131lacak suikasttan haberdar oldu\u011fu i\u00e7in Bal\u0131kesir\u2019den \u0130zmir\u2019e do\u011fru yapaca\u011f\u0131 seyahati geciktirmi\u015ftir. -\u0130zmir\u2019deki suikast\u0131n planlay\u0131c\u0131lar\u0131ndan Sar\u0131 Edip Efe, TBMM Reisi Kaz\u0131m (\u00d6zalp) Pa\u015fa ile yak\u0131n ili\u015fki i\u00e7indedir. \u015eu h\u00e2lde Sar\u0131 Efe Edip, suikast\u00e7\u0131lar i\u00e7erisindeki h\u00fck\u00fcmet ajan\u0131d\u0131r. Onun arac\u0131l\u0131\u011f\u0131yla h\u00fck\u00fcmet suikast meselesini bilmektedir. -Mustafa Kemal Pa\u015fa, \u00f6nceden haz\u0131rlanan gezi program\u0131 gere\u011fi 15 Haziran 1926 Sal\u0131 g\u00fcn\u00fc \u0130zmir\u2019de olacakt\u0131. Fakat Gazi\u2019nin Bal\u0131kesir\u2019den hareketi bir talih eseri olarak bir g\u00fcn gecikmi\u015ftir.        \u00dczerinden y\u00fcz y\u0131la yakla\u015fan bir s\u00fcre ge\u00e7mesine ra\u011fmen \u0130zmir Suikast\u0131, siyasal tarihin en \u00e7ok tart\u0131\u015ft\u0131\u011f\u0131 konular\u0131n ba\u015f\u0131nda geliyor. Yukar\u0131da s\u0131ralad\u0131\u011f\u0131m\u0131z g\u00f6r\u00fc\u015fler bu kan\u0131m\u0131z\u0131 do\u011fruluyor.        \u0130\u015fte, ilk defa, binlerce orijinal belgeye dayan\u0131larak haz\u0131rlanan elinizdeki kitap, \u0130zmir Suikast\u0131n\u0131n bug\u00fcne de\u011fin hi\u00e7 bilinmeyen y\u00f6nlerini ortaya \u00e7\u0131kar\u0131yor ve suikasta dair tart\u0131\u015fmalar\u0131 sona erdiriyor. <\/p>\n","protected":false},"excerpt":{"rendered":"<p>-\u0130zmir Suikast\u0131 muhalefeti sindirmek i\u00e7in \u00f6nceden tertip edilmi\u015f, bir komplodur. -\u0130zmir Suikast\u0131 \u0130ttihat\u00e7\u0131lar\u0131 saf d\u0131\u015f\u0131 etmek i\u00e7in yaz\u0131lm\u0131\u015f bir senaryodur. -Mustafa Kemal Pa\u015fa, suikast planlar\u0131ndan haberdard\u0131r.<span class=\"excerpt-hellip\"> [\u2026]<\/span><\/p>\n","protected":false},"featured_media":0,"template":"","meta":{"_monsterinsights_skip_tracking":false,"_monsterinsights_sitenote_active":false,"_monsterinsights_sitenote_note":"","_monsterinsights_sitenote_category":0},"product_brand":[],"product_cat":[12337,14528],"product_tag":[],"class_list":{"0":"post-751972","1":"product","2":"type-product","3":"status-publish","5":"product_cat-politika-siyaset","6":"product_cat-siyaset-tarihi","7":"pa_cilt-ciltsiz","8":"pa_tur-kitap","9":"pa_yayinevi-erguvani-yayinevi","10":"pa_yazar-mustafa-balcioglu","12":"first","13":"instock","14":"sale","15":"shipping-taxable","16":"purchasable","17":"product-type-simple"},"_links":{"self":[{"href":"https:\/\/roveyayinevi.com.tr\/index.php\/wp-json\/wp\/v2\/product\/751972","targetHints":{"allow":["GET"]}}],"collection":[{"href":"https:\/\/roveyayinevi.com.tr\/index.php\/wp-json\/wp\/v2\/product"}],"about":[{"href":"https:\/\/roveyayinevi.com.tr\/index.php\/wp-json\/wp\/v2\/types\/product"}],"wp:attachment":[{"href":"https:\/\/roveyayinevi.com.tr\/index.php\/wp-json\/wp\/v2\/media?parent=751972"}],"wp:term":[{"taxonomy":"product_brand","embeddable":true,"href":"https:\/\/roveyayinevi.com.tr\/index.php\/wp-json\/wp\/v2\/product_brand?post=751972"},{"taxonomy":"product_cat","embeddable":true,"href":"https:\/\/roveyayinevi.com.tr\/index.php\/wp-json\/wp\/v2\/product_cat?post=751972"},{"taxonomy":"product_tag","embeddable":true,"href":"https:\/\/roveyayinevi.com.tr\/index.php\/wp-json\/wp\/v2\/product_tag?post=751972"}],"curies":[{"name":"wp","href":"https:\/\/api.w.org\/{rel}","templated":true}]}}