{"id":751917,"date":"2025-08-28T05:02:01","date_gmt":"2025-08-28T02:02:01","guid":{"rendered":"https:\/\/roveyayinevi.com.tr\/index.php\/urun\/kisa-fransa-tarihi-2\/"},"modified":"2026-04-16T03:05:28","modified_gmt":"2026-04-16T00:05:28","slug":"kisa-fransa-tarihi-2","status":"publish","type":"product","link":"https:\/\/roveyayinevi.com.tr\/index.php\/urun\/kisa-fransa-tarihi-2\/","title":{"rendered":"K\u0131sa Fransa Tarihi"},"content":{"rendered":"<p>AVRUPA\u2019DA AYDINLANMA\u2019NIN MERKEZ\u0130\u2026   \u201c\u2026 olduk\u00e7a tutarl\u0131 ve son derece ak\u0131c\u0131. B\u00fcy\u00fck ve hatta e\u015fsiz bir ba\u015far\u0131.\u201d The Times Higher Education Supplement   \u201c\u2026 gayet k\u0131sa ve \u00f6z bir anlat\u0131.\u201d John Wright, BBC   Devrimler, imparatorlar ve fikir ak\u0131mlar\u0131n\u0131n merkezi, Fransa\u2026   Ortaya \u00e7\u0131k\u0131\u015flar\u0131n\u0131n ard\u0131ndan Avrupa\u2019da yeni bir devir ba\u015flatan Franklar\u0131n \u00fclkesi, ge\u00e7irdi\u011fi say\u0131s\u0131z merhaleyle b\u00fcy\u00fcd\u00fc, geli\u015fti ve hayat\u0131m\u0131za do\u011frudan etki etti. Y\u00fczy\u0131llar boyunca insanl\u0131\u011f\u0131n mutfa\u011f\u0131n\u0131, ticaretini, k\u00fclt\u00fcr\u00fcn\u00fc, asker\u00ee sistemini, fikir d\u00fcnyas\u0131n\u0131 ve esteti\u011fini etkiledi. Ba\u011fr\u0131ndan Philip Augustus, IV. Henry, XIV. Louis, Napol\u00e9on, Robespierre ve de Gaulle gibi tarihi \u015fahsiyetleri \u00e7\u0131karan Fransa\u2019n\u0131n, asker\u00ee tarihi kadar siyas\u00ee ve sosyal tarihi de canl\u0131, karma\u015f\u0131k ve g\u00f6z al\u0131c\u0131. Tarih\u00e7i Roger Price, Fransa \u00fczerine yapt\u0131\u011f\u0131 uzun \u00e7al\u0131\u015fmalar neticesinde okurlar\u0131n\u0131n kar\u015f\u0131s\u0131na K\u0131sa Fransa Tarihi\u2019yle \u00e7\u0131k\u0131yor.   Cambridge University Press\u2019in yay\u0131mlad\u0131\u011f\u0131 ve Kronik Kitap\u2019\u0131n okurlara sundu\u011fu K\u0131sa Fransa Tarihi, Orta\u00e7a\u011f\u2019dan g\u00fcn\u00fcm\u00fcze kadar ge\u00e7en y\u00fczlerce y\u0131lda Fransa\u2019n\u0131n evrimlerini, devrimlerini, sava\u015flar\u0131n\u0131, siyas\u00ee \u00e7alkant\u0131lar\u0131n\u0131, \u00f6ld\u00fcr\u00fclen krallar\u0131n\u0131 ve nihayetinde cumhuriyete ge\u00e7i\u015fini rahat okunabilen, ak\u0131c\u0131 bir \u00fcslupla aktar\u0131yor. Elinizdeki bu eserle, Fransa\u2019ya dair akl\u0131n\u0131za tak\u0131lan pek \u00e7ok soruya yan\u0131t bulacaks\u0131n\u0131z.   Roger Price\u2019\u0131n g\u00f6rsellerle desteklenen s\u00fcr\u00fckleyici anlat\u0131m\u0131yla, Seine Nehri\u2019nin al\u00fcvyonlar\u0131nda Frans\u0131z bir \u00e7ift\u00e7iyle \u00e7ift s\u00fcrecek, Robespierre\u2019le \u0130htilal Fransas\u0131\u2019n\u0131n sokaklar\u0131nda dola\u015facak, Napol\u00e9on\u2019la fetihlere \u00e7\u0131kacak, de Gaulle\u2019le \u00e7etin direni\u015flere kat\u0131lacak ve Jacques Chirac\u2019la Avrupa siyasetinin kalbine dalacaks\u0131n\u0131z. K\u0131sa Fransa Tarihi, Avrupa ve Fransa\u2019ya ilgi duyanlar i\u00e7in \u00f6nemli bir ba\u015fvuru kitab\u0131. <\/p>\n","protected":false},"excerpt":{"rendered":"<p>AVRUPA\u2019DA AYDINLANMA\u2019NIN MERKEZ\u0130\u2026 \u201c\u2026 olduk\u00e7a tutarl\u0131 ve son derece ak\u0131c\u0131. B\u00fcy\u00fck ve hatta e\u015fsiz bir ba\u015far\u0131.\u201d The Times Higher Education Supplement \u201c\u2026 gayet k\u0131sa ve \u00f6z<span class=\"excerpt-hellip\"> [\u2026]<\/span><\/p>\n","protected":false},"featured_media":0,"template":"","meta":{"_monsterinsights_skip_tracking":false,"_monsterinsights_sitenote_active":false,"_monsterinsights_sitenote_note":"","_monsterinsights_sitenote_category":0},"product_brand":[],"product_cat":[12312,12304],"product_tag":[],"class_list":{"0":"post-751917","1":"product","2":"type-product","3":"status-publish","5":"product_cat-diger","6":"product_cat-tarih","7":"pa_cilt-ciltsiz","8":"pa_tur-kitap","9":"pa_yayinevi-kronik-kitap","10":"pa_yazar-roger-price","12":"first","13":"instock","14":"sale","15":"shipping-taxable","16":"purchasable","17":"product-type-simple"},"_links":{"self":[{"href":"https:\/\/roveyayinevi.com.tr\/index.php\/wp-json\/wp\/v2\/product\/751917","targetHints":{"allow":["GET"]}}],"collection":[{"href":"https:\/\/roveyayinevi.com.tr\/index.php\/wp-json\/wp\/v2\/product"}],"about":[{"href":"https:\/\/roveyayinevi.com.tr\/index.php\/wp-json\/wp\/v2\/types\/product"}],"wp:attachment":[{"href":"https:\/\/roveyayinevi.com.tr\/index.php\/wp-json\/wp\/v2\/media?parent=751917"}],"wp:term":[{"taxonomy":"product_brand","embeddable":true,"href":"https:\/\/roveyayinevi.com.tr\/index.php\/wp-json\/wp\/v2\/product_brand?post=751917"},{"taxonomy":"product_cat","embeddable":true,"href":"https:\/\/roveyayinevi.com.tr\/index.php\/wp-json\/wp\/v2\/product_cat?post=751917"},{"taxonomy":"product_tag","embeddable":true,"href":"https:\/\/roveyayinevi.com.tr\/index.php\/wp-json\/wp\/v2\/product_tag?post=751917"}],"curies":[{"name":"wp","href":"https:\/\/api.w.org\/{rel}","templated":true}]}}