{"id":751872,"date":"2025-08-28T05:01:02","date_gmt":"2025-08-28T02:01:02","guid":{"rendered":"https:\/\/roveyayinevi.com.tr\/index.php\/urun\/iktisatta-cok-seslilik-ve-cogulcu-yaklasimlar\/"},"modified":"2026-04-16T03:05:27","modified_gmt":"2026-04-16T00:05:27","slug":"iktisatta-cok-seslilik-ve-cogulcu-yaklasimlar","status":"publish","type":"product","link":"https:\/\/roveyayinevi.com.tr\/index.php\/urun\/iktisatta-cok-seslilik-ve-cogulcu-yaklasimlar\/","title":{"rendered":"\u0130ktisatta \u00c7ok Seslilik ve \u00c7o\u011fulcu Yakla\u015f\u0131mlar"},"content":{"rendered":"<p>Bu kitap, iktisat alan\u0131nda \u00e7ok seslili\u011fi ve bu konudaki tart\u015f\u0131malar\u0131 kapsaml\u0131 \u015fekilde tan\u0131tan ilk T\u00fcrk\u00e7e kitapt\u0131r. Ayr\u0131ca, 2000 y\u0131l\u0131nda Le Monde gazetesinde yay\u0131mlanan \u00e7ok sesli iktisat e\u011fitimi \u00e7a\u011fr\u0131s\u0131 \u00f6ncesinde ve sonras\u0131ndaki geli\u015fmeleri ortaya koyar. 2008 krizi ve Kovid pandemisi gibi finansal ve do\u011fal felaketlerin ekonomik etkisi \u00e7ok g\u00fc\u00e7l\u00fc oldu. Ortaya \u00e7\u0131kan k\u00fcresel ekonomik y\u0131k\u0131mdan \u00e7\u0131kma \u00e7abas\u0131, alternatif iktisad\u00ee yakla\u015f\u0131mlara olan ihtiyac\u0131 tekrar tekrar ortaya koydu. Baz\u0131 iktisat\u00e7\u0131lar\u0131 i\u00e7e bak\u0131\u015fa ve \u00f6z ele\u015ftiriye y\u00f6nelterek, iktisad\u0131n ekonomik problemleri \u00e7\u00f6zmedeki yetersizli\u011fine dair daha g\u00fc\u00e7l\u00fc aray\u0131\u015flara savurdu. Bu yetersizli\u011fin temelinde, neoklasik teorinin i\u00e7inden ve d\u0131\u015f\u0131ndan gelen alternatif \u00f6nerilere s\u0131rt \u00e7evirmek oldu\u011fu soylendi. Alternatif seslere kulak veren, yetersizliklerle y\u00fczle\u015fen \u0130ktisad\u00ee D\u00fc\u015f\u00fcnce Tarihi ve \u0130ktisat Tarihi alanlar\u0131 yeniden g\u00fcndeme geldi. Bu kitap iktisatta \u00e7o\u011fulculu\u011fu nerede arad\u0131\u011f\u0131m\u0131z\u0131 da sorar. \u0130ktisad\u00ee \u00e7o\u011fulculu\u011fu te\u015fvik etmenin \u00f6nemini vurgular. Fakat, \u00e7o\u011fulculu\u011fu bir\u00e7ok d\u00fczeyde olu\u015fturmak i\u00e7in yap\u0131lmas\u0131 gerekenlerin re\u00e7etesini vermektense, bu konudaki akademik ve politik tart\u0131\u015fmalara zemin haz\u0131rlama amac\u0131 g\u00fcder. \u0130ktisat e\u011fitiminde, politika yap\u0131c\u0131l\u0131\u011f\u0131nda ve iktisat\u00e7\u0131l\u0131k mesle\u011fi i\u00e7inde yakalanabilecek \u00e7ok seslilik zeminlerinin geni\u015f kitlelerce bilinmesini ama\u00e7lar. Bilimde \u00e7o\u011fulculu\u011fa dair bilgi vererek, farkl\u0131 paradigmalar\u0131n ayn\u0131 anda var olmas\u0131n\u0131n yarar\u0131na dikkat \u00e7eker. B\u00f6ylece, iktisad\u00ee ger\u00e7ekli\u011fe farkl\u0131 a\u00e7\u0131lardan bak\u0131labilece\u011fini hat\u0131rlat\u0131r. Farkl\u0131 ekonomik yakla\u015f\u0131mlar\u0131n, teorilerin ve farkl\u0131 d\u00fc\u015f\u00fcnce okullar\u0131n\u0131n bir arada nas\u0131l ya\u015fayabilece\u011fine dair yol g\u00f6sterici olmay\u0131 hedefler. Kitap, iktisad\u00ee d\u00fcnyan\u0131n alternatif temsillerini bir arada d\u00fc\u015f\u00fcnmek i\u00e7in bir ek kitab\u0131 niteli\u011findedir. <\/p>\n","protected":false},"excerpt":{"rendered":"<p>Bu kitap, iktisat alan\u0131nda \u00e7ok seslili\u011fi ve bu konudaki tart\u015f\u0131malar\u0131 kapsaml\u0131 \u015fekilde tan\u0131tan ilk T\u00fcrk\u00e7e kitapt\u0131r. Ayr\u0131ca, 2000 y\u0131l\u0131nda Le Monde gazetesinde yay\u0131mlanan \u00e7ok sesli iktisat<span class=\"excerpt-hellip\"> [\u2026]<\/span><\/p>\n","protected":false},"featured_media":0,"template":"","meta":{"_monsterinsights_skip_tracking":false,"_monsterinsights_sitenote_active":false,"_monsterinsights_sitenote_note":"","_monsterinsights_sitenote_category":0},"product_brand":[],"product_cat":[20333,13043],"product_tag":[],"class_list":{"0":"post-751872","1":"product","2":"type-product","3":"status-publish","5":"product_cat-diger-ekonomi","6":"product_cat-ekonomi","7":"pa_cilt-ciltsiz","8":"pa_tur-kitap","9":"pa_yayinevi-siyasal-kitabevi","10":"pa_yazar-kolektif","12":"first","13":"instock","14":"sale","15":"shipping-taxable","16":"purchasable","17":"product-type-simple"},"_links":{"self":[{"href":"https:\/\/roveyayinevi.com.tr\/index.php\/wp-json\/wp\/v2\/product\/751872","targetHints":{"allow":["GET"]}}],"collection":[{"href":"https:\/\/roveyayinevi.com.tr\/index.php\/wp-json\/wp\/v2\/product"}],"about":[{"href":"https:\/\/roveyayinevi.com.tr\/index.php\/wp-json\/wp\/v2\/types\/product"}],"wp:attachment":[{"href":"https:\/\/roveyayinevi.com.tr\/index.php\/wp-json\/wp\/v2\/media?parent=751872"}],"wp:term":[{"taxonomy":"product_brand","embeddable":true,"href":"https:\/\/roveyayinevi.com.tr\/index.php\/wp-json\/wp\/v2\/product_brand?post=751872"},{"taxonomy":"product_cat","embeddable":true,"href":"https:\/\/roveyayinevi.com.tr\/index.php\/wp-json\/wp\/v2\/product_cat?post=751872"},{"taxonomy":"product_tag","embeddable":true,"href":"https:\/\/roveyayinevi.com.tr\/index.php\/wp-json\/wp\/v2\/product_tag?post=751872"}],"curies":[{"name":"wp","href":"https:\/\/api.w.org\/{rel}","templated":true}]}}