{"id":751761,"date":"2025-08-28T04:57:48","date_gmt":"2025-08-28T01:57:48","guid":{"rendered":"https:\/\/roveyayinevi.com.tr\/index.php\/urun\/bosnaklar-turkler-ve-bosnanin-savunulmasi\/"},"modified":"2026-04-16T03:05:25","modified_gmt":"2026-04-16T00:05:25","slug":"bosnaklar-turkler-ve-bosnanin-savunulmasi","status":"publish","type":"product","link":"https:\/\/roveyayinevi.com.tr\/index.php\/urun\/bosnaklar-turkler-ve-bosnanin-savunulmasi\/","title":{"rendered":"Bo\u015fnaklar, T\u00fcrkler ve Bosna&#8217;n\u0131n Savunulmas\u0131"},"content":{"rendered":"<p>Balkanlar eski \u00e7a\u011flardan beri b\u00fcy\u00fck g\u00fc\u00e7lerin h\u00e2kimiyet m\u00fccadelesine sahne olmu\u015ftur. G\u00fcn\u00fcm\u00fczde ise Bat\u0131 Avrupa\u2019dan ayr\u0131\u015fan farkl\u0131 inan\u00e7lar, gelenekler ve ekinler bar\u0131nd\u0131ran bir yer olmas\u0131 itibar\u0131yla Balkanlar, Yunan-Roma miras\u0131n\u0131n sahibi iddias\u0131ndaki Avrupal\u0131 devletler i\u00e7in bir m\u00fcttefik olarak kabul edilebilmekten \u00e7ok uzakt\u0131r. Dolay\u0131s\u0131yla, Balkan topraklar\u0131 Avrupal\u0131lar i\u00e7in sadece fethedilip s\u00f6m\u00fcr\u00fclecek bir b\u00f6lge olarak g\u00f6r\u00fclm\u00fc\u015f, bu b\u00f6lgenin insan\u0131na da hep d\u00fc\u015fman nazar\u0131yla bak\u0131lm\u0131\u015ft\u0131r. Bu sebeple neredeyse her Avrupa devleti Balkanlar\u2019daki farkl\u0131 unsurlardan sadece bir veya ikisini kendine yak\u0131n g\u00f6r\u00fcp di\u011ferlerini d\u00fc\u015fman bellemi\u015ftir. Bu farkl\u0131la\u015fm\u0131\u015f yap\u0131s\u0131 dolay\u0131s\u0131yla Balkan toplumlar\u0131 i\u00e7inde \u00e7ok say\u0131da devletin eli daima var olmu\u015ftur. \u00d6zellikle O\u011fuz T\u00fcrkleri\u2019nin Balkanlar\u2019a yerle\u015fmesinden sonra bu husumet daha da artm\u0131\u015ft\u0131r. Bo\u015fnaklar\u0131n M\u00fcsl\u00fcman oldu\u011fu \u00e7a\u011fdan itibaren bir de din temelli b\u00f6l\u00fcnme meydana gelmi\u015f, M\u00fcsl\u00fcman Bo\u015fnaklar T\u00fcrklerle beraber hedefe konulmu\u015ftur. Ger\u00e7i Bo\u015fnaklar, Osmanl\u0131 Devleti\u2019nin himayesinde as\u0131rlarca yar\u0131 ba\u011f\u0131ms\u0131z olarak rahatl\u0131k ve huzur i\u00e7inde ya\u015fam\u0131\u015flard\u0131r. Osmanl\u0131 \u0130mparatorlu\u011fu\u2019nun h\u00e2kimiyet d\u00f6neminde sadece M\u00fcsl\u00fcman Bo\u015fnaklar de\u011fil, di\u011fer Ortodoks ve Katolik toplumlar da huzur i\u00e7inde ya\u015fam\u0131\u015flard\u0131r. Ancak bu hakikat g\u00fcn\u00fcm\u00fcz Avrupas\u0131 taraf\u0131ndan g\u00f6rmezden gelinmektedir. Toplu sald\u0131r\u0131lar\u0131n sonucunda T\u00fcrk Devleti\u2019nin zay\u0131flay\u0131p Balkan topraklar\u0131n\u0131 kaybetmesiyle ise her \u015fey k\u00f6t\u00fcye do\u011fru de\u011fi\u015fmi\u015ftir. T\u00fcrk Devleti\u2019nin Balkanlar\u2019daki siyas\u00ee h\u00e2kimiyeti kaybetmesi ve m\u00fcdahale g\u00fcc\u00fcnden mahrum kalmas\u0131 sebebiyle Bo\u015fnaklar i\u00e7in ac\u0131 dolu g\u00fcnler de ba\u015flam\u0131\u015f oldu.  Ayr\u0131ca Balkanlar; Avrupa, Anadolu, Orta Do\u011fu, Asya, Hindistan ve \u00c7in i\u00e7in bir ge\u00e7i\u015f kap\u0131s\u0131d\u0131r. Dolay\u0131s\u0131yla, bu yollar\u0131 g\u00fcvende tutmak ve Anadolu\u2019ya h\u00e2kim olmak i\u00e7in \u00f6nce Balkanlar\u2019a h\u00e2kim olmak gerekti\u011fi a\u00e7\u0131kt\u0131r. Balkanlar\u2019\u0131 Hristiyan d\u00fcnyas\u0131 i\u00e7in hedef h\u00e2line getiren de onun bu konumudur zaten. Bug\u00fcn, Bo\u015fnaklar kendi devletini kurmu\u015f ve Birle\u015fmi\u015f Milletler taraf\u0131ndan da tan\u0131nm\u0131\u015f olmakla kendi \u00fczerlerinde oynanan oyunu bir m\u00fcddet i\u00e7in savu\u015fturmu\u015f say\u0131labilirler. Ancak tehlike hen\u00fcz ge\u00e7mi\u015f de\u011fildir. M\u00fcsl\u00fcman Bo\u015fnaklar b\u00fct\u00fcn bir Hristiyan d\u00fcnyas\u0131n\u0131n husumeti kar\u015f\u0131s\u0131nda, T\u00fcrkiye ile dayan\u0131\u015fma ve kom\u015fular\u0131ndaki akl\u0131 selim sahibi siyaset\u00e7iler ve irfan sahipleri ile i\u015f birli\u011fi i\u00e7inde bulunarak varl\u0131klar\u0131n\u0131 devam ettirebilirler, geli\u015febilirler ve kimliklerini koruyarak huzur i\u00e7inde ya\u015fayabilirler.<\/p>\n","protected":false},"excerpt":{"rendered":"<p>Balkanlar eski \u00e7a\u011flardan beri b\u00fcy\u00fck g\u00fc\u00e7lerin h\u00e2kimiyet m\u00fccadelesine sahne olmu\u015ftur. G\u00fcn\u00fcm\u00fczde ise Bat\u0131 Avrupa\u2019dan ayr\u0131\u015fan farkl\u0131 inan\u00e7lar, gelenekler ve ekinler bar\u0131nd\u0131ran bir yer olmas\u0131 itibar\u0131yla Balkanlar,<span class=\"excerpt-hellip\"> [\u2026]<\/span><\/p>\n","protected":false},"featured_media":0,"template":"","meta":{"_monsterinsights_skip_tracking":false,"_monsterinsights_sitenote_active":false,"_monsterinsights_sitenote_note":"","_monsterinsights_sitenote_category":0},"product_brand":[],"product_cat":[12370,12304],"product_tag":[],"class_list":{"0":"post-751761","1":"product","2":"type-product","3":"status-publish","5":"product_cat-arastirma-inceleme","6":"product_cat-tarih","7":"pa_cilt-ciltsiz","8":"pa_tur-kitap","9":"pa_yayinevi-otuken-nesriyat","10":"pa_yazar-mustafa-kahramanyol","12":"first","13":"instock","14":"sale","15":"shipping-taxable","16":"purchasable","17":"product-type-simple"},"_links":{"self":[{"href":"https:\/\/roveyayinevi.com.tr\/index.php\/wp-json\/wp\/v2\/product\/751761","targetHints":{"allow":["GET"]}}],"collection":[{"href":"https:\/\/roveyayinevi.com.tr\/index.php\/wp-json\/wp\/v2\/product"}],"about":[{"href":"https:\/\/roveyayinevi.com.tr\/index.php\/wp-json\/wp\/v2\/types\/product"}],"wp:attachment":[{"href":"https:\/\/roveyayinevi.com.tr\/index.php\/wp-json\/wp\/v2\/media?parent=751761"}],"wp:term":[{"taxonomy":"product_brand","embeddable":true,"href":"https:\/\/roveyayinevi.com.tr\/index.php\/wp-json\/wp\/v2\/product_brand?post=751761"},{"taxonomy":"product_cat","embeddable":true,"href":"https:\/\/roveyayinevi.com.tr\/index.php\/wp-json\/wp\/v2\/product_cat?post=751761"},{"taxonomy":"product_tag","embeddable":true,"href":"https:\/\/roveyayinevi.com.tr\/index.php\/wp-json\/wp\/v2\/product_tag?post=751761"}],"curies":[{"name":"wp","href":"https:\/\/api.w.org\/{rel}","templated":true}]}}