{"id":751714,"date":"2025-08-28T04:56:39","date_gmt":"2025-08-28T01:56:39","guid":{"rendered":"https:\/\/roveyayinevi.com.tr\/index.php\/urun\/iki-dem-bir-demokrat-eski-disisleri-bakani-hayrettin-erkmenin-anilari\/"},"modified":"2026-04-16T03:04:52","modified_gmt":"2026-04-16T00:04:52","slug":"iki-dem-bir-demokrat-eski-disisleri-bakani-hayrettin-erkmenin-anilari","status":"publish","type":"product","link":"https:\/\/roveyayinevi.com.tr\/index.php\/urun\/iki-dem-bir-demokrat-eski-disisleri-bakani-hayrettin-erkmenin-anilari\/","title":{"rendered":"\u0130ki Dem Bir Demokrat \u2013 Eski D\u0131\u015fi\u015fleri Bakan\u0131 Hayrettin Erkmen\u2019in An\u0131lar\u0131"},"content":{"rendered":"<p>Hayrettin Erkmen (1915-1999) T\u00fcrkiye Cumhuriyeti tarihinin ger\u00e7ek anlamda ilk \u00e7ok partili demokrasi deneyimi olan Demokrat Parti d\u00f6neminin en ilgin\u00e7 simalar\u0131ndan biridir.   Erkmen \u00e7al\u0131\u015fma bakanl\u0131\u011f\u0131ndan Yass\u0131ada\u2019daki mahk\u00fbmiyetine kadar giden yolda hayat\u0131n binbir t\u00fcrl\u00fc haliyle kar\u015f\u0131la\u015fm\u0131\u015ft\u0131r. Y\u0131llar sonra ayn\u0131 siyasi hareketin devam\u0131 niteli\u011findeki Adalet Partisi\u2019nde d\u0131\u015fi\u015fleri bakan\u0131 olarak T\u00fcrkiye\u2019nin Avrupa Toplulu\u011fu\u2019na kat\u0131lmas\u0131 i\u00e7in m\u00fccadele vermi\u015f, ancak muhalefet kar\u015f\u0131s\u0131nda kendi h\u00fck\u00fcmeti taraf\u0131ndan yaln\u0131z b\u0131rak\u0131larak bakanl\u0131ktan d\u00fc\u015f\u00fcr\u00fclm\u00fc\u015ft\u00fcr. Erkmen\u2019in an\u0131lar\u0131, yak\u0131n d\u00f6nem siyasi tarihimizin, arka plan\u0131 \u00e7ok iyi bilinmeyen \u00e7eyrek as\u0131rl\u0131k bir d\u00f6nemine \u0131\u015f\u0131k tutuyor.   \u201c\u0130ki Dem Bir Demokrat\u201d, belgeler ve a\u00e7\u0131klay\u0131c\u0131 notlarla birlikte, siyasi an\u0131 kitaplar\u0131n\u0131n g\u00fczide \u00f6rneklerindendir. <\/p>\n","protected":false},"excerpt":{"rendered":"<p>Hayrettin Erkmen (1915-1999) T\u00fcrkiye Cumhuriyeti tarihinin ger\u00e7ek anlamda ilk \u00e7ok partili demokrasi deneyimi olan Demokrat Parti d\u00f6neminin en ilgin\u00e7 simalar\u0131ndan biridir. Erkmen \u00e7al\u0131\u015fma bakanl\u0131\u011f\u0131ndan Yass\u0131ada\u2019daki mahk\u00fbmiyetine<span class=\"excerpt-hellip\"> [\u2026]<\/span><\/p>\n","protected":false},"featured_media":0,"template":"","meta":{"_monsterinsights_skip_tracking":false,"_monsterinsights_sitenote_active":false,"_monsterinsights_sitenote_note":"","_monsterinsights_sitenote_category":0},"product_brand":[],"product_cat":[13059,12337],"product_tag":[],"class_list":{"0":"post-751714","1":"product","2":"type-product","3":"status-publish","5":"product_cat-diger-politika-siyaset","6":"product_cat-politika-siyaset","7":"pa_cilt-ciltsiz","8":"pa_tur-kitap","9":"pa_yayinevi-yapi-kredi-yayinlari","10":"pa_yazar-kolektif","12":"first","13":"instock","14":"sale","15":"shipping-taxable","16":"purchasable","17":"product-type-simple"},"_links":{"self":[{"href":"https:\/\/roveyayinevi.com.tr\/index.php\/wp-json\/wp\/v2\/product\/751714","targetHints":{"allow":["GET"]}}],"collection":[{"href":"https:\/\/roveyayinevi.com.tr\/index.php\/wp-json\/wp\/v2\/product"}],"about":[{"href":"https:\/\/roveyayinevi.com.tr\/index.php\/wp-json\/wp\/v2\/types\/product"}],"wp:attachment":[{"href":"https:\/\/roveyayinevi.com.tr\/index.php\/wp-json\/wp\/v2\/media?parent=751714"}],"wp:term":[{"taxonomy":"product_brand","embeddable":true,"href":"https:\/\/roveyayinevi.com.tr\/index.php\/wp-json\/wp\/v2\/product_brand?post=751714"},{"taxonomy":"product_cat","embeddable":true,"href":"https:\/\/roveyayinevi.com.tr\/index.php\/wp-json\/wp\/v2\/product_cat?post=751714"},{"taxonomy":"product_tag","embeddable":true,"href":"https:\/\/roveyayinevi.com.tr\/index.php\/wp-json\/wp\/v2\/product_tag?post=751714"}],"curies":[{"name":"wp","href":"https:\/\/api.w.org\/{rel}","templated":true}]}}