{"id":751700,"date":"2025-08-28T04:56:24","date_gmt":"2025-08-28T01:56:24","guid":{"rendered":"https:\/\/roveyayinevi.com.tr\/index.php\/urun\/cumhuriyetin-ilk-yili-29-ekim-1923-29-ekim-1924\/"},"modified":"2026-04-16T03:04:52","modified_gmt":"2026-04-16T00:04:52","slug":"cumhuriyetin-ilk-yili-29-ekim-1923-29-ekim-1924","status":"publish","type":"product","link":"https:\/\/roveyayinevi.com.tr\/index.php\/urun\/cumhuriyetin-ilk-yili-29-ekim-1923-29-ekim-1924\/","title":{"rendered":"Cumhuriyet\u2019in \u0130lk Y\u0131l\u0131 (29 Ekim 1923 \u2013 29 Ekim 1924)"},"content":{"rendered":"<p>29 Ekim 1923\u2019te ilan edilen ve y\u00fcz\u00fcnc\u00fc ya\u015f\u0131n\u0131 kutlad\u0131\u011f\u0131m\u0131z Cumhuriyet\u2019in en yo\u011fun y\u0131l\u0131 ku\u015fkusuz ilk y\u0131l\u0131d\u0131r. Y\u0131llarca s\u00fcren sava\u015flardan, salg\u0131n hastal\u0131klardan, ge\u00e7im s\u0131k\u0131nt\u0131s\u0131ndan yorgun d\u00fc\u015fm\u00fc\u015f bir halk&#8230; Siyasi tart\u0131\u015fmalar, ekonomik sorunlar, n\u00fcfus m\u00fcbadelesi, idari yap\u0131dan e\u011fitime, yarg\u0131 sisteminden belediyelere kadar her alanda yap\u0131lan yenilikler, Anayasa\u2019n\u0131n kabul\u00fc, halifeli\u011fin kald\u0131r\u0131lmas\u0131, laiklik y\u00f6n\u00fcnde yap\u0131lan k\u00f6kl\u00fc de\u011fi\u015fimler ve \u00fclkenin yeniden in\u015fa edilmesi&#8230; T\u00fcm bunlar olurken bir yandan da g\u00fcnl\u00fck ya\u015fam yeni kitaplar\u0131n yay\u0131mlanmas\u0131, sinemalarda g\u00f6sterilen filmler, tiyatro oyunlar\u0131, konserler ve spor kar\u015f\u0131la\u015fmalar\u0131yla devam eder. B\u00fct\u00fcn zorluklara kar\u015f\u0131n umut hep vard\u0131r, bayramlar da kutlan\u0131r, H\u0131d\u0131rellez\u2019de mesire alanlar\u0131na da gidilir, balo salonlar\u0131nda dans da edilir. Cumhuriyet\u2019in ilk y\u0131l\u0131nda, muhalif seslerin yan\u0131 s\u0131ra, Meclis\u2019te mebuslar\u0131n, Gazi Pa\u015fa\u2019y\u0131 kar\u015f\u0131layan halk\u0131n, grevlerde i\u015f\u00e7ilerin, genel afla sal\u0131nan mahk\u00fbmlar\u0131n, valili\u011fe \u015fik\u00e2yete giden kad\u0131n ve \u00e7ocuklar\u0131n, k\u0131saca her kesimden halk\u0131n ortak slogan\u0131 \u015fudur: \u201cYa\u015fas\u0131n Cumhuriyet!\u201d   Bu g\u00f6rkemli d\u00f6nemin belli ba\u015fl\u0131 siyasi ve ekonomik geli\u015fmelerinin yan\u0131 s\u0131ra t\u00fcm bu ayr\u0131nt\u0131lar\u0131 okura yans\u0131tmay\u0131 ama\u00e7layan \u201cCumhuriyet\u2019in \u0130lk Y\u0131l\u0131\u201d kitab\u0131, o y\u0131llarda \u00e7\u0131kan gazete ve dergilerin titiz bir taramas\u0131 yap\u0131larak Banu \u0130\u015flet, Binnur M\u00f6rel B\u00fcy\u00fckertan ve Eser Demirkan taraf\u0131ndan haz\u0131rland\u0131. Cumhuriyet\u2019in kuruldu\u011fu y\u0131l ya\u015fanan olaylar\u0131n kronolojik bir s\u0131rayla sunuldu\u011fu kitap, Cumhuriyet\u2019in ilk y\u0131llar\u0131n\u0131 o d\u00f6nem ya\u015fanan \u00f6nemli siyasi ve toplumsal anlarla anlat\u0131yor. 29 Ekim 1923 &#8211; 29 Ekim 1924 aras\u0131ndaki o g\u00fcnlerde T\u00fcrkiye\u2019de neler oluyor, toplum nas\u0131l ya\u015f\u0131yor, neler konu\u015fuyor, neler seyrediyor, nas\u0131l e\u011fleniyordu? T\u00fcm bu sorular\u0131n cevaplar\u0131 Yap\u0131 Kredi Yay\u0131nlar\u0131\u2019ndan \u00e7\u0131kan \u2019Cumhuriyet\u2019in \u0130lk Y\u0131l\u0131\u2019nda. <\/p>\n","protected":false},"excerpt":{"rendered":"<p>29 Ekim 1923\u2019te ilan edilen ve y\u00fcz\u00fcnc\u00fc ya\u015f\u0131n\u0131 kutlad\u0131\u011f\u0131m\u0131z Cumhuriyet\u2019in en yo\u011fun y\u0131l\u0131 ku\u015fkusuz ilk y\u0131l\u0131d\u0131r. Y\u0131llarca s\u00fcren sava\u015flardan, salg\u0131n hastal\u0131klardan, ge\u00e7im s\u0131k\u0131nt\u0131s\u0131ndan yorgun d\u00fc\u015fm\u00fc\u015f bir<span class=\"excerpt-hellip\"> [\u2026]<\/span><\/p>\n","protected":false},"featured_media":0,"template":"","meta":{"_monsterinsights_skip_tracking":false,"_monsterinsights_sitenote_active":false,"_monsterinsights_sitenote_note":"","_monsterinsights_sitenote_category":0},"product_brand":[],"product_cat":[12304,13493],"product_tag":[],"class_list":{"0":"post-751700","1":"product","2":"type-product","3":"status-publish","5":"product_cat-tarih","6":"product_cat-turkiye-ve-cumhuriyet-tarihi","7":"pa_cilt-ciltsiz","8":"pa_tur-kitap","9":"pa_yayinevi-yapi-kredi-yayinlari-kultur","10":"pa_yazar-kolektif","12":"first","13":"instock","14":"sale","15":"shipping-taxable","16":"purchasable","17":"product-type-simple"},"_links":{"self":[{"href":"https:\/\/roveyayinevi.com.tr\/index.php\/wp-json\/wp\/v2\/product\/751700","targetHints":{"allow":["GET"]}}],"collection":[{"href":"https:\/\/roveyayinevi.com.tr\/index.php\/wp-json\/wp\/v2\/product"}],"about":[{"href":"https:\/\/roveyayinevi.com.tr\/index.php\/wp-json\/wp\/v2\/types\/product"}],"wp:attachment":[{"href":"https:\/\/roveyayinevi.com.tr\/index.php\/wp-json\/wp\/v2\/media?parent=751700"}],"wp:term":[{"taxonomy":"product_brand","embeddable":true,"href":"https:\/\/roveyayinevi.com.tr\/index.php\/wp-json\/wp\/v2\/product_brand?post=751700"},{"taxonomy":"product_cat","embeddable":true,"href":"https:\/\/roveyayinevi.com.tr\/index.php\/wp-json\/wp\/v2\/product_cat?post=751700"},{"taxonomy":"product_tag","embeddable":true,"href":"https:\/\/roveyayinevi.com.tr\/index.php\/wp-json\/wp\/v2\/product_tag?post=751700"}],"curies":[{"name":"wp","href":"https:\/\/api.w.org\/{rel}","templated":true}]}}