{"id":751630,"date":"2025-08-28T04:54:26","date_gmt":"2025-08-28T01:54:26","guid":{"rendered":"https:\/\/roveyayinevi.com.tr\/index.php\/urun\/ruyadan-imparatorluga-osmanli-fleksi-cilt\/"},"modified":"2026-04-16T03:04:50","modified_gmt":"2026-04-16T00:04:50","slug":"ruyadan-imparatorluga-osmanli-fleksi-cilt","status":"publish","type":"product","link":"https:\/\/roveyayinevi.com.tr\/index.php\/urun\/ruyadan-imparatorluga-osmanli-fleksi-cilt\/","title":{"rendered":"R\u00fcyadan \u0130mparatorlu\u011fa Osmanl\u0131 (Fleksi Cilt)"},"content":{"rendered":"<p>Kurulu\u015fundan 1923\u2019e kadar Osmanl\u0131 tarihi&#8230; Caroline Finkel&#8217;in Osmanl\u0131 ar\u015fivleri yan\u0131nda Osmanl\u0131&#8217;n\u0131n h\u00fckmetti\u011fi topraklardaki devletlerin de ar\u015fivlerinde \u00e7al\u0131\u015farak yazd\u0131\u011f\u0131, Osmanl\u0131&#8217;n\u0131n 600 y\u0131ll\u0131k tarihini, detaylar\u0131yla anlatan dev eser&#8230; S\u0131ras\u0131yla \u0130ngiltere ve Amerika\u2019da yay\u0131mlanan ve tarih\u00e7iler taraf\u0131ndan olumlu ele\u015ftiriler alan kitap, ciltli, \u00f6zenli bask\u0131s\u0131yla \u015fimdi T\u00fcrk\u00e7ede.&#8221;Tarihyaz\u0131m\u0131n\u0131n eski b\u00fcy\u00fck gelene\u011fi olan Osmanistik \u00e7er\u00e7evesinde kaleme al\u0131nm\u0131\u015f, kendi \u015fartlar\u0131 i\u00e7inde de\u011ferlendirildi\u011finde geni\u015f okuyucu kitlesinin yan\u0131nda uzmanlar\u0131 bile uyaracak ve baz\u0131 konular\u0131 hat\u0131rlatacak bir eser&#8230;\u201d \u0130lber Ortayl\u0131&#8221;Caroline Finkel\u2032\u0131n yap\u0131t\u0131n\u0131n \u00e7ok uzun s\u00fcre Osmanl\u0131 \u0130mparatorlu\u011fu\u2032nun tek ciltlik standart tarihi olarak kalaca\u011f\u0131na \u015f\u00fcphem yok.&#8221; Andrew MangoOsmanl\u0131 tarihleri ilk padi\u015fah Osman\u2019\u0131n kuraca\u011f\u0131 hanedan\u0131n r\u00fcyas\u0131n\u0131 g\u00f6rd\u00fc\u011f\u00fcn\u00fc kaydederler \u2013 r\u00fcyada Osman\u2019\u0131n g\u00f6be\u011finden \u00e7\u0131kan tam geli\u015fmi\u015f bir a\u011fa\u00e7 onun torunlar\u0131n\u0131n g\u00fcc\u00fcn\u00fc ve topraklar\u0131n\u0131n b\u00fcy\u00fckl\u00fc\u011f\u00fcn\u00fc simgeler. Osman\u2019\u0131n soyu g\u00f6\u00e7ebe k\u00f6kenlerinin becerilerini, fethettikleri Bizans\u2019\u0131n emperyal d\u00fcnya g\u00f6r\u00fc\u015f\u00fcyle birle\u015ftirdi.Sonu\u00e7ta alt\u0131 y\u00fczy\u0131l boyunca, en g\u00fc\u00e7l\u00fc d\u00f6neminde Macaristan\u2019dan Basra K\u00f6rfezi\u2019ne, Kuzey Afrika\u2019dan Kafkaslar\u2019a kadar uzanan b\u00f6lgeleri kontrol eden, \u00e7ok etnisiteli bir devlet do\u011fdu. Osmanl\u0131\u2019n\u0131n moderniteye ge\u00e7i\u015fi Habsburglar ya da Romanovlar\u2019\u0131nki kadar karma\u015f\u0131k bir s\u00fcre\u00e7ti.Osmanl\u0131lardan asker\u00ee cesaretleri nedeniyle korkulur, devlet idarelerine ise sayg\u0131 duyulurdu; Kanun\u00ee Sultan S\u00fcleyman ve II. Abd\u00fclhamid gibi padi\u015fahlar d\u00f6nemlerine egemen ki\u015filerdi. Ancak, padi\u015fah\u0131n ve ailesinin g\u00f6zden uzakl\u0131\u011f\u0131nda \u00f6rneklendi\u011fi gibi, imparatorlu\u011fun i\u015fleyi\u015fi bir s\u0131r perdesiyle \u00f6rt\u00fclm\u00fc\u015ft\u00fc.Bug\u00fcn bile modern T\u00fcrkiye\u2019yi ve kom\u015fular\u0131n\u0131 ziyaret edenler Osmanl\u0131\u2019n\u0131n miras b\u0131rakt\u0131\u011f\u0131 an\u0131tsal mimariye ve incelikli sanat eserlerine hayranl\u0131k duyarken, Avrupa ve Ortado\u011fu halklar\u0131n\u0131n \u00e7o\u011funlu\u011fu Osmanl\u0131 ge\u00e7mi\u015flerinin tarihlerini ve k\u00fclt\u00fcrlerini nas\u0131l bi\u00e7imlendirdi\u011fini g\u00f6rmekte zorluk \u00e7ekmektedir.Osman\u2019\u0131n vizyonunun ger\u00e7ekle\u015fmesi, zamanla \u00e7\u00f6k\u00fcnt\u00fcye u\u011framas\u0131 ve Birinci D\u00fcnya Sava\u015f\u0131\u2019n\u0131n muharebe alanlar\u0131nda yok olmas\u0131, modern d\u00fcnyan\u0131n kavranmas\u0131 i\u00e7in temel \u00f6nemde, ger\u00e7ekten dramatik bir destand\u0131r.<\/p>\n","protected":false},"excerpt":{"rendered":"<p>Kurulu\u015fundan 1923\u2019e kadar Osmanl\u0131 tarihi&#8230; Caroline Finkel&#8217;in Osmanl\u0131 ar\u015fivleri yan\u0131nda Osmanl\u0131&#8217;n\u0131n h\u00fckmetti\u011fi topraklardaki devletlerin de ar\u015fivlerinde \u00e7al\u0131\u015farak yazd\u0131\u011f\u0131, Osmanl\u0131&#8217;n\u0131n 600 y\u0131ll\u0131k tarihini, detaylar\u0131yla anlatan dev eser&#8230;<span class=\"excerpt-hellip\"> [\u2026]<\/span><\/p>\n","protected":false},"featured_media":0,"template":"","meta":{"_monsterinsights_skip_tracking":false,"_monsterinsights_sitenote_active":false,"_monsterinsights_sitenote_note":"","_monsterinsights_sitenote_category":0},"product_brand":[],"product_cat":[13517,12304],"product_tag":[],"class_list":{"0":"post-751630","1":"product","2":"type-product","3":"status-publish","5":"product_cat-osmanli-tarihi","6":"product_cat-tarih","7":"pa_cilt-ciltsiz","8":"pa_tur-kitap","9":"pa_yayinevi-timas-yayinlari","10":"pa_yazar-caroline-finkel","12":"first","13":"instock","14":"sale","15":"shipping-taxable","16":"purchasable","17":"product-type-simple"},"_links":{"self":[{"href":"https:\/\/roveyayinevi.com.tr\/index.php\/wp-json\/wp\/v2\/product\/751630","targetHints":{"allow":["GET"]}}],"collection":[{"href":"https:\/\/roveyayinevi.com.tr\/index.php\/wp-json\/wp\/v2\/product"}],"about":[{"href":"https:\/\/roveyayinevi.com.tr\/index.php\/wp-json\/wp\/v2\/types\/product"}],"wp:attachment":[{"href":"https:\/\/roveyayinevi.com.tr\/index.php\/wp-json\/wp\/v2\/media?parent=751630"}],"wp:term":[{"taxonomy":"product_brand","embeddable":true,"href":"https:\/\/roveyayinevi.com.tr\/index.php\/wp-json\/wp\/v2\/product_brand?post=751630"},{"taxonomy":"product_cat","embeddable":true,"href":"https:\/\/roveyayinevi.com.tr\/index.php\/wp-json\/wp\/v2\/product_cat?post=751630"},{"taxonomy":"product_tag","embeddable":true,"href":"https:\/\/roveyayinevi.com.tr\/index.php\/wp-json\/wp\/v2\/product_tag?post=751630"}],"curies":[{"name":"wp","href":"https:\/\/api.w.org\/{rel}","templated":true}]}}