{"id":751616,"date":"2025-08-28T04:54:00","date_gmt":"2025-08-28T01:54:00","guid":{"rendered":"https:\/\/roveyayinevi.com.tr\/index.php\/urun\/demirel\/"},"modified":"2026-04-16T03:04:50","modified_gmt":"2026-04-16T00:04:50","slug":"demirel","status":"publish","type":"product","link":"https:\/\/roveyayinevi.com.tr\/index.php\/urun\/demirel\/","title":{"rendered":"Demirel"},"content":{"rendered":"<p>Su\u0308leyman Demirel&#8230; Tu\u0308rkiye\u2019nin 1960\u2019lardan 2000\u2019lere uzanan siyasal tarihinin en o\u0308nemli figu\u0308ru\u0308ydu\u0308. Bu tarihsel do\u0308nemde DP\u2019nin Su I\u0307s\u0327leri Mu\u0308du\u0308rlu\u0308g\u0306u\u0308\u2019nden Cumhurbas\u0327kanl\u0131g\u0306\u0131\u2019na uzun bir yol kat etti. Neredeyse \u201chep bas\u0327bakan\u201dd\u0131. Kurdug\u0306u 7 hu\u0308ku\u0308metin 2\u2019si askeri\u0302 darbeyle devrildi; her iki darbeyi de atlat\u0131p siyasal hayat\u0131na devam edebildi. 1960\u2019lar\u0131n, 1970\u2019lerin, 1980\u2019lerin ve 1990\u2019lar\u0131n siyasi zeminini tahkim etmis\u0327ti; iktisadi hayat\u0131n\u0131n da fikir babas\u0131yd\u0131. Anti-komu\u0308nizmle sarmalanm\u0131s\u0327 bir sag\u0306 siyaset akl\u0131n\u0131n, propaganda bic\u0327iminin ve demagojiyi de ihmal etmeyen bir so\u0308yleyis\u0327in ya da so\u0308ylemeyis\u0327in erbab\u0131yd\u0131. Ancak hic\u0327 kus\u0327kusuz kendine mahsus bir dilin ve kelam\u0131n da sahibiydi. Milliyetc\u0327i ve muhafazaka\u0302r hos\u0327nutsuzluklar\u0131 devletle bar\u0131s\u0327t\u0131rarak, \u201cdevlet fikri\u201dnin adaml\u0131g\u0306\u0131na uzanan bir siyasal kariyere ulas\u0327t\u0131. \u201cDevlet akl\u0131\u201dn\u0131n mu\u0308hendislig\u0306ini yapt\u0131! Tan\u0131l Bora\u2019n\u0131n kaleme ald\u0131g\u0306\u0131 Demirel biyografisi, bir s\u0327ahs\u0131n hayat hika\u0302yesiyle s\u0131n\u0131rl\u0131 olmayan, Tu\u0308rkiye\u2019nin 1940\u2019lardan 2000\u2019lere kadarki sosyal, siyasal, ku\u0308ltu\u0308rel, zihinsel tarihinin c\u0327arp\u0131c\u0131 bir anlat\u0131m\u0131n\u0131 sunuyor. Siyasal du\u0308nyan\u0131n da, gu\u0308ndelik hayat\u0131n da, milletin de, devletin de do\u0308nu\u0308s\u0327u\u0308mu\u0308nu\u0308n Demirel portresinden yans\u0131mas\u0131na bak\u0131yor; Demirel\u2019in dilinden ve elinden do\u0308ku\u0308len bir tarihin yan\u0131 s\u0131ra, o tarihin o dilden neler c\u0327ektig\u0306ini de kapsaml\u0131 bir s\u0327ekilde inceliyor. Tan\u0131l Bora\u2019n\u0131n kaleme ald\u0131g\u0306\u0131 bu biyografi, anekdotlarla o\u0308ru\u0308lu\u0308 bir Demirel o\u0308yku\u0308su\u0308 deg\u0306il, bir fenomen etraf\u0131nda u\u0308lkenin en o\u0308nemli siyasal do\u0308neminin tarihini anlat\u0131yor \u2013 u\u0308stelik c\u0327ok uzun bir do\u0308nemin!<\/p>\n","protected":false},"excerpt":{"rendered":"<p>Su\u0308leyman Demirel&#8230; Tu\u0308rkiye\u2019nin 1960\u2019lardan 2000\u2019lere uzanan siyasal tarihinin en o\u0308nemli figu\u0308ru\u0308ydu\u0308. Bu tarihsel do\u0308nemde DP\u2019nin Su I\u0307s\u0327leri Mu\u0308du\u0308rlu\u0308g\u0306u\u0308\u2019nden Cumhurbas\u0327kanl\u0131g\u0306\u0131\u2019na uzun bir yol kat etti. Neredeyse \u201chep<span class=\"excerpt-hellip\"> [\u2026]<\/span><\/p>\n","protected":false},"featured_media":0,"template":"","meta":{"_monsterinsights_skip_tracking":false,"_monsterinsights_sitenote_active":false,"_monsterinsights_sitenote_note":"","_monsterinsights_sitenote_category":0},"product_brand":[],"product_cat":[14009,12291],"product_tag":[],"class_list":{"0":"post-751616","1":"product","2":"type-product","3":"status-publish","5":"product_cat-biyografi-otobiyografi-edebiyat","6":"product_cat-edebiyat","7":"pa_cilt-ciltsiz","8":"pa_tur-kitap","9":"pa_yayinevi-iletisim-yayinlari","10":"pa_yazar-tanil-bora","12":"first","13":"instock","14":"sale","15":"shipping-taxable","16":"purchasable","17":"product-type-simple"},"_links":{"self":[{"href":"https:\/\/roveyayinevi.com.tr\/index.php\/wp-json\/wp\/v2\/product\/751616","targetHints":{"allow":["GET"]}}],"collection":[{"href":"https:\/\/roveyayinevi.com.tr\/index.php\/wp-json\/wp\/v2\/product"}],"about":[{"href":"https:\/\/roveyayinevi.com.tr\/index.php\/wp-json\/wp\/v2\/types\/product"}],"wp:attachment":[{"href":"https:\/\/roveyayinevi.com.tr\/index.php\/wp-json\/wp\/v2\/media?parent=751616"}],"wp:term":[{"taxonomy":"product_brand","embeddable":true,"href":"https:\/\/roveyayinevi.com.tr\/index.php\/wp-json\/wp\/v2\/product_brand?post=751616"},{"taxonomy":"product_cat","embeddable":true,"href":"https:\/\/roveyayinevi.com.tr\/index.php\/wp-json\/wp\/v2\/product_cat?post=751616"},{"taxonomy":"product_tag","embeddable":true,"href":"https:\/\/roveyayinevi.com.tr\/index.php\/wp-json\/wp\/v2\/product_tag?post=751616"}],"curies":[{"name":"wp","href":"https:\/\/api.w.org\/{rel}","templated":true}]}}