{"id":751562,"date":"2025-08-28T04:52:26","date_gmt":"2025-08-28T01:52:26","guid":{"rendered":"https:\/\/roveyayinevi.com.tr\/index.php\/urun\/duzenini-arayan-osmanli\/"},"modified":"2026-04-16T03:04:49","modified_gmt":"2026-04-16T00:04:49","slug":"duzenini-arayan-osmanli","status":"publish","type":"product","link":"https:\/\/roveyayinevi.com.tr\/index.php\/urun\/duzenini-arayan-osmanli\/","title":{"rendered":"D\u00fczenini Arayan Osmanl\u0131"},"content":{"rendered":"<p>Osmanl\u0131 tarihini devlet-toplum kar\u015f\u0131tl\u0131\u011f\u0131 \u00fczerinden okuyan ve \u00f6zellikle \u0130mparatorlu\u011fun uzun on dokuzuncu y\u00fczy\u0131l\u0131nda ya\u015fanan siyasal \u00e7at\u0131\u015fmalar\u0131 milliyet\u00e7iliklerin ka\u00e7\u0131n\u0131lmaz m\u00fccadelesini merkeze alarak a\u00e7\u0131klamaya \u00e7al\u0131\u015fan h\u00e2kim yakla\u015f\u0131mlar, giderek daha fazla itiraz ve ele\u015ftiriyle kar\u015f\u0131la\u015fmaktad\u0131r. Bununla birlikte, s\u00f6z konusu h\u00e2kim yakla\u015f\u0131mlar\u0131n yerini alabilecek, b\u00fct\u00fcnl\u00fckl\u00fc bir alternatif anlat\u0131n\u0131n in\u015fas\u0131 i\u00e7in daha fazla kuramsal tart\u0131\u015fma ve ampirik ara\u015ft\u0131rmaya duyulan ihtiya\u00e7 azalmam\u0131\u015ft\u0131r. Bu ihtiyac\u0131n giderilmesinde hayati \u00f6nem ta\u015f\u0131yan s\u0131n\u0131f m\u00fccadelesi odakl\u0131 \u00e7\u00f6z\u00fcmlemeler, Osmanl\u0131 tarihyaz\u0131m\u0131n\u0131n \u2018\u2018kay\u0131p halkas\u0131\u2019\u2019 olmay\u0131 s\u00fcrd\u00fcrmektedir. D\u00fczenini Arayan Osmanl\u0131, Eski Rejimden II. Me\u015frutiyet\u2019e uzanan uzun bir d\u00f6nem boyunca Osmanl\u0131 \u0130mparatorlu\u011fu\u2019nda devlet olu\u015fumunun farkl\u0131 evreleriyle siyasal \u00e7at\u0131\u015fma dinamikleri aras\u0131ndaki \u2018\u2018e\u015f-kurucu\u2019\u2019 ili\u015fkiye odaklanarak, s\u0131n\u0131f m\u00fccadelesi odakl\u0131 bir anlat\u0131n\u0131n olu\u015fmas\u0131na ve \u2018\u2018kay\u0131p halkan\u0131n\u2019\u2019 ortaya \u00e7\u0131kar\u0131lmas\u0131na katk\u0131da bulunmay\u0131 ama\u00e7lamaktad\u0131r. Bir yandan Osmanl\u0131 eski rejiminin sonunu getiren kriz dinamiklerini ele alan \u00e7al\u0131\u015fma, di\u011fer yandan da demokratik devrim, pasif devrim ve kar\u015f\u0131devrim u\u011fraklar\u0131n\u0131n \u00f6zg\u00fcll\u00fcklerini ortaya koyarak Marksist burjuva devrimi kuram\u0131n\u0131 Osmanl\u0131 \u00f6rne\u011fi \u00fczerinden yeniden tart\u0131\u015fmaktad\u0131r. \u0130mparatorlu\u011fun farkl\u0131 tarihsel co\u011frafyalar\u0131nda s\u0131n\u0131f m\u00fccadelesinin \u00fcr\u00fcn\u00fc olan \u00e7e\u015fitli siyasal \u00e7at\u0131\u015fmalar\u0131 ayr\u0131nt\u0131l\u0131 bir \u015fekilde de\u011ferlendiren kitap, devlet-toplum, se\u00e7kin-madun, M\u00fcsl\u00fcman-Gayrim\u00fcslim gibi ikiliklerin \u00f6tesine ge\u00e7en bir \u00e7\u00f6z\u00fcmleme \u00f6nermektedir. D\u00fczenini Arayan Osmanl\u0131, g\u00fcn\u00fcm\u00fczde b\u00fcy\u00fck anlat\u0131lardan uzak durma ve a\u015f\u0131r\u0131 uzmanla\u015fma e\u011filimleri nedeniyle bir kenara b\u0131rak\u0131lan 1960\u2019lar\u0131n verimli \u201cd\u00fczen tart\u0131\u015fmalar\u0131\u201dn\u0131 yeni ara\u015ft\u0131rma ve yakla\u015f\u0131mlar\u0131n \u0131\u015f\u0131\u011f\u0131nda s\u00fcrd\u00fcrmeye y\u00f6nelik bir \u00e7a\u011fr\u0131 olarak da okunmal\u0131d\u0131r. \u2018\u2018Osmanl\u0131 \u0130mparatorlu\u011fu\u2019ndaki \u00e7oklu kriz dinamiklerini, farkl\u0131 siyasal \u00e7at\u0131\u015fmalar\u0131 ve devlet ayg\u0131t\u0131ndaki de\u011fi\u015fim ve d\u00f6n\u00fc\u015f\u00fcm\u00fc b\u00fct\u00fcnl\u00fckl\u00fc ve ili\u015fkisel bir \u015fekilde kavrama \u00e7abas\u0131n\u0131n \u00fcr\u00fcn\u00fc olan ve Marksizmin a\u00e7\u0131klay\u0131c\u0131 g\u00fcc\u00fcn\u00fc bir kez de Osmanl\u0131 \u00e7al\u0131\u015fmalar\u0131 ba\u011flam\u0131nda ortaya koyan D\u00fczenini Arayan Osmanl\u0131\u2019y\u0131, sadece konunun uzmanlar\u0131n\u0131n de\u011fil, Osmanl\u0131\u2019ya, tarihe ve Marksizme merakl\u0131 herkesin ilgiyle okuyaca\u011f\u0131n\u0131 umuyorum.\u2019\u2019 Fatih Ya\u015fl\u0131 <\/p>\n","protected":false},"excerpt":{"rendered":"<p>Osmanl\u0131 tarihini devlet-toplum kar\u015f\u0131tl\u0131\u011f\u0131 \u00fczerinden okuyan ve \u00f6zellikle \u0130mparatorlu\u011fun uzun on dokuzuncu y\u00fczy\u0131l\u0131nda ya\u015fanan siyasal \u00e7at\u0131\u015fmalar\u0131 milliyet\u00e7iliklerin ka\u00e7\u0131n\u0131lmaz m\u00fccadelesini merkeze alarak a\u00e7\u0131klamaya \u00e7al\u0131\u015fan h\u00e2kim yakla\u015f\u0131mlar, giderek<span class=\"excerpt-hellip\"> [\u2026]<\/span><\/p>\n","protected":false},"featured_media":0,"template":"","meta":{"_monsterinsights_skip_tracking":false,"_monsterinsights_sitenote_active":false,"_monsterinsights_sitenote_note":"","_monsterinsights_sitenote_category":0},"product_brand":[],"product_cat":[13517,12304],"product_tag":[],"class_list":{"0":"post-751562","1":"product","2":"type-product","3":"status-publish","5":"product_cat-osmanli-tarihi","6":"product_cat-tarih","7":"pa_cilt-ciltsiz","8":"pa_tur-kitap","9":"pa_yayinevi-yordam-kitap","10":"pa_yazar-cagdas-sumer","12":"first","13":"instock","14":"sale","15":"shipping-taxable","16":"purchasable","17":"product-type-simple"},"_links":{"self":[{"href":"https:\/\/roveyayinevi.com.tr\/index.php\/wp-json\/wp\/v2\/product\/751562","targetHints":{"allow":["GET"]}}],"collection":[{"href":"https:\/\/roveyayinevi.com.tr\/index.php\/wp-json\/wp\/v2\/product"}],"about":[{"href":"https:\/\/roveyayinevi.com.tr\/index.php\/wp-json\/wp\/v2\/types\/product"}],"wp:attachment":[{"href":"https:\/\/roveyayinevi.com.tr\/index.php\/wp-json\/wp\/v2\/media?parent=751562"}],"wp:term":[{"taxonomy":"product_brand","embeddable":true,"href":"https:\/\/roveyayinevi.com.tr\/index.php\/wp-json\/wp\/v2\/product_brand?post=751562"},{"taxonomy":"product_cat","embeddable":true,"href":"https:\/\/roveyayinevi.com.tr\/index.php\/wp-json\/wp\/v2\/product_cat?post=751562"},{"taxonomy":"product_tag","embeddable":true,"href":"https:\/\/roveyayinevi.com.tr\/index.php\/wp-json\/wp\/v2\/product_tag?post=751562"}],"curies":[{"name":"wp","href":"https:\/\/api.w.org\/{rel}","templated":true}]}}