{"id":751561,"date":"2025-08-28T04:52:25","date_gmt":"2025-08-28T01:52:25","guid":{"rendered":"https:\/\/roveyayinevi.com.tr\/index.php\/urun\/eski-ve-yeni-fasizm\/"},"modified":"2026-04-16T03:04:49","modified_gmt":"2026-04-16T00:04:49","slug":"eski-ve-yeni-fasizm","status":"publish","type":"product","link":"https:\/\/roveyayinevi.com.tr\/index.php\/urun\/eski-ve-yeni-fasizm\/","title":{"rendered":"Eski ve Yeni Fa\u015fizm"},"content":{"rendered":"<p>Fa\u015fizm, ge\u00e7mi\u015fe ait bir k\u00f6t\u00fc bir hat\u0131ra m\u0131 sadece? Yoksa, ayn\u0131 zamanda, ayak seslerini i\u015fitti\u011fimiz, \u00f6nlenmesi gereken bir tehdit mi? Ya\u015far Aya\u015fl\u0131, Eski ve Yeni Fa\u015fizm kitab\u0131nda, fa\u015fizmin y\u00fckselen bir tehdit oldu\u011funa dikkat \u00e7ekiyor, d\u00fcnya halklar\u0131na korkun\u00e7 ac\u0131lar ve felaketler ya\u015fatm\u0131\u015f bu belay\u0131 tan\u0131man\u0131n g\u00fcncel \u00f6nemine vurgu yap\u0131yor. Fa\u015fizmin do\u011fu\u015funu, tarihsel ve sosyal ba\u011flam\u0131n\u0131, hareket olarak olu\u015fumunu, karakteristik \u00f6zelliklerini, iktidara geli\u015fini, t\u00fcrevlerini, mutasyonlar\u0131n\u0131, tan\u0131mlar\u0131n\u0131 ve yeni bi\u00e7imlerini materyalist tarih anlay\u0131\u015f\u0131 \u0131\u015f\u0131\u011f\u0131nda irdelemeye \u00e7al\u0131\u015f\u0131yor. Avrupa\u2019dan Latin Amerika\u2019ya, Asya\u2019dan Japonya ve Orta Do\u011fu\u2019ya kadar uzanan tezah\u00fcrlerini, olgular ile teorik ve siyasi arka planlar\u0131 aras\u0131nda uyum sa\u011flayarak g\u00f6zler \u00f6n\u00fcne seriyor. Eski ve yeni fa\u015fizmle ilgili kritik \u00f6nem ta\u015f\u0131yan sorulara yan\u0131tlar \u00fcretiyor. Ya\u015far Aya\u015fl\u0131, \u00e7al\u0131\u015fmas\u0131n\u0131 Marksist teorisyenlere dayand\u0131r\u0131rken, Marksist fa\u015fizm teorisini itibars\u0131zla\u015ft\u0131rmaya \u00e7al\u0131\u015fan, fa\u015fizmin \u00e7arp\u0131k bir resmini sunan liberal\/reformist fa\u015fizm yorumlar\u0131yla da hesapla\u015f\u0131yor. Eski ve Yeni Fa\u015fizm, fa\u015fizme kar\u015f\u0131 m\u00fccadelenin tan\u0131\u011f\u0131 ve san\u0131\u011f\u0131 olmu\u015f eski bir politik militan\u0131n kaleminden bir fa\u015fizm tarihi, eski ve yeni bi\u00e7imleriyle fa\u015fizmi anlama k\u0131lavuzu. <\/p>\n","protected":false},"excerpt":{"rendered":"<p>Fa\u015fizm, ge\u00e7mi\u015fe ait bir k\u00f6t\u00fc bir hat\u0131ra m\u0131 sadece? Yoksa, ayn\u0131 zamanda, ayak seslerini i\u015fitti\u011fimiz, \u00f6nlenmesi gereken bir tehdit mi? Ya\u015far Aya\u015fl\u0131, Eski ve Yeni Fa\u015fizm<span class=\"excerpt-hellip\"> [\u2026]<\/span><\/p>\n","protected":false},"featured_media":0,"template":"","meta":{"_monsterinsights_skip_tracking":false,"_monsterinsights_sitenote_active":false,"_monsterinsights_sitenote_note":"","_monsterinsights_sitenote_category":0},"product_brand":[],"product_cat":[13059,12337],"product_tag":[],"class_list":{"0":"post-751561","1":"product","2":"type-product","3":"status-publish","5":"product_cat-diger-politika-siyaset","6":"product_cat-politika-siyaset","7":"pa_cilt-ciltsiz","8":"pa_tur-kitap","9":"pa_yayinevi-yordam-kitap","10":"pa_yazar-yasar-ayasli","12":"first","13":"instock","14":"sale","15":"shipping-taxable","16":"purchasable","17":"product-type-simple"},"_links":{"self":[{"href":"https:\/\/roveyayinevi.com.tr\/index.php\/wp-json\/wp\/v2\/product\/751561","targetHints":{"allow":["GET"]}}],"collection":[{"href":"https:\/\/roveyayinevi.com.tr\/index.php\/wp-json\/wp\/v2\/product"}],"about":[{"href":"https:\/\/roveyayinevi.com.tr\/index.php\/wp-json\/wp\/v2\/types\/product"}],"wp:attachment":[{"href":"https:\/\/roveyayinevi.com.tr\/index.php\/wp-json\/wp\/v2\/media?parent=751561"}],"wp:term":[{"taxonomy":"product_brand","embeddable":true,"href":"https:\/\/roveyayinevi.com.tr\/index.php\/wp-json\/wp\/v2\/product_brand?post=751561"},{"taxonomy":"product_cat","embeddable":true,"href":"https:\/\/roveyayinevi.com.tr\/index.php\/wp-json\/wp\/v2\/product_cat?post=751561"},{"taxonomy":"product_tag","embeddable":true,"href":"https:\/\/roveyayinevi.com.tr\/index.php\/wp-json\/wp\/v2\/product_tag?post=751561"}],"curies":[{"name":"wp","href":"https:\/\/api.w.org\/{rel}","templated":true}]}}