{"id":751453,"date":"2025-08-28T04:49:35","date_gmt":"2025-08-28T01:49:35","guid":{"rendered":"https:\/\/roveyayinevi.com.tr\/index.php\/urun\/beyaz-damgali-medeniyet\/"},"modified":"2026-04-16T03:04:46","modified_gmt":"2026-04-16T00:04:46","slug":"beyaz-damgali-medeniyet","status":"publish","type":"product","link":"https:\/\/roveyayinevi.com.tr\/index.php\/urun\/beyaz-damgali-medeniyet\/","title":{"rendered":"Beyaz Damgal\u0131 Medeniyet"},"content":{"rendered":"<p>B\u00fct\u00fcn k\u00fclt\u00fcrel ayr\u0131mlar\u0131n d\u00fcnya ekonomik birikimini elinde tutanlar\u0131n ortaya koydu\u011fu bir d\u00fcnya sisteminin kurgusu \u00e7er\u00e7evesinde olu\u015fturuldu\u011funu ve bunun medya arac\u0131l\u0131\u011f\u0131yla olu\u015fturulan temsiller, kal\u0131p yarg\u0131lar ya da daha \u00f6nce olu\u015fturulmu\u015f kal\u0131p yarg\u0131lar\u0131n yeniden \u00fcretilmesi ile k\u00fclt\u00fcrel \u0131rk\u00e7\u0131l\u0131k temelinde, dilde \u00f6tekile\u015ftirme, ayr\u0131mc\u0131l\u0131k, yabanc\u0131 d\u00fc\u015fmanl\u0131\u011f\u0131 yeniden \u00fcretilerek s\u00fcrd\u00fcr\u00fclmektedir. Kendini ba\u011f\u0131\u015f, yard\u0131m ve destek vaatleri ile sunan Bat\u0131, \u00f6zellikle medyay\u0131 kullanarak, \u00f6nce zihinleri s\u00f6m\u00fcrgele\u015ftirmekte ve k\u00f6lele\u015ftirmekte b\u00f6ylece bu \u00fclkelerde, k\u00fclt\u00fcrel kimlik y\u0131k\u0131m\u0131na, yozla\u015fmaya, yabanc\u0131la\u015fmaya ve s\u00f6m\u00fcr\u00fclmeye ortam haz\u0131rlamakta ve Bat\u0131l\u0131la\u015ft\u0131rma \/ Hristiyanla\u015ft\u0131rma \/ Uygarla\u015ft\u0131rma hareketi olarak ba\u015flayan eski s\u00f6m\u00fcrgele\u015ftirme faaliyetlerinin, g\u00fcn\u00fcm\u00fczde tersine d\u00f6n\u00fcp, Do\u011fu\u2019nun g\u00f6\u00e7menleri ile Avrupa\u2019n\u0131n Do\u011fulula\u015ft\u0131r\u0131lmas\u0131 \/ \u0130slamla\u015ft\u0131r\u0131lmas\u0131 \/ \u0130lkelle\u015ftirilmesi korkusu yarat\u0131lmakta ve Avrupa \/ Bat\u0131 halklar\u0131nda korku k\u00fclt\u00fcr\u00fc olu\u015fturulmaktad\u0131r. Avrupamerkezci Medeniyet \u0130n\u015faas\u0131 ile olu\u015fturulan Beyaz \u00dcst\u00fcnl\u00fck\u00e7\u00fc (White Supremacist) ideoloji ve bu ideolojinin s\u00f6m\u00fcr\u00fclen ve s\u00f6m\u00fcren \u00fclke insanlar\u0131na yans\u0131malar\u0131n\u0131n ele al\u0131nd\u0131\u011f\u0131 ve ara\u015ft\u0131r\u0131ld\u0131\u011f\u0131 Beyaz Damgal\u0131 Medeniyet adl\u0131 kitab\u0131n ilk iki b\u00f6l\u00fcm\u00fcnde, medyada yer alan Avrupamerkezci, Beyaz \u00dcst\u00fcnl\u00fck\u00e7\u00fc (White Supremacist) , k\u00fclt\u00fcrel \u0131rk\u00e7\u0131 s\u00f6ylemler ve Bat\u0131 toplumlar\u0131nda giderek artan bireysel yabanc\u0131 d\u00fc\u015fman\u0131 \u015fiddet ve katliamlar\u0131n nedenleri ara\u015ft\u0131r\u0131lm\u0131\u015ft\u0131r.   Son iki b\u00f6l\u00fcmde ise, Michael Haneke\u2019nin \u2018Duygusal Buzla\u015fma \u00dc\u00e7lemesi\u2018 ya da \u2018Kent \u00dc\u00e7lemesi\u2019 olarak adland\u0131r\u0131lan filmleri \u00fczerinden \u00f6zellikle Avrupal\u0131 modern kent insan\u0131n\u0131n kapitalizmin boyunduru\u011fu alt\u0131na girmesi sonucunda mekanik, h\u0131zl\u0131 ya\u015fam tarz\u0131 nedeniyle ileti\u015fimsizlik, yaln\u0131zla\u015fma, yabanc\u0131la\u015fma, ger\u00e7eklik alg\u0131s\u0131n\u0131 yitirerek duyars\u0131zla\u015fmas\u0131 ve giderek hayatlar\u0131n\u0131n anlams\u0131zla\u015fmas\u0131 sonucunda patolojik bireysel narsisizme y\u00f6neldikleri ve sanal ortamda kurduklar\u0131 aidiyetler \u00fczerinden patolojik kolektif narsisizme eklemlenerek g\u00f6\u00e7menlere kar\u015f\u0131 duyduklar\u0131 nefret ve \u015fiddet duygular\u0131n\u0131 me\u015frula\u015ft\u0131rarak bireysel \u015fiddet ve katliamlara y\u00f6nelmelerinin nedenleri incelenmi\u015ftir.<\/p>\n","protected":false},"excerpt":{"rendered":"<p>B\u00fct\u00fcn k\u00fclt\u00fcrel ayr\u0131mlar\u0131n d\u00fcnya ekonomik birikimini elinde tutanlar\u0131n ortaya koydu\u011fu bir d\u00fcnya sisteminin kurgusu \u00e7er\u00e7evesinde olu\u015fturuldu\u011funu ve bunun medya arac\u0131l\u0131\u011f\u0131yla olu\u015fturulan temsiller, kal\u0131p yarg\u0131lar ya da<span class=\"excerpt-hellip\"> [\u2026]<\/span><\/p>\n","protected":false},"featured_media":0,"template":"","meta":{"_monsterinsights_skip_tracking":false,"_monsterinsights_sitenote_active":false,"_monsterinsights_sitenote_note":"","_monsterinsights_sitenote_category":0},"product_brand":[],"product_cat":[12573,12566],"product_tag":[],"class_list":{"0":"post-751453","1":"product","2":"type-product","3":"status-publish","5":"product_cat-akademik-kitaplar","6":"product_cat-egitim","7":"pa_cilt-ciltsiz","8":"pa_tur-kitap","9":"pa_yayinevi-platanus-publishing","10":"pa_yazar-necla-mora","12":"first","13":"instock","14":"sale","15":"shipping-taxable","16":"purchasable","17":"product-type-simple"},"_links":{"self":[{"href":"https:\/\/roveyayinevi.com.tr\/index.php\/wp-json\/wp\/v2\/product\/751453","targetHints":{"allow":["GET"]}}],"collection":[{"href":"https:\/\/roveyayinevi.com.tr\/index.php\/wp-json\/wp\/v2\/product"}],"about":[{"href":"https:\/\/roveyayinevi.com.tr\/index.php\/wp-json\/wp\/v2\/types\/product"}],"wp:attachment":[{"href":"https:\/\/roveyayinevi.com.tr\/index.php\/wp-json\/wp\/v2\/media?parent=751453"}],"wp:term":[{"taxonomy":"product_brand","embeddable":true,"href":"https:\/\/roveyayinevi.com.tr\/index.php\/wp-json\/wp\/v2\/product_brand?post=751453"},{"taxonomy":"product_cat","embeddable":true,"href":"https:\/\/roveyayinevi.com.tr\/index.php\/wp-json\/wp\/v2\/product_cat?post=751453"},{"taxonomy":"product_tag","embeddable":true,"href":"https:\/\/roveyayinevi.com.tr\/index.php\/wp-json\/wp\/v2\/product_tag?post=751453"}],"curies":[{"name":"wp","href":"https:\/\/api.w.org\/{rel}","templated":true}]}}