{"id":751429,"date":"2025-08-28T04:48:49","date_gmt":"2025-08-28T01:48:49","guid":{"rendered":"https:\/\/roveyayinevi.com.tr\/index.php\/urun\/tarih-i-osman-i-encumeni\/"},"modified":"2026-04-16T03:04:46","modified_gmt":"2026-04-16T00:04:46","slug":"tarih-i-osman-i-encumeni","status":"publish","type":"product","link":"https:\/\/roveyayinevi.com.tr\/index.php\/urun\/tarih-i-osman-i-encumeni\/","title":{"rendered":"Tarih-i Osman-i Enc\u00fcmeni"},"content":{"rendered":"<p>Osmanl\u0131\u2019n\u0131n siyasi ilerlemesi ile Osmanl\u0131 tarihi yaz\u0131m\u0131 \u00e7al\u0131\u015fmalar\u0131 birlikte y\u00fcr\u00fcmemi\u015f, tarih\u00e7ilik genelde merakl\u0131lar\u0131n yazd\u0131\u011f\u0131 eserlerle s\u0131n\u0131rl\u0131 kalm\u0131\u015ft\u0131r. Ancak 18. y\u00fczy\u0131l ba\u015f\u0131nda \u201cvakan\u00fcvislik\u201d ad\u0131 verilen resm\u00ee tarih yaz\u0131c\u0131l\u0131\u011f\u0131 tesis edilmi\u015f, bu kurum 1922 y\u0131l\u0131nda Saltanat\u0131n ilgas\u0131na kadar \u00e7al\u0131\u015fmalar\u0131na devam etmi\u015ftir. Padi\u015fah V. Mehmet Re\u015fat\u2019\u0131n iste\u011fi \u00fczerine son vakan\u00fcvis Abdurrahman \u015eeref Bey ba\u015fkanl\u0131\u011f\u0131nda 27 Kas\u0131m 1909 tarihinde m\u00fckemmel bir Osmanl\u0131 tarihi yazmak maksad\u0131yla kurulan \u201cT\u00e2r\u00eeh-i Osm\u00e2n\u00ee Enc\u00fcmeni\u201d, ayn\u0131 zamanda Osmanl\u0131 tarih yaz\u0131c\u0131l\u0131\u011f\u0131 ile Cumhuriyet tarih yaz\u0131c\u0131l\u0131\u011f\u0131 aras\u0131nda bir k\u00f6pr\u00fc vazifesi g\u00f6rm\u00fc\u015ft\u00fcr. Bu \u00e7al\u0131\u015fma; 1917 y\u0131l\u0131nda Osmanl\u0131 Tarihi\u2019nin I. cildini ne\u015freden Enc\u00fcmenin, 1931 y\u0131l\u0131 sonuna kadar devam eden Osmanl\u0131&#8217;n\u0131n ilk bilimsel y\u00f6ntemlerle kendi tarihini yazma \u00e7al\u0131\u015fmalar\u0131na dair bir ara\u015ft\u0131rman\u0131n \u00fcr\u00fcn\u00fcd\u00fcr. <\/p>\n","protected":false},"excerpt":{"rendered":"<p>Osmanl\u0131\u2019n\u0131n siyasi ilerlemesi ile Osmanl\u0131 tarihi yaz\u0131m\u0131 \u00e7al\u0131\u015fmalar\u0131 birlikte y\u00fcr\u00fcmemi\u015f, tarih\u00e7ilik genelde merakl\u0131lar\u0131n yazd\u0131\u011f\u0131 eserlerle s\u0131n\u0131rl\u0131 kalm\u0131\u015ft\u0131r. Ancak 18. y\u00fczy\u0131l ba\u015f\u0131nda \u201cvakan\u00fcvislik\u201d ad\u0131 verilen resm\u00ee tarih<span class=\"excerpt-hellip\"> [\u2026]<\/span><\/p>\n","protected":false},"featured_media":0,"template":"","meta":{"_monsterinsights_skip_tracking":false,"_monsterinsights_sitenote_active":false,"_monsterinsights_sitenote_note":"","_monsterinsights_sitenote_category":0},"product_brand":[],"product_cat":[13517,12304],"product_tag":[],"class_list":{"0":"post-751429","1":"product","2":"type-product","3":"status-publish","5":"product_cat-osmanli-tarihi","6":"product_cat-tarih","7":"pa_cilt-ciltsiz","8":"pa_tur-kitap","9":"pa_yayinevi-cinaralti-yayinlari","10":"pa_yazar-miktat-yazgan","12":"first","13":"instock","14":"sale","15":"shipping-taxable","16":"purchasable","17":"product-type-simple"},"_links":{"self":[{"href":"https:\/\/roveyayinevi.com.tr\/index.php\/wp-json\/wp\/v2\/product\/751429","targetHints":{"allow":["GET"]}}],"collection":[{"href":"https:\/\/roveyayinevi.com.tr\/index.php\/wp-json\/wp\/v2\/product"}],"about":[{"href":"https:\/\/roveyayinevi.com.tr\/index.php\/wp-json\/wp\/v2\/types\/product"}],"wp:attachment":[{"href":"https:\/\/roveyayinevi.com.tr\/index.php\/wp-json\/wp\/v2\/media?parent=751429"}],"wp:term":[{"taxonomy":"product_brand","embeddable":true,"href":"https:\/\/roveyayinevi.com.tr\/index.php\/wp-json\/wp\/v2\/product_brand?post=751429"},{"taxonomy":"product_cat","embeddable":true,"href":"https:\/\/roveyayinevi.com.tr\/index.php\/wp-json\/wp\/v2\/product_cat?post=751429"},{"taxonomy":"product_tag","embeddable":true,"href":"https:\/\/roveyayinevi.com.tr\/index.php\/wp-json\/wp\/v2\/product_tag?post=751429"}],"curies":[{"name":"wp","href":"https:\/\/api.w.org\/{rel}","templated":true}]}}