{"id":751370,"date":"2025-08-28T04:47:16","date_gmt":"2025-08-28T01:47:16","guid":{"rendered":"https:\/\/roveyayinevi.com.tr\/index.php\/urun\/mesrutiyet-ne-getirdi-ne-goturdu\/"},"modified":"2026-01-20T03:38:43","modified_gmt":"2026-01-20T00:38:43","slug":"mesrutiyet-ne-getirdi-ne-goturdu","status":"publish","type":"product","link":"https:\/\/roveyayinevi.com.tr\/index.php\/urun\/mesrutiyet-ne-getirdi-ne-goturdu\/","title":{"rendered":"Me\u015frutiyet Ne Getirdi, Ne G\u00f6t\u00fcrd\u00fc?"},"content":{"rendered":"<p>T\u00fcrk tarihinin en \u00f6nemli k\u0131r\u0131lma noktalar\u0131ndan biri olan ve Osmanl\u0131 taht\u0131nda oturan II. Abd\u00fclhamid\u2019in siyasi g\u00fc\u00e7 ve otoritesini \u00f6nce zay\u0131flat\u0131p sonra da ortadan kald\u0131ran Me\u015frutiyet \u0130nk\u0131l\u00e2b\u0131, ortaya \u00e7\u0131k\u0131\u015f\u0131 ve sonu\u00e7lar\u0131 ile \u00e7ok tart\u0131\u015f\u0131lan bir olayd\u0131r. Otoriterlik iddias\u0131yla sert ele\u015ftirilere maruz kalan Abd\u00fclhamid, Me\u015frutiyet\u2019i ilan ettikten bir s\u00fcre sonra tahttan da indirilmi\u015ftir. O d\u00f6nemde ya\u015fananlar, hem o d\u00f6nem \u00e7er\u00e7evesinde hem de g\u00fcn\u00fcm\u00fcz siyasi olaylar\u0131nda bile ayna h\u00fckm\u00fcnde g\u00f6r\u00fclmektedir. H\u00fcseyin K\u00e2z\u0131m, Me\u015frutiyet d\u00f6neminin \u00f6nemli akt\u00f6rlerinden ve g\u00fcn\u00fcm\u00fcz ifadesiyle \u201cpolitika yap\u0131c\u0131lar\u0131\u201dndan bir isim. \u201cOn Temmuz \u0130nk\u0131l\u00e2b\u0131 ve Net\u00e2ici\u201d ad\u0131yla ne\u015fretti\u011fi bu eseri, Me\u015frutiyet \u00f6ncesi \u00fclkenin \u015fartlar\u0131n\u0131 ve sonras\u0131nda mur\u00e2d edilen maksad\u0131n ne derece ger\u00e7ekle\u015febildi\u011fine dair serinkanl\u0131 yorumlar i\u00e7eriyor. Merce\u011fi tarihin bu d\u00f6nemine \u00e7evirmi\u015f ara\u015ft\u0131rmac\u0131lar ve konunun ilgililerinin asla \u0131skalamamas\u0131 gereken bu eser, g\u00fcn\u00fcm\u00fcz T\u00fcrk\u00e7esi ve a\u00e7\u0131klay\u0131c\u0131 notlar e\u015fli\u011finde titizlikle yay\u0131na haz\u0131rland\u0131\u2026 <\/p>\n","protected":false},"excerpt":{"rendered":"<p>T\u00fcrk tarihinin en \u00f6nemli k\u0131r\u0131lma noktalar\u0131ndan biri olan ve Osmanl\u0131 taht\u0131nda oturan II. Abd\u00fclhamid\u2019in siyasi g\u00fc\u00e7 ve otoritesini \u00f6nce zay\u0131flat\u0131p sonra da ortadan kald\u0131ran Me\u015frutiyet \u0130nk\u0131l\u00e2b\u0131,<span class=\"excerpt-hellip\"> [\u2026]<\/span><\/p>\n","protected":false},"featured_media":0,"template":"","meta":{"_monsterinsights_skip_tracking":false,"_monsterinsights_sitenote_active":false,"_monsterinsights_sitenote_note":"","_monsterinsights_sitenote_category":0},"product_brand":[],"product_cat":[13517,12304],"product_tag":[],"class_list":{"0":"post-751370","1":"product","2":"type-product","3":"status-publish","5":"product_cat-osmanli-tarihi","6":"product_cat-tarih","7":"pa_cilt-ciltsiz","8":"pa_tur-kitap","9":"pa_yayinevi-kapi-yayinlari","10":"pa_yazar-huseyin-kazim-kadri","12":"first","13":"instock","14":"sale","15":"shipping-taxable","16":"purchasable","17":"product-type-simple"},"_links":{"self":[{"href":"https:\/\/roveyayinevi.com.tr\/index.php\/wp-json\/wp\/v2\/product\/751370","targetHints":{"allow":["GET"]}}],"collection":[{"href":"https:\/\/roveyayinevi.com.tr\/index.php\/wp-json\/wp\/v2\/product"}],"about":[{"href":"https:\/\/roveyayinevi.com.tr\/index.php\/wp-json\/wp\/v2\/types\/product"}],"wp:attachment":[{"href":"https:\/\/roveyayinevi.com.tr\/index.php\/wp-json\/wp\/v2\/media?parent=751370"}],"wp:term":[{"taxonomy":"product_brand","embeddable":true,"href":"https:\/\/roveyayinevi.com.tr\/index.php\/wp-json\/wp\/v2\/product_brand?post=751370"},{"taxonomy":"product_cat","embeddable":true,"href":"https:\/\/roveyayinevi.com.tr\/index.php\/wp-json\/wp\/v2\/product_cat?post=751370"},{"taxonomy":"product_tag","embeddable":true,"href":"https:\/\/roveyayinevi.com.tr\/index.php\/wp-json\/wp\/v2\/product_tag?post=751370"}],"curies":[{"name":"wp","href":"https:\/\/api.w.org\/{rel}","templated":true}]}}