{"id":751309,"date":"2025-08-28T04:45:41","date_gmt":"2025-08-28T01:45:41","guid":{"rendered":"https:\/\/roveyayinevi.com.tr\/index.php\/urun\/gecenin-hikayesi-dora-deri-cilt\/"},"modified":"2026-04-16T03:04:43","modified_gmt":"2026-04-16T00:04:43","slug":"gecenin-hikayesi-dora-deri-cilt","status":"publish","type":"product","link":"https:\/\/roveyayinevi.com.tr\/index.php\/urun\/gecenin-hikayesi-dora-deri-cilt\/","title":{"rendered":"Gecenin Hikayesi &#8211; Dora (Deri Cilt)"},"content":{"rendered":"<p>GECEN\u0130N H\u0130KAYES\u0130 serisinin \u00fc\u00e7\u00fcnc\u00fc kitab\u0131 DORA&#8217;da ger\u00e7eklerin kap\u0131s\u0131 a\u015f\u0131nacak, do\u011frular sorgulanacak.   Maya Efnan, en k\u00f6t\u00fc anlar\u0131n\u0131 geride b\u0131rakt\u0131\u011f\u0131n\u0131 san\u0131yordur fakat hava hen\u00fcz o kadar da kararmam\u0131\u015ft\u0131r. Zihninin i\u00e7indeki susmayan \u00e7a\u011fr\u0131, ona geri \u00e7eviremeyece\u011fi bir davet sunarken en b\u00fcy\u00fck felaketine do\u011fru ko\u015ftu\u011funun fark\u0131nda de\u011fildir.   Bir kay\u0131p; kendinden vazge\u00e7ti\u011fin.   Bir ihanet; d\u00f6n\u00fc\u015f\u00fc olmayan bir yol.   Bir tetik; aynay\u0131 parampar\u00e7a eden.   Bir his; cam k\u0131r\u0131\u011f\u0131 gibi ac\u0131tan.   Bir kabulleni\u015f; dizlerinin \u00fczerinde pes etti\u011fin.   Tutku, nefret ve ac\u0131 d\u00f6n\u00fcm noktas\u0131na ula\u015ft\u0131\u011f\u0131nda, Maya Efnan, kendini hi\u00e7bir akl\u0131n kabul edemeyece\u011fi bir ger\u00e7ekle y\u00fcz y\u00fcze bulacakt\u0131r.   Baz\u0131 ipler koptu baz\u0131lar\u0131n\u0131 kesti ve baz\u0131lar\u0131n\u0131 da \u00f6ylece b\u0131rakt\u0131. Art\u0131k neye tutunaca\u011f\u0131n\u0131 bilmiyor. Kendi zihninde susturamad\u0131\u011f\u0131 o ses, iplerden daha \u00e7ok boynuna dolan\u0131yor.   Bir ger\u00e7ek; ka\u00e7\u0131 yalan?   <\/p>\n","protected":false},"excerpt":{"rendered":"<p>GECEN\u0130N H\u0130KAYES\u0130 serisinin \u00fc\u00e7\u00fcnc\u00fc kitab\u0131 DORA&#8217;da ger\u00e7eklerin kap\u0131s\u0131 a\u015f\u0131nacak, do\u011frular sorgulanacak. Maya Efnan, en k\u00f6t\u00fc anlar\u0131n\u0131 geride b\u0131rakt\u0131\u011f\u0131n\u0131 san\u0131yordur fakat hava hen\u00fcz o kadar da kararmam\u0131\u015ft\u0131r.<span class=\"excerpt-hellip\"> [\u2026]<\/span><\/p>\n","protected":false},"featured_media":0,"template":"","meta":{"_monsterinsights_skip_tracking":false,"_monsterinsights_sitenote_active":false,"_monsterinsights_sitenote_note":"","_monsterinsights_sitenote_category":0},"product_brand":[],"product_cat":[12291,14777],"product_tag":[],"class_list":{"0":"post-751309","1":"product","2":"type-product","3":"status-publish","5":"product_cat-edebiyat","6":"product_cat-fantastik","7":"pa_cilt-ciltli","8":"pa_tur-kitap","9":"pa_yayinevi-marti-yayinlari","10":"pa_yazar-n-g-kabal","12":"first","13":"instock","14":"sale","15":"shipping-taxable","16":"purchasable","17":"product-type-simple"},"_links":{"self":[{"href":"https:\/\/roveyayinevi.com.tr\/index.php\/wp-json\/wp\/v2\/product\/751309","targetHints":{"allow":["GET"]}}],"collection":[{"href":"https:\/\/roveyayinevi.com.tr\/index.php\/wp-json\/wp\/v2\/product"}],"about":[{"href":"https:\/\/roveyayinevi.com.tr\/index.php\/wp-json\/wp\/v2\/types\/product"}],"wp:attachment":[{"href":"https:\/\/roveyayinevi.com.tr\/index.php\/wp-json\/wp\/v2\/media?parent=751309"}],"wp:term":[{"taxonomy":"product_brand","embeddable":true,"href":"https:\/\/roveyayinevi.com.tr\/index.php\/wp-json\/wp\/v2\/product_brand?post=751309"},{"taxonomy":"product_cat","embeddable":true,"href":"https:\/\/roveyayinevi.com.tr\/index.php\/wp-json\/wp\/v2\/product_cat?post=751309"},{"taxonomy":"product_tag","embeddable":true,"href":"https:\/\/roveyayinevi.com.tr\/index.php\/wp-json\/wp\/v2\/product_tag?post=751309"}],"curies":[{"name":"wp","href":"https:\/\/api.w.org\/{rel}","templated":true}]}}