{"id":751162,"date":"2025-08-28T04:41:17","date_gmt":"2025-08-28T01:41:17","guid":{"rendered":"https:\/\/roveyayinevi.com.tr\/index.php\/urun\/ataturk-ve-ataturkculuk\/"},"modified":"2026-04-16T03:04:40","modified_gmt":"2026-04-16T00:04:40","slug":"ataturk-ve-ataturkculuk","status":"publish","type":"product","link":"https:\/\/roveyayinevi.com.tr\/index.php\/urun\/ataturk-ve-ataturkculuk\/","title":{"rendered":"Atat\u00fcrk ve Atat\u00fcrk\u00e7\u00fcl\u00fck"},"content":{"rendered":"<p>Devrim Hareketleri \u0130\u00e7inde ATAT\u00dcRK ve ATAT\u00dcRK\u00c7\u00dcL\u00dcK \u201cAtat\u00fcrk, ge\u00e7mi\u015fle gelecek aras\u0131nda, de\u011fi\u015ftirilmesi gerekenle de\u011fi\u015fik d\u00fczen aras\u0131ndaki ge\u00e7i\u015fi ba\u015far\u0131 ile temsil edebilmi\u015ftir. Atat\u00fcrk\u2019e \u2018B\u00fcy\u00fck&#8217; s\u0131fat\u0131n\u0131 vermemiz bu tarihsel davran\u0131\u015f\u0131n\u0131n anlam\u0131d\u0131r. Y\u0131ld\u0131r\u0131m h\u0131z\u0131 ile de\u011fi\u015fen olaylar ve geli\u015fen ak\u0131mlar ortas\u0131nda, o her s\u00f6z\u00fc ve tutumu ile her zaman devrimci ve ger\u00e7ek\u00e7i kalmas\u0131n\u0131 bilmi\u015ftir. Atat\u00fcrk\u00e7\u00fcl\u00fc\u011f\u00fcn temel ve de\u011fi\u015fmez \u00e7izgileri de bu suretle ortaya \u00e7\u0131kar.\u201d \u201cMichelangelo\u2019nun bir \u015fiirinde s\u00f6yledi\u011fi gibi; her mermer blo\u011funda bir Ven\u00fcs heykeli sakl\u0131d\u0131r. Ger\u00e7ek sanat\u00e7\u0131 bu heykeli, o kaya par\u00e7as\u0131ndan \u00e7\u0131karana derler. Atat\u00fcrk de T\u00fcrk milletinde bu ruhu, bu g\u00f6rkemli varl\u0131\u011f\u0131 sezen ve ona \u015fekil veren B\u00fcy\u00fck \u0130nsan\u2019d\u0131r.\u201d Tar\u0131k Zafer Tunaya   Prof. Dr. Tar\u0131k Zafer Tunaya kitab\u0131n ilk b\u00f6l\u00fcm\u00fcnde Atat\u00fcrk&#8217;\u00fcn hayat\u0131, liderli\u011fi, fikirleri, devrimleri ve T\u00fcrk toplumuna yapt\u0131\u011f\u0131 katk\u0131lar\u0131 ayr\u0131nt\u0131l\u0131 bir \u015fekilde ele al\u0131rken, ayn\u0131 zamanda Atat\u00fcrk\u00e7\u00fcl\u00fck fikrinin T\u00fcrk toplumu \u00fczerindeki etkilerini de inceliyor. Tunaya ikinci b\u00f6l\u00fcmde belgeler \u0131\u015f\u0131\u011f\u0131nda Cumhuriyet tarihinin d\u00f6n\u00fcm noktalar\u0131n\u0131 yorumlarken, \u00fc\u00e7\u00fcnc\u00fc b\u00f6l\u00fcmde Osmanl\u0131 \u0130mparatorlu\u011fu&#8217;ndan T\u00fcrkiye B\u00fcy\u00fck Millet Meclisi H\u00fck\u00fcmeti rejimine ge\u00e7i\u015fi t\u00fcm y\u00f6nleriyle inceliyor. Ya\u015fam\u0131 boyunca Atat\u00fcrk\u2019\u00fc ve T\u00fcrk Devrimi\u2019ni incelemi\u015f, Mill\u00ee M\u00fccadele\u2019yi ve sonras\u0131n\u0131 t\u00fcm sebep ve sonu\u00e7lar\u0131yla ele alm\u0131\u015f, de\u011ferlendirme yaparken, tarafs\u0131zl\u0131\u011f\u0131n\u0131 bilimin \u00f6n \u015fart\u0131 saym\u0131\u015f de\u011ferli bilim insan\u0131, \u00f6zellikle Me\u015frutiyet ve Cumhuriyet alan\u0131nda \u00e7al\u0131\u015fmalar\u0131yla tan\u0131nm\u0131\u015f hocalar\u0131n hocas\u0131 Tar\u0131k Zafer Tunaya\u2019n\u0131n Atat\u00fcrk ve Atat\u00fcrk\u00e7\u00fcl\u00fck kitab\u0131 Atat\u00fcrk ve Cumhuriyet tarihine merakl\u0131 herkesin okuyabilece\u011fi bir ba\u015fucu kitab\u0131\u2026 <\/p>\n","protected":false},"excerpt":{"rendered":"<p>Devrim Hareketleri \u0130\u00e7inde ATAT\u00dcRK ve ATAT\u00dcRK\u00c7\u00dcL\u00dcK \u201cAtat\u00fcrk, ge\u00e7mi\u015fle gelecek aras\u0131nda, de\u011fi\u015ftirilmesi gerekenle de\u011fi\u015fik d\u00fczen aras\u0131ndaki ge\u00e7i\u015fi ba\u015far\u0131 ile temsil edebilmi\u015ftir. Atat\u00fcrk\u2019e \u2018B\u00fcy\u00fck&#8217; s\u0131fat\u0131n\u0131 vermemiz bu tarihsel<span class=\"excerpt-hellip\"> [\u2026]<\/span><\/p>\n","protected":false},"featured_media":0,"template":"","meta":{"_monsterinsights_skip_tracking":false,"_monsterinsights_sitenote_active":false,"_monsterinsights_sitenote_note":"","_monsterinsights_sitenote_category":0},"product_brand":[],"product_cat":[12304,13650],"product_tag":[],"class_list":{"0":"post-751162","1":"product","2":"type-product","3":"status-publish","5":"product_cat-tarih","6":"product_cat-turk-tarihi-arastirmalari","7":"pa_cilt-ciltsiz","8":"pa_tur-kitap","9":"pa_yayinevi-kronik-kitap","10":"pa_yazar-tarik-zafer-tunaya","12":"first","13":"instock","14":"sale","15":"shipping-taxable","16":"purchasable","17":"product-type-simple"},"_links":{"self":[{"href":"https:\/\/roveyayinevi.com.tr\/index.php\/wp-json\/wp\/v2\/product\/751162","targetHints":{"allow":["GET"]}}],"collection":[{"href":"https:\/\/roveyayinevi.com.tr\/index.php\/wp-json\/wp\/v2\/product"}],"about":[{"href":"https:\/\/roveyayinevi.com.tr\/index.php\/wp-json\/wp\/v2\/types\/product"}],"wp:attachment":[{"href":"https:\/\/roveyayinevi.com.tr\/index.php\/wp-json\/wp\/v2\/media?parent=751162"}],"wp:term":[{"taxonomy":"product_brand","embeddable":true,"href":"https:\/\/roveyayinevi.com.tr\/index.php\/wp-json\/wp\/v2\/product_brand?post=751162"},{"taxonomy":"product_cat","embeddable":true,"href":"https:\/\/roveyayinevi.com.tr\/index.php\/wp-json\/wp\/v2\/product_cat?post=751162"},{"taxonomy":"product_tag","embeddable":true,"href":"https:\/\/roveyayinevi.com.tr\/index.php\/wp-json\/wp\/v2\/product_tag?post=751162"}],"curies":[{"name":"wp","href":"https:\/\/api.w.org\/{rel}","templated":true}]}}