{"id":751104,"date":"2025-08-28T04:39:46","date_gmt":"2025-08-28T01:39:46","guid":{"rendered":"https:\/\/roveyayinevi.com.tr\/index.php\/urun\/guc-ve-zaman\/"},"modified":"2026-04-16T03:04:07","modified_gmt":"2026-04-16T00:04:07","slug":"guc-ve-zaman","status":"publish","type":"product","link":"https:\/\/roveyayinevi.com.tr\/index.php\/urun\/guc-ve-zaman\/","title":{"rendered":"G\u00fc\u00e7 ve Zaman"},"content":{"rendered":"<p>G\u00fc\u00e7 ve Zaman: B\u00fcy\u00fck Strateji ve Cumhuriyet\u2019in \u0130kinci Y\u00fczy\u0131l\u0131, T\u00fcrkiye\u2019nin g\u00f6r\u00fcld\u00fc\u011f\u00fcnden de daha zengin imk\u00e2nlara ve parlak istikbale sahip bir \u00fclke oldu\u011funu, Cumhuriyet\u2019in ikinciy\u00fczy\u0131l\u0131na ad\u0131m att\u0131\u011f\u0131m\u0131z 2023 y\u0131l\u0131nda bulundu\u011fumuz e\u015fi\u011fin derin ve \u00e7ok katmanl\u0131 anlamlar\u0131n\u0131 vei\u00e7erdi\u011fi tarih\u00ee f\u0131rsatlar\u0131 ortaya koymaktad\u0131r. \u00c7er\u00e7evesi de\u011fi\u015fmi\u015f olsa da ayn\u0131 jeo-stratejik alanda\u00f6ne \u00e7\u0131kan Osmanl\u0131 \u0130mparatorlu\u011fu ve T\u00fcrkiye Cumhuriyeti\u2019nin d\u0131\u015f siyasetlerini dinamik birtarihsel okuma disiplini i\u00e7inde ele alarak, bug\u00fcn var\u0131lan noktan\u0131n T\u00fcrkiye i\u00e7in oldu\u011fu kadark\u00fcresel planda da hangi nedenlerle ola\u011fan\u00fcst\u00fc bir nitelik ta\u015f\u0131d\u0131\u011f\u0131n\u0131 izah etmektedir. Cumhuriyet\u2019in dayand\u0131\u011f\u0131 esaslar\u0131n do\u011frulu\u011fu son y\u00fczy\u0131lda b\u00f6lgede ve d\u00fcnyada meydana gelengeli\u015fmelerle de g\u00f6zler \u00f6n\u00fcne serilmi\u015ftir. Bu \u00e7er\u00e7evede, T\u00fcrkiye\u2019nin en g\u00fc\u00e7l\u00fc siyasi atardamar\u0131olan Osmanl\u0131-T\u00fcrk Reform gelene\u011fi ve m\u00fccadelesinin b\u00fcy\u00fck de\u011ferini t\u00fcm boyutlar\u0131yla tekrarkavramas\u0131 gerekti\u011fini vurgulayan bu \u00e7al\u0131\u015fma, T\u00fcrkiye\u2019nin kendisini bir \u201cB\u00f6lgesel G\u00fc\u00e7\u201d olarakg\u00f6rmek yerine, bundan \u00e7ok daha k\u0131ymetli ve \u00e7ok daha geni\u015f a\u00e7\u0131l\u0131mlar sunan \u201cOrta G\u00fc\u00e7\u201dkategorisinde de\u011ferlendirmeye ba\u015flamas\u0131 zaman\u0131n\u0131n geldi\u011fini, bu y\u00f6ne sapmamas\u0131 h\u00e2linde\u201cB\u00fcy\u00fck Strateji\u201d de uygulayamayaca\u011f\u0131 g\u00f6r\u00fc\u015f\u00fcn\u00fc savunmaktad\u0131r. Di\u011fer taraftan, Orta Do\u011fu\u2019yay\u00f6nelik olarak reelpoliti\u011fin d\u0131\u015f\u0131na d\u00fc\u015fen bir politikan\u0131n \u0131srarla s\u00fcrd\u00fcr\u00fclmesi, asl\u0131nda T\u00fcrkiye\u2019ninBat\u0131 ve Avrupa\u2019yla ili\u015fkilerini daha ileri g\u00f6t\u00fcrmekten ba\u015fka rasyonel bir yol bulamayaca\u011f\u0131hususlar\u0131n\u0131 g\u00f6z ard\u0131 etmekte ve bu meyanda \u201cAvrasyac\u0131\u201d olarak bilinen yakla\u015f\u0131mlar\u0131n i\u00e7erdi\u011fi\u00e7eli\u015fki ve tutars\u0131zl\u0131klar\u0131 da sergilemektedir.B\u00fcy\u00fck tarih okumas\u0131 anlay\u0131\u015f\u0131ndan hareketle, Osmanl\u0131lar\u0131n Habsburg \u0130mparatorlu\u011fu\u2019ylasava\u015flar\u0131n\u0131 1699 tarihi sonras\u0131nda da devam ettirmi\u015f olmas\u0131n\u0131n yan\u0131 s\u0131ra, 1768-1774 Rus Sava\u015f\u0131ve sonras\u0131nda vuku bulan geli\u015fmelerin iki esasl\u0131 k\u0131r\u0131lma noktas\u0131 ve T\u00fcrkiye a\u00e7\u0131s\u0131ndan ana stratejik hatalar\u0131 te\u015fkil etti\u011fini, bu nedenlerle d\u00fcnyan\u0131n de\u011fi\u015fti\u011fi ve milliyet\u00e7ili\u011fin g\u00fc\u00e7 kazand\u0131\u011f\u0131Napoleon d\u00f6nemine b\u00fcy\u00fck dezavantajlar\u0131n sahibi olarak girdi\u011fi hususunu geni\u015f bir perspektiftende\u011ferlendirmeye tabi tutmaktad\u0131r.<\/p>\n","protected":false},"excerpt":{"rendered":"<p>G\u00fc\u00e7 ve Zaman: B\u00fcy\u00fck Strateji ve Cumhuriyet\u2019in \u0130kinci Y\u00fczy\u0131l\u0131, T\u00fcrkiye\u2019nin g\u00f6r\u00fcld\u00fc\u011f\u00fcnden de daha zengin imk\u00e2nlara ve parlak istikbale sahip bir \u00fclke oldu\u011funu, Cumhuriyet\u2019in ikinciy\u00fczy\u0131l\u0131na ad\u0131m att\u0131\u011f\u0131m\u0131z<span class=\"excerpt-hellip\"> [\u2026]<\/span><\/p>\n","protected":false},"featured_media":0,"template":"","meta":{"_monsterinsights_skip_tracking":false,"_monsterinsights_sitenote_active":false,"_monsterinsights_sitenote_note":"","_monsterinsights_sitenote_category":0},"product_brand":[],"product_cat":[48062,12337],"product_tag":[],"class_list":{"0":"post-751104","1":"product","2":"type-product","3":"status-publish","5":"product_cat-dis-politika","6":"product_cat-politika-siyaset","7":"pa_cilt-ciltsiz","8":"pa_tur-kitap","9":"pa_yayinevi-otuken-nesriyat","10":"pa_yazar-altay-cengizer","12":"first","13":"instock","14":"sale","15":"shipping-taxable","16":"purchasable","17":"product-type-simple"},"_links":{"self":[{"href":"https:\/\/roveyayinevi.com.tr\/index.php\/wp-json\/wp\/v2\/product\/751104","targetHints":{"allow":["GET"]}}],"collection":[{"href":"https:\/\/roveyayinevi.com.tr\/index.php\/wp-json\/wp\/v2\/product"}],"about":[{"href":"https:\/\/roveyayinevi.com.tr\/index.php\/wp-json\/wp\/v2\/types\/product"}],"wp:attachment":[{"href":"https:\/\/roveyayinevi.com.tr\/index.php\/wp-json\/wp\/v2\/media?parent=751104"}],"wp:term":[{"taxonomy":"product_brand","embeddable":true,"href":"https:\/\/roveyayinevi.com.tr\/index.php\/wp-json\/wp\/v2\/product_brand?post=751104"},{"taxonomy":"product_cat","embeddable":true,"href":"https:\/\/roveyayinevi.com.tr\/index.php\/wp-json\/wp\/v2\/product_cat?post=751104"},{"taxonomy":"product_tag","embeddable":true,"href":"https:\/\/roveyayinevi.com.tr\/index.php\/wp-json\/wp\/v2\/product_tag?post=751104"}],"curies":[{"name":"wp","href":"https:\/\/api.w.org\/{rel}","templated":true}]}}